{"id":498,"date":"2011-10-21T15:59:03","date_gmt":"2011-10-21T17:59:03","guid":{"rendered":"http:\/\/lappis.org.br\/site\/2011\/10\/21\/quem-somos\/"},"modified":"2018-06-15T13:16:43","modified_gmt":"2018-06-15T16:16:43","slug":"sobre-o-lappis","status":"publish","type":"page","link":"https:\/\/lappis.org.br\/site\/sobre-o-lappis","title":{"rendered":"Sobre o Lappis"},"content":{"rendered":"<p><img fetchpriority=\"high\" decoding=\"async\" data-attachment-id=\"6070\" data-permalink=\"https:\/\/lappis.org.br\/site\/sobre-o-lappis\/estudos-do-cranio\" data-orig-file=\"https:\/\/lappis.org.br\/site\/wp-content\/uploads\/2018\/04\/estudos-do-cranio.jpg\" data-orig-size=\"651,962\" data-comments-opened=\"0\" data-image-meta=\"{&quot;aperture&quot;:&quot;0&quot;,&quot;credit&quot;:&quot;&quot;,&quot;camera&quot;:&quot;&quot;,&quot;caption&quot;:&quot;&quot;,&quot;created_timestamp&quot;:&quot;0&quot;,&quot;copyright&quot;:&quot;&quot;,&quot;focal_length&quot;:&quot;0&quot;,&quot;iso&quot;:&quot;0&quot;,&quot;shutter_speed&quot;:&quot;0&quot;,&quot;title&quot;:&quot;&quot;,&quot;orientation&quot;:&quot;0&quot;}\" data-image-title=\"Estudos do Cr\u00e2nio\" data-image-description=\"\" data-image-caption=\"\" data-medium-file=\"https:\/\/lappis.org.br\/site\/wp-content\/uploads\/2018\/04\/estudos-do-cranio-203x300.jpg\" data-large-file=\"https:\/\/lappis.org.br\/site\/wp-content\/uploads\/2018\/04\/estudos-do-cranio.jpg\" class=\"size-medium wp-image-6070 alignright\" src=\"http:\/\/lappis.org.br\/site\/wp-content\/uploads\/2018\/04\/estudos-do-cranio-203x300.jpg\" alt=\"\" width=\"203\" height=\"300\" srcset=\"https:\/\/lappis.org.br\/site\/wp-content\/uploads\/2018\/04\/estudos-do-cranio-203x300.jpg 203w, https:\/\/lappis.org.br\/site\/wp-content\/uploads\/2018\/04\/estudos-do-cranio-166x245.jpg 166w, https:\/\/lappis.org.br\/site\/wp-content\/uploads\/2018\/04\/estudos-do-cranio.jpg 651w\" sizes=\"(max-width: 203px) 100vw, 203px\" \/>O Laborat\u00f3rio de Pesquisas de Pr\u00e1ticas de Integralidade em Sa\u00fade (LAPPIS) \u00e9 um programa de estudos que re\u00fane um colegiado de pesquisadores que auxiliam na identifica\u00e7\u00e3o e constru\u00e7\u00e3o de pr\u00e1ticas de aten\u00e7\u00e3o integral \u00e0 sa\u00fade.<\/p>\n<p>A proposta do grupo \u00e9 repensar a\u00a0<a href=\"http:\/\/lappis.org.br\/site\/conceito-de-integralidade-em-saude\/\" target=\"_blank\" rel=\"noopener\">no\u00e7\u00e3o de Integralidade<\/a>\u00a0\u00a0a partir da an\u00e1lise, divulga\u00e7\u00e3o e apoio a experi\u00eancias inovadoras. Esse trabalho desenvolve uma pratica te\u00f3rica interdisciplinar, com integrantes oriundos de diferentes pesquisadores e profissionais das \u00e1reas das ci\u00eancias sociais e humanas, aplicadas ou n\u00e3o \u00e0 sa\u00fade e tem como ponto de partida o conhecimento que \u00e9 constru\u00eddo na pr\u00e1tica dos sujeitos nas institui\u00e7\u00f5es de sa\u00fade, educa\u00e7\u00e3o e justi\u00e7a e na sua rela\u00e7\u00e3o com a sociedade civil.<\/p>\n<p>Integralidade \u00e9 entendida aqui como um amplo conceito, uma a\u00e7\u00e3o social que resulta da intera\u00e7\u00e3o democr\u00e1tica entre os sujeitos no cotidiano de suas pr\u00e1ticas na presta\u00e7\u00e3o do cuidado da sa\u00fade, em diferentes n\u00edveis do sistema.<\/p>\n<p>O programa atua no intuito de reafirmar as fun\u00e7\u00f5es essenciais da universidade: ensino, pesquisa e extens\u00e3o. No \u00e2mbito do ensino, oferecendo disciplinas na p\u00f3s-gradua\u00e7\u00e3o stricto e lato sensu, no \u00e2mbito da pesquisa, promovendo estudos diferentes regi\u00f5es do pa\u00eds oferecendo achados e metodologias de como pesquisar sobre integralidade, a partir de linhas de atua\u00e7\u00e3o e na extens\u00e3o legitima o compromisso publico e de relev\u00e2ncia social na oferta de devolutivas publicas parciais e finais para a sociedade\/pesquisado que se relaciona. A s\u00edntese dessas fun\u00e7\u00f5es na pr\u00e1tica foi a formula\u00e7\u00e3o do conceito de <a href=\"http:\/\/lappis.org.br\/site\/comunicacao\/publica-do-conhecimento\" target=\"_blank\" rel=\"noopener\">comunica\u00e7\u00e3o p\u00fablica do conhecimento<\/a> produzido e em produ\u00e7\u00e3o, por meio de devolutivas parciais e da participa\u00e7\u00e3o em eventos acad\u00eamicos, cient\u00edficos e interinstitucionais nas \u00e1reas da sa\u00fade, educa\u00e7\u00e3o e justi\u00e7a. Desta forma, configuramos as principais caracter\u00edsticas do LAPPIS: a op\u00e7\u00e3o por um trabalho integrado de retroalimenta\u00e7\u00e3o entre ensino, pesquisa e extens\u00e3o.<\/p>\n<p>O programa investiga e avalia experi\u00eancias inovadoras de aten\u00e7\u00e3o integral em munic\u00edpios de diferentes regi\u00f5es do Brasil. S\u00e3o pesquisas de natureza te\u00f3rica-emp\u00edricas, comparativas ou n\u00e3o, que tragam como seu principal foco anal\u00edtico a \u201cexperi\u00eancia humana\u201d a partir de tr\u00eas eixos principais. Primeiro, o grupo busca compreender como os sujeitos envolvidos na rela\u00e7\u00e3o demanda e oferta nos servi\u00e7os de sa\u00fade entendem o termo Integralidade. Outro ponto a ser observado refere-se \u00e0 identifica\u00e7\u00e3o dos efeitos e\/ou repercuss\u00f5es desse entendimento nas pr\u00e1ticas do cuidado da sa\u00fade e dos resultados desse processo para os usu\u00e1rios dos servi\u00e7os. Por fim, essas pr\u00e1ticas s\u00e3o comparadas com as pol\u00edticas de aten\u00e7\u00e3o integral do Estado.<\/p>\n<p>O\u00a0LAPPIS\u00a0representa o crescimento e a institucionaliza\u00e7\u00e3o do projeto \u2018Integralidade: Saberes e Pr\u00e1ticas no Cotidiano das Institui\u00e7\u00f5es de Sa\u00fade\u2019, criado em 2000, sendo certificado como grupo de pesquisa no diret\u00f3rio do CNPq em 2004. Como desdobramento virtuoso o grupo de pesquisa Racionalidades M\u00e9dicas, do CNPq, conta desde sua concep\u00e7\u00e3o com o apoio da Associa\u00e7\u00e3o Brasileira de Sa\u00fade Coletiva (ABRASCO), como parceiro e distribuidor exclusivo de suas publica\u00e7\u00f5es impressas. Em 2013, institucionaliza a\u00a0Rede Multic\u00eantrica de Pesquisa Incubadora da Integralidade,\u00a0que congrega todos os integrantes, que se organizam nichos conhecimento e pr\u00e1ticas denominados Incubadoras de Integralidade. Atualmente se mantem tr\u00eas incubadoras em funcionamento que s\u00e3o: Incubadora da Integralidade do Hospital Sofia Feldeman (HSF-MG), Grupo de Pesquisa do CNPq Incubadora da Integralidade em Sa\u00fade da Amaz\u00f4nia Legal, situado na Faculdade de Medicina da Universidade Federal do Acre e\u00a0(UFAC) e o Departamento do Instituto Investigaciones Gino Germani (IIGG), Facultad de Ciencias Sociales, UBA. Trabalha em parceria e participando dos projetos de pesquisa do LAPPIS pesquisadores e l\u00edderes de grupos de pesquisa respectivamente: Instituto da Sa\u00fade da Comunidade da Universidade Federal Fluminense (UFF); o Instituto de Informa\u00e7\u00e3o Cient\u00edfica e Tecnol\u00f3gica (ICICT\/Fiocruz), N\u00facleo de Cidadania e Processos de Mudan\u00e7a (NUCEM), Grupo de Estudos em Sa\u00fade Coletiva da Universidade Federal do Rio Grande do Sul (GESC-UFRGS), Programa Integrado de Pesquisa e Coopera\u00e7\u00e3o, T\u00e9cnica em Comunidade, Fam\u00edlia e Sa\u00fade: Contextos, Trajet\u00f3rias e Pol\u00edticas P\u00fablicas \u2013 FASA, do Instituto de Sa\u00fade Coletiva da Universidade Federal da Bahia (FASA-UFBA), Grupo de Estudos de Sa\u00fade Coletiva da UFMG, Instituto de Sa\u00fade Coletiva da Universidade de Bras\u00edlia (ISC-UNB), Programa de P\u00f3s-Gradua\u00e7\u00e3o de Psicologia Institucional e o Laborat\u00f3rio de Estudos sobre Cibercultura e Imagem (LABIC) da Universidade Federal do Espirito Sant da UFES; N\u00facleo de Desenvolvimento Sa\u00fade e o Instituto de Sa\u00fade Coletiva da UFMT (NDS-IC-UFMT), \u00a0o Departamento de Ci\u00eancias Sociais\/Instituto Gino Germani da Universidad de Buenos Aires (Argentina); Centro de Investigaciones Sociojur\u00eddicas Facultad de Derecho, Ciencias Pol\u00edticas y Relaciones Internacionales de la Universidad los Libertadores \u2013 Bogot\u00e1 \u2013 Col\u00f4mbia, a Latin America Studies Association; o Centro Latino Americano de Informa\u00e7\u00e3o de Ci\u00eancias em Sa\u00fade; e a Organiza\u00e7\u00e3o BIREME\/OPAS. O LAPPIS conta ainda com o apoio do Minist\u00e9rio da Sa\u00fade (MS), Conselho de Secret\u00e1rios Municipais de Sa\u00fade do Rio de Janeiro (COSEMS\/RJ), Conselho Nacional de Desenvolvimento Cient\u00edfico e Tecnol\u00f3gico (CNPq), Sub-Reitorias: de P\u00f3s-gradua\u00e7\u00e3o e Pesquisa e de Extens\u00e3o e Cultura da UERJ, da Funda\u00e7\u00e3o Carlos Chagas Filho de Amparo a Pesquisa do Estado do Rio de Janeiro (FAPERJ).<\/p>\n<p>Trata-se de um programa de trabalho movimento que pressup\u00f5e que a Integralidade \u00e9 uma a\u00e7\u00e3o social, um princ\u00edpio que tem a Reforma Sanit\u00e1ria Brasileira como contexto pol\u00edtico, social e hist\u00f3rico. Isso significa acreditar que a constru\u00e7\u00e3o da Integralidade requer, necessariamente, intera\u00e7\u00f5es democr\u00e1ticas entre os sujeitos envolvidos nas pr\u00e1ticas do cuidado da sa\u00fade, e que essas transforma\u00e7\u00f5es no cotidiano dos servi\u00e7os podem garantir a sa\u00fade como direito de cidadania.<\/p>\n","protected":false},"excerpt":{"rendered":"<div class=\"mh-excerpt\"><p>O Laborat\u00f3rio de Pesquisas de Pr\u00e1ticas de Integralidade em Sa\u00fade (LAPPIS) \u00e9 um programa de estudos que re\u00fane um colegiado de pesquisadores que auxiliam na identifica\u00e7\u00e3o e constru\u00e7\u00e3o de pr\u00e1ticas de aten\u00e7\u00e3o integral \u00e0 sa\u00fade. <a class=\"mh-excerpt-more\" href=\"https:\/\/lappis.org.br\/site\/sobre-o-lappis\" title=\"Sobre o Lappis\">[&#8230;]<\/a><\/p>\n<\/div>","protected":false},"author":1,"featured_media":497,"parent":0,"menu_order":2,"comment_status":"closed","ping_status":"closed","template":"","meta":{"_acf_changed":false,"_exactmetrics_skip_tracking":false,"_exactmetrics_sitenote_active":false,"_exactmetrics_sitenote_note":"","_exactmetrics_sitenote_category":0,"jetpack_post_was_ever_published":false,"footnotes":""},"class_list":["post-498","page","type-page","status-publish","has-post-thumbnail"],"acf":[],"yoast_head":"<!-- This site is optimized with the Yoast SEO plugin v25.2 - https:\/\/yoast.com\/wordpress\/plugins\/seo\/ -->\n<title>Sobre o Lappis - Lappis 25 anos<\/title>\n<meta name=\"robots\" content=\"index, follow, max-snippet:-1, max-image-preview:large, max-video-preview:-1\" \/>\n<link rel=\"canonical\" href=\"https:\/\/lappis.org.br\/site\/sobre-o-lappis\" \/>\n<meta property=\"og:locale\" content=\"pt_BR\" \/>\n<meta property=\"og:type\" content=\"article\" \/>\n<meta property=\"og:title\" content=\"Sobre o Lappis - Lappis 25 anos\" \/>\n<meta property=\"og:description\" content=\"O Laborat\u00f3rio de Pesquisas de Pr\u00e1ticas de Integralidade em Sa\u00fade (LAPPIS) \u00e9 um programa de estudos que re\u00fane um colegiado de pesquisadores que auxiliam na identifica\u00e7\u00e3o e constru\u00e7\u00e3o de pr\u00e1ticas de aten\u00e7\u00e3o integral \u00e0 sa\u00fade. [...]\" \/>\n<meta property=\"og:url\" content=\"https:\/\/lappis.org.br\/site\/sobre-o-lappis\" \/>\n<meta property=\"og:site_name\" content=\"Lappis 25 anos\" \/>\n<meta property=\"article:modified_time\" content=\"2018-06-15T16:16:43+00:00\" \/>\n<meta property=\"og:image\" content=\"https:\/\/lappis.org.br\/site\/wp-content\/uploads\/2011\/10\/quemsomos.jpg\" \/>\n\t<meta property=\"og:image:width\" content=\"123\" \/>\n\t<meta property=\"og:image:height\" content=\"149\" \/>\n\t<meta property=\"og:image:type\" content=\"image\/jpeg\" \/>\n<meta name=\"twitter:card\" content=\"summary_large_image\" \/>\n<meta name=\"twitter:label1\" content=\"Est. tempo de leitura\" \/>\n\t<meta name=\"twitter:data1\" content=\"5 minutos\" \/>\n<script type=\"application\/ld+json\" class=\"yoast-schema-graph\">{\"@context\":\"https:\/\/schema.org\",\"@graph\":[{\"@type\":\"WebPage\",\"@id\":\"https:\/\/lappis.org.br\/site\/sobre-o-lappis\",\"url\":\"https:\/\/lappis.org.br\/site\/sobre-o-lappis\",\"name\":\"Sobre o Lappis - Lappis 25 anos\",\"isPartOf\":{\"@id\":\"https:\/\/lappis.org.br\/site\/#website\"},\"primaryImageOfPage\":{\"@id\":\"https:\/\/lappis.org.br\/site\/sobre-o-lappis#primaryimage\"},\"image\":{\"@id\":\"https:\/\/lappis.org.br\/site\/sobre-o-lappis#primaryimage\"},\"thumbnailUrl\":\"https:\/\/lappis.org.br\/site\/wp-content\/uploads\/2011\/10\/quemsomos.jpg\",\"datePublished\":\"2011-10-21T17:59:03+00:00\",\"dateModified\":\"2018-06-15T16:16:43+00:00\",\"breadcrumb\":{\"@id\":\"https:\/\/lappis.org.br\/site\/sobre-o-lappis#breadcrumb\"},\"inLanguage\":\"pt-BR\",\"potentialAction\":[{\"@type\":\"ReadAction\",\"target\":[\"https:\/\/lappis.org.br\/site\/sobre-o-lappis\"]}]},{\"@type\":\"ImageObject\",\"inLanguage\":\"pt-BR\",\"@id\":\"https:\/\/lappis.org.br\/site\/sobre-o-lappis#primaryimage\",\"url\":\"https:\/\/lappis.org.br\/site\/wp-content\/uploads\/2011\/10\/quemsomos.jpg\",\"contentUrl\":\"https:\/\/lappis.org.br\/site\/wp-content\/uploads\/2011\/10\/quemsomos.jpg\",\"width\":123,\"height\":149,\"caption\":\"quemsomos\"},{\"@type\":\"BreadcrumbList\",\"@id\":\"https:\/\/lappis.org.br\/site\/sobre-o-lappis#breadcrumb\",\"itemListElement\":[{\"@type\":\"ListItem\",\"position\":1,\"name\":\"In\u00edcio\",\"item\":\"https:\/\/lappis.org.br\/site\/\"},{\"@type\":\"ListItem\",\"position\":2,\"name\":\"Sobre o Lappis\"}]},{\"@type\":\"WebSite\",\"@id\":\"https:\/\/lappis.org.br\/site\/#website\",\"url\":\"https:\/\/lappis.org.br\/site\/\",\"name\":\"Lappis 25 anos\",\"description\":\"Labotat\u00f3rio de Pesquisas sobre Pr\u00e1ticas de Integralidade em Sa\u00fade\",\"publisher\":{\"@id\":\"https:\/\/lappis.org.br\/site\/#organization\"},\"potentialAction\":[{\"@type\":\"SearchAction\",\"target\":{\"@type\":\"EntryPoint\",\"urlTemplate\":\"https:\/\/lappis.org.br\/site\/?s={search_term_string}\"},\"query-input\":{\"@type\":\"PropertyValueSpecification\",\"valueRequired\":true,\"valueName\":\"search_term_string\"}}],\"inLanguage\":\"pt-BR\"},{\"@type\":\"Organization\",\"@id\":\"https:\/\/lappis.org.br\/site\/#organization\",\"name\":\"Lappis 25 anos\",\"url\":\"https:\/\/lappis.org.br\/site\/\",\"logo\":{\"@type\":\"ImageObject\",\"inLanguage\":\"pt-BR\",\"@id\":\"https:\/\/lappis.org.br\/site\/#\/schema\/logo\/image\/\",\"url\":\"https:\/\/lappis.org.br\/site\/wp-content\/uploads\/2025\/03\/logo-lappis25anos.png\",\"contentUrl\":\"https:\/\/lappis.org.br\/site\/wp-content\/uploads\/2025\/03\/logo-lappis25anos.png\",\"width\":388,\"height\":146,\"caption\":\"Lappis 25 anos\"},\"image\":{\"@id\":\"https:\/\/lappis.org.br\/site\/#\/schema\/logo\/image\/\"}}]}<\/script>\n<!-- \/ Yoast SEO plugin. -->","yoast_head_json":{"title":"Sobre o Lappis - Lappis 25 anos","robots":{"index":"index","follow":"follow","max-snippet":"max-snippet:-1","max-image-preview":"max-image-preview:large","max-video-preview":"max-video-preview:-1"},"canonical":"https:\/\/lappis.org.br\/site\/sobre-o-lappis","og_locale":"pt_BR","og_type":"article","og_title":"Sobre o Lappis - Lappis 25 anos","og_description":"O Laborat\u00f3rio de Pesquisas de Pr\u00e1ticas de Integralidade em Sa\u00fade (LAPPIS) \u00e9 um programa de estudos que re\u00fane um colegiado de pesquisadores que auxiliam na identifica\u00e7\u00e3o e constru\u00e7\u00e3o de pr\u00e1ticas de aten\u00e7\u00e3o integral \u00e0 sa\u00fade. [...]","og_url":"https:\/\/lappis.org.br\/site\/sobre-o-lappis","og_site_name":"Lappis 25 anos","article_modified_time":"2018-06-15T16:16:43+00:00","og_image":[{"width":123,"height":149,"url":"https:\/\/lappis.org.br\/site\/wp-content\/uploads\/2011\/10\/quemsomos.jpg","type":"image\/jpeg"}],"twitter_card":"summary_large_image","twitter_misc":{"Est. tempo de leitura":"5 minutos"},"schema":{"@context":"https:\/\/schema.org","@graph":[{"@type":"WebPage","@id":"https:\/\/lappis.org.br\/site\/sobre-o-lappis","url":"https:\/\/lappis.org.br\/site\/sobre-o-lappis","name":"Sobre o Lappis - Lappis 25 anos","isPartOf":{"@id":"https:\/\/lappis.org.br\/site\/#website"},"primaryImageOfPage":{"@id":"https:\/\/lappis.org.br\/site\/sobre-o-lappis#primaryimage"},"image":{"@id":"https:\/\/lappis.org.br\/site\/sobre-o-lappis#primaryimage"},"thumbnailUrl":"https:\/\/lappis.org.br\/site\/wp-content\/uploads\/2011\/10\/quemsomos.jpg","datePublished":"2011-10-21T17:59:03+00:00","dateModified":"2018-06-15T16:16:43+00:00","breadcrumb":{"@id":"https:\/\/lappis.org.br\/site\/sobre-o-lappis#breadcrumb"},"inLanguage":"pt-BR","potentialAction":[{"@type":"ReadAction","target":["https:\/\/lappis.org.br\/site\/sobre-o-lappis"]}]},{"@type":"ImageObject","inLanguage":"pt-BR","@id":"https:\/\/lappis.org.br\/site\/sobre-o-lappis#primaryimage","url":"https:\/\/lappis.org.br\/site\/wp-content\/uploads\/2011\/10\/quemsomos.jpg","contentUrl":"https:\/\/lappis.org.br\/site\/wp-content\/uploads\/2011\/10\/quemsomos.jpg","width":123,"height":149,"caption":"quemsomos"},{"@type":"BreadcrumbList","@id":"https:\/\/lappis.org.br\/site\/sobre-o-lappis#breadcrumb","itemListElement":[{"@type":"ListItem","position":1,"name":"In\u00edcio","item":"https:\/\/lappis.org.br\/site\/"},{"@type":"ListItem","position":2,"name":"Sobre o Lappis"}]},{"@type":"WebSite","@id":"https:\/\/lappis.org.br\/site\/#website","url":"https:\/\/lappis.org.br\/site\/","name":"Lappis 25 anos","description":"Labotat\u00f3rio de Pesquisas sobre Pr\u00e1ticas de Integralidade em Sa\u00fade","publisher":{"@id":"https:\/\/lappis.org.br\/site\/#organization"},"potentialAction":[{"@type":"SearchAction","target":{"@type":"EntryPoint","urlTemplate":"https:\/\/lappis.org.br\/site\/?s={search_term_string}"},"query-input":{"@type":"PropertyValueSpecification","valueRequired":true,"valueName":"search_term_string"}}],"inLanguage":"pt-BR"},{"@type":"Organization","@id":"https:\/\/lappis.org.br\/site\/#organization","name":"Lappis 25 anos","url":"https:\/\/lappis.org.br\/site\/","logo":{"@type":"ImageObject","inLanguage":"pt-BR","@id":"https:\/\/lappis.org.br\/site\/#\/schema\/logo\/image\/","url":"https:\/\/lappis.org.br\/site\/wp-content\/uploads\/2025\/03\/logo-lappis25anos.png","contentUrl":"https:\/\/lappis.org.br\/site\/wp-content\/uploads\/2025\/03\/logo-lappis25anos.png","width":388,"height":146,"caption":"Lappis 25 anos"},"image":{"@id":"https:\/\/lappis.org.br\/site\/#\/schema\/logo\/image\/"}}]}},"jetpack_shortlink":"https:\/\/wp.me\/P954Nh-82","jetpack_sharing_enabled":true,"_links":{"self":[{"href":"https:\/\/lappis.org.br\/site\/wp-json\/wp\/v2\/pages\/498"}],"collection":[{"href":"https:\/\/lappis.org.br\/site\/wp-json\/wp\/v2\/pages"}],"about":[{"href":"https:\/\/lappis.org.br\/site\/wp-json\/wp\/v2\/types\/page"}],"author":[{"embeddable":true,"href":"https:\/\/lappis.org.br\/site\/wp-json\/wp\/v2\/users\/1"}],"replies":[{"embeddable":true,"href":"https:\/\/lappis.org.br\/site\/wp-json\/wp\/v2\/comments?post=498"}],"version-history":[{"count":14,"href":"https:\/\/lappis.org.br\/site\/wp-json\/wp\/v2\/pages\/498\/revisions"}],"predecessor-version":[{"id":7117,"href":"https:\/\/lappis.org.br\/site\/wp-json\/wp\/v2\/pages\/498\/revisions\/7117"}],"wp:featuredmedia":[{"embeddable":true,"href":"https:\/\/lappis.org.br\/site\/wp-json\/wp\/v2\/media\/497"}],"wp:attachment":[{"href":"https:\/\/lappis.org.br\/site\/wp-json\/wp\/v2\/media?parent=498"}],"curies":[{"name":"wp","href":"https:\/\/api.w.org\/{rel}","templated":true}]}}