{"id":4034,"date":"2017-10-16T10:58:41","date_gmt":"2017-10-16T12:58:41","guid":{"rendered":"http:\/\/lappis.org.br\/site\/?page_id=4034"},"modified":"2026-02-02T19:42:45","modified_gmt":"2026-02-02T22:42:45","slug":"integrantes","status":"publish","type":"page","link":"https:\/\/lappis.org.br\/site\/integrantes","title":{"rendered":"Integrantes"},"content":{"rendered":"\n<p>Listamos aqui os integrantes da Rede Multic\u00eantrica de Pesquisa Incubadora da Integralidade em Sa\u00fade, como resultado de um empreendimento humano e coletivo de incluir participantes das atividades de pesquisa-ensino-extens\u00e3o das institui\u00e7\u00f5es parceiras e genu\u00ednas de composi\u00e7\u00e3o do Grupo de Pesquisa do CNPq LAPPIS e das IES (Institui\u00e7\u00f5es de Ensino Superior) envolvidas. Trata-se de uma estrat\u00e9gia de visibilidade de atores-autores dessa rede, contribuindo para reafirma\u00e7\u00e3o das fun\u00e7\u00f5es ess\u00eanciais da universidade, ao mesmo tempo que afirma sua dinamicidade.<\/p>\n\n\n\n<div class=\"wp-block-columns is-layout-flex wp-container-core-columns-is-layout-1 wp-block-columns-is-layout-flex\">\n<div class=\"wp-block-column is-layout-flow wp-block-column-is-layout-flow\" style=\"flex-basis:170px\">\n<figure class=\"wp-block-image size-full\"><img decoding=\"async\" width=\"148\" height=\"192\" data-attachment-id=\"4808\" data-permalink=\"https:\/\/lappis.org.br\/site\/integrantes\/aluisio-gomes-da-silva-junior\" data-orig-file=\"https:\/\/lappis.org.br\/site\/wp-content\/uploads\/2017\/12\/ALU\u00cdSIO-GOMES-DA-SILVA-JUNIOR.jpg\" data-orig-size=\"148,192\" data-comments-opened=\"0\" data-image-meta=\"{&quot;aperture&quot;:&quot;2.4&quot;,&quot;credit&quot;:&quot;&quot;,&quot;camera&quot;:&quot;iPhone 5c&quot;,&quot;caption&quot;:&quot;&quot;,&quot;created_timestamp&quot;:&quot;1453217078&quot;,&quot;copyright&quot;:&quot;&quot;,&quot;focal_length&quot;:&quot;4.12&quot;,&quot;iso&quot;:&quot;80&quot;,&quot;shutter_speed&quot;:&quot;0.05&quot;,&quot;title&quot;:&quot;&quot;,&quot;orientation&quot;:&quot;1&quot;}\" data-image-title=\"ALU\u00cdSIO GOMES DA SILVA JUNIOR\" data-image-description=\"\" data-image-caption=\"\" data-medium-file=\"https:\/\/lappis.org.br\/site\/wp-content\/uploads\/2017\/12\/ALU\u00cdSIO-GOMES-DA-SILVA-JUNIOR.jpg\" data-large-file=\"https:\/\/lappis.org.br\/site\/wp-content\/uploads\/2017\/12\/ALU\u00cdSIO-GOMES-DA-SILVA-JUNIOR.jpg\" src=\"https:\/\/lappis.org.br\/site\/wp-content\/uploads\/2017\/12\/ALU\u00cdSIO-GOMES-DA-SILVA-JUNIOR.jpg\" alt=\"\" class=\"wp-image-4808\"\/><\/figure>\n<\/div>\n\n\n\n<div class=\"wp-block-column is-layout-flow wp-block-column-is-layout-flow\" style=\"flex-basis:66.66%\">\n<h3 class=\"wp-block-heading\">Alu\u00edsio Gomes da Silva Junior<\/h3>\n\n\n\n<p><strong>Vice-L\u00edder do Grupo de Pesquisa do CNPq Lappis<\/strong><\/p>\n\n\n\n<p>Doutorado em Sa\u00fade P\u00fablica pela ENSP-FIOCRUZ (1996) Graduado em Medicina pela Universidade Federal Fluminense (1981. Professor Titular do Departamento de Planejamento em Sa\u00fade do Instituto de Sa\u00fade Coletiva da UFF, sendo docente da Universidade Federal Fluminense-UFF. desde 1983 Atualmente \u00e9, L\u00edder do Grupo de Estudos de Gest\u00e3o e Ensino em Sa\u00fade- GEGES &#8211; ISC-PROPPi-UFF(GP CNPq) , Pesquisador associado do Laborat\u00f3rio de Pesquisas Sobre Pr\u00e1ticas de Integralidade em Sa\u00fade- LAPPIS-IMS-UERJ (GP CNPq) e Pesquisador Associado do Observat\u00f3rio de Recursos Humanos em Sa\u00fade-UFMG (GP-CNPq). Atua na gradua\u00e7\u00e3o de Medicina e nas P\u00f3s-gradua\u00e7\u00f5es em Sa\u00fade Coletiva (Mestrado-ISC-UFF); Bio\u00e9tica, \u00c9tica aplicada e Sa\u00fade Coletiva (Mestrado e Doutorado-UFRJ-UFF-FIOCRUZ-UERJ); Justi\u00e7a Administrativa (Mestrado Profissional- UFF). \u00c9 membro do comit\u00ea gestor da Rede de Pesquisas em Aten\u00e7\u00e3o Prim\u00e1ria \u00e0 Sa\u00fade -ABRASCO e Editor Associado do peri\u00f3dico APS em Revista; Tem experi\u00eancia na \u00e1rea de Sa\u00fade Coletiva e Gest\u00e3o em Sa\u00fade, atuando principalmente nos seguintes temas: Modelos tecnoassistenciais em sa\u00fade, Avalia\u00e7\u00e3o de servi\u00e7os de sa\u00fade sob a \u00f3tica da Integralidade, Educa\u00e7\u00e3o de profissionais de sa\u00fade, Integralidade em sa\u00fade e Sa\u00fade suplementar.<\/p>\n\n\n\n<p><strong><a href=\"http:\/\/buscatextual.cnpq.br\/buscatextual\/visualizacv.do?id=K4782155Y4\" target=\"_blank\" rel=\"noreferrer noopener\">Curr\u00edculo Lattes<\/a><\/strong><\/p>\n<\/div>\n<\/div>\n\n\n\n<div style=\"height:20px\" aria-hidden=\"true\" class=\"wp-block-spacer\"><\/div>\n\n\n\n<div class=\"wp-block-columns is-layout-flex wp-container-core-columns-is-layout-2 wp-block-columns-is-layout-flex\">\n<div class=\"wp-block-column is-layout-flow wp-block-column-is-layout-flow\" style=\"flex-basis:170px\">\n<figure class=\"wp-block-image size-full is-resized\"><img fetchpriority=\"high\" decoding=\"async\" width=\"300\" height=\"389\" data-attachment-id=\"8930\" data-permalink=\"https:\/\/lappis.org.br\/site\/integrantes\/ana-beatriz-dias\" data-orig-file=\"https:\/\/lappis.org.br\/site\/wp-content\/uploads\/2024\/09\/ana-beatriz-dias.png\" data-orig-size=\"300,389\" data-comments-opened=\"0\" data-image-meta=\"{&quot;aperture&quot;:&quot;0&quot;,&quot;credit&quot;:&quot;&quot;,&quot;camera&quot;:&quot;&quot;,&quot;caption&quot;:&quot;&quot;,&quot;created_timestamp&quot;:&quot;0&quot;,&quot;copyright&quot;:&quot;&quot;,&quot;focal_length&quot;:&quot;0&quot;,&quot;iso&quot;:&quot;0&quot;,&quot;shutter_speed&quot;:&quot;0&quot;,&quot;title&quot;:&quot;&quot;,&quot;orientation&quot;:&quot;0&quot;}\" data-image-title=\"ana-beatriz-dias\" data-image-description=\"\" data-image-caption=\"\" data-medium-file=\"https:\/\/lappis.org.br\/site\/wp-content\/uploads\/2024\/09\/ana-beatriz-dias-231x300.png\" data-large-file=\"https:\/\/lappis.org.br\/site\/wp-content\/uploads\/2024\/09\/ana-beatriz-dias.png\" src=\"https:\/\/lappis.org.br\/site\/wp-content\/uploads\/2024\/09\/ana-beatriz-dias.png\" alt=\"\" class=\"wp-image-8930\" style=\"width:150px\" srcset=\"https:\/\/lappis.org.br\/site\/wp-content\/uploads\/2024\/09\/ana-beatriz-dias.png 300w, https:\/\/lappis.org.br\/site\/wp-content\/uploads\/2024\/09\/ana-beatriz-dias-231x300.png 231w, https:\/\/lappis.org.br\/site\/wp-content\/uploads\/2024\/09\/ana-beatriz-dias-189x245.png 189w\" sizes=\"(max-width: 300px) 100vw, 300px\" \/><\/figure>\n<\/div>\n\n\n\n<div class=\"wp-block-column is-layout-flow wp-block-column-is-layout-flow\" style=\"flex-basis:66.66%\">\n<h3 class=\"wp-block-heading\">Ana Beatriz Dias Pacheco<\/h3>\n\n\n\n<p>Aluna do curso de gradua\u00e7\u00e3o no Instituto de Psicologia da UERJ (IP\/UERJ). Atua\u00e7\u00e3o como bolsista de IC no Laborat\u00f3rio de pesquisa sobre pr\u00e1ticas de integralidade em sa\u00fade.&nbsp;<\/p>\n\n\n\n<h4 class=\"wp-block-heading\"><a href=\"https:\/\/lattes.cnpq.br\/1615651584264901\" target=\"_blank\" rel=\"noreferrer noopener\">Curriculo Lattes<\/a><\/h4>\n<\/div>\n<\/div>\n\n\n\n<div style=\"height:20px\" aria-hidden=\"true\" class=\"wp-block-spacer\"><\/div>\n\n\n\n<div class=\"wp-block-columns is-layout-flex wp-container-core-columns-is-layout-3 wp-block-columns-is-layout-flex\">\n<div class=\"wp-block-column is-layout-flow wp-block-column-is-layout-flow\" style=\"flex-basis:170px\">\n<figure class=\"wp-block-image size-full\"><img decoding=\"async\" width=\"148\" height=\"192\" data-attachment-id=\"4806\" data-permalink=\"https:\/\/lappis.org.br\/site\/integrantes\/ana-silvia-gesteira-2\" data-orig-file=\"https:\/\/lappis.org.br\/site\/wp-content\/uploads\/2017\/12\/ANA-S\u00cdLVIA-GESTEIRA-2.jpg\" data-orig-size=\"148,192\" data-comments-opened=\"0\" data-image-meta=\"{&quot;aperture&quot;:&quot;0&quot;,&quot;credit&quot;:&quot;&quot;,&quot;camera&quot;:&quot;&quot;,&quot;caption&quot;:&quot;&quot;,&quot;created_timestamp&quot;:&quot;0&quot;,&quot;copyright&quot;:&quot;&quot;,&quot;focal_length&quot;:&quot;0&quot;,&quot;iso&quot;:&quot;0&quot;,&quot;shutter_speed&quot;:&quot;0&quot;,&quot;title&quot;:&quot;&quot;,&quot;orientation&quot;:&quot;1&quot;}\" data-image-title=\"ANA S\u00cdLVIA GESTEIRA 2\" data-image-description=\"\" data-image-caption=\"\" data-medium-file=\"https:\/\/lappis.org.br\/site\/wp-content\/uploads\/2017\/12\/ANA-S\u00cdLVIA-GESTEIRA-2.jpg\" data-large-file=\"https:\/\/lappis.org.br\/site\/wp-content\/uploads\/2017\/12\/ANA-S\u00cdLVIA-GESTEIRA-2.jpg\" src=\"https:\/\/lappis.org.br\/site\/wp-content\/uploads\/2017\/12\/ANA-S\u00cdLVIA-GESTEIRA-2.jpg\" alt=\"\" class=\"wp-image-4806\"\/><\/figure>\n<\/div>\n\n\n\n<div class=\"wp-block-column is-layout-flow wp-block-column-is-layout-flow\" style=\"flex-basis:66.66%\">\n<h3 class=\"wp-block-heading\">Ana S\u00edlvia Gesteira<\/h3>\n\n\n\n<p>P\u00f3s-graduada em Letras (Especializa\u00e7\u00e3o em L\u00edngua Francesa) pelo setor de publica\u00e7\u00f5es do Instituto de Medicina Social da Universidade do Estado do Rio de Janeiro. Editora Assistente da CEPESC EDITORA e tem experi\u00eancia em tradu\u00e7\u00e3o\/vers\u00e3o e revis\u00e3o de textos nos idiomas ingl\u00eas, franc\u00eas e portugu\u00eas.<\/p>\n\n\n\n<p><strong><a href=\"http:\/\/lattes.cnpq.br\/6756905315668263\" target=\"_blank\" rel=\"noopener\">Curr\u00edculo Lattes<\/a><\/strong><\/p>\n<\/div>\n<\/div>\n\n\n\n<div style=\"height:20px\" aria-hidden=\"true\" class=\"wp-block-spacer\"><\/div>\n\n\n\n<div class=\"wp-block-columns is-layout-flex wp-container-core-columns-is-layout-4 wp-block-columns-is-layout-flex\">\n<div class=\"wp-block-column is-layout-flow wp-block-column-is-layout-flow\" style=\"flex-basis:170px\">\n<figure class=\"wp-block-image size-full is-resized\"><img loading=\"lazy\" decoding=\"async\" width=\"148\" height=\"192\" data-attachment-id=\"4809\" data-permalink=\"https:\/\/lappis.org.br\/site\/integrantes\/barbara-bulhoes\" data-orig-file=\"https:\/\/lappis.org.br\/site\/wp-content\/uploads\/2017\/12\/B\u00c1RBARA-BULH\u00d5ES.png\" data-orig-size=\"148,192\" data-comments-opened=\"0\" data-image-meta=\"{&quot;aperture&quot;:&quot;0&quot;,&quot;credit&quot;:&quot;&quot;,&quot;camera&quot;:&quot;&quot;,&quot;caption&quot;:&quot;&quot;,&quot;created_timestamp&quot;:&quot;0&quot;,&quot;copyright&quot;:&quot;&quot;,&quot;focal_length&quot;:&quot;0&quot;,&quot;iso&quot;:&quot;0&quot;,&quot;shutter_speed&quot;:&quot;0&quot;,&quot;title&quot;:&quot;&quot;,&quot;orientation&quot;:&quot;0&quot;}\" data-image-title=\"B\u00c1RBARA BULH\u00d5ES\" data-image-description=\"\" data-image-caption=\"\" data-medium-file=\"https:\/\/lappis.org.br\/site\/wp-content\/uploads\/2017\/12\/B\u00c1RBARA-BULH\u00d5ES.png\" data-large-file=\"https:\/\/lappis.org.br\/site\/wp-content\/uploads\/2017\/12\/B\u00c1RBARA-BULH\u00d5ES.png\" src=\"https:\/\/lappis.org.br\/site\/wp-content\/uploads\/2017\/12\/B\u00c1RBARA-BULH\u00d5ES.png\" alt=\"\" class=\"wp-image-4809\" style=\"width:150px;height:auto\"\/><\/figure>\n<\/div>\n\n\n\n<div class=\"wp-block-column is-layout-flow wp-block-column-is-layout-flow\" style=\"flex-basis:66.66%\">\n<h3 class=\"wp-block-heading\">B\u00e1rbara Bulh\u00f5es<\/h3>\n\n\n\n<p>Doutora em Sa\u00fade Coletiva (IMS\/UERJ), Mestre em Sa\u00fade Coletiva e Sanitarista. (UFF). &nbsp;Pesquisadora do ResiliSUS &#8211; Grupo de Estudos em Tecnologias de Gest\u00e3o, Sociais e da Informa\u00e7\u00e3o para a Resili\u00eancia em Sa\u00fade P\u00fablica. Desenvolve atividades de ensino, pesquisa e extens\u00e3o na \u00e1rea de Sa\u00fade Coletiva, com \u00eanfase em Pol\u00edtica, Planejamento e Administra\u00e7\u00e3o em Sa\u00fade. Atuando nas tem\u00e1ticas sobre pr\u00e1ticas e saberes em sa\u00fade; Integralidade em Sa\u00fade; Direito \u00e0 sa\u00fade; Direitos humanos; Ativismo Pol\u00edtico, Aten\u00e7\u00e3o Integral a Sa\u00fade das Mulheres, Mulheres e Autonomia; G\u00eanero e sa\u00fade; Cuidado em sa\u00fade; Tecnologias sociais; Redes de Cuidados Comunit\u00e1rios; Coordena\u00e7\u00e3o do cuidado; Organiza\u00e7\u00e3o social do cuidado; Promo\u00e7\u00e3o da sa\u00fade e preven\u00e7\u00e3o de doen\u00e7as; Educa\u00e7\u00e3o em sa\u00fade; Gest\u00e3o e avalia\u00e7\u00e3o de pol\u00edticas e programas em sa\u00fade.&nbsp;<\/p>\n\n\n\n<p><strong><a href=\"http:\/\/buscatextual.cnpq.br\/buscatextual\/visualizacv.do?id=K4509745Y5\" target=\"_blank\" rel=\"noopener noreferrer\">Curr\u00edculo Lattes<\/a><\/strong><\/p>\n<\/div>\n<\/div>\n\n\n\n<div style=\"height:20px\" aria-hidden=\"true\" class=\"wp-block-spacer\"><\/div>\n\n\n\n<div class=\"wp-block-columns is-layout-flex wp-container-core-columns-is-layout-5 wp-block-columns-is-layout-flex\">\n<div class=\"wp-block-column is-layout-flow wp-block-column-is-layout-flow\" style=\"flex-basis:170px\">\n<figure class=\"wp-block-image size-full is-resized\"><img loading=\"lazy\" decoding=\"async\" width=\"148\" height=\"192\" data-attachment-id=\"4810\" data-permalink=\"https:\/\/lappis.org.br\/site\/integrantes\/bethania-assy-2\" data-orig-file=\"https:\/\/lappis.org.br\/site\/wp-content\/uploads\/2017\/12\/BETH\u00c2NIA-ASSY-2.jpg\" data-orig-size=\"148,192\" data-comments-opened=\"0\" data-image-meta=\"{&quot;aperture&quot;:&quot;0&quot;,&quot;credit&quot;:&quot;&quot;,&quot;camera&quot;:&quot;&quot;,&quot;caption&quot;:&quot;&quot;,&quot;created_timestamp&quot;:&quot;0&quot;,&quot;copyright&quot;:&quot;&quot;,&quot;focal_length&quot;:&quot;0&quot;,&quot;iso&quot;:&quot;0&quot;,&quot;shutter_speed&quot;:&quot;0&quot;,&quot;title&quot;:&quot;&quot;,&quot;orientation&quot;:&quot;1&quot;}\" data-image-title=\"BETH\u00c2NIA ASSY 2\" data-image-description=\"\" data-image-caption=\"\" data-medium-file=\"https:\/\/lappis.org.br\/site\/wp-content\/uploads\/2017\/12\/BETH\u00c2NIA-ASSY-2.jpg\" data-large-file=\"https:\/\/lappis.org.br\/site\/wp-content\/uploads\/2017\/12\/BETH\u00c2NIA-ASSY-2.jpg\" src=\"https:\/\/lappis.org.br\/site\/wp-content\/uploads\/2017\/12\/BETH\u00c2NIA-ASSY-2.jpg\" alt=\"\" class=\"wp-image-4810\" style=\"width:150px;height:auto\"\/><\/figure>\n<\/div>\n\n\n\n<div class=\"wp-block-column is-layout-flow wp-block-column-is-layout-flow\" style=\"flex-basis:66.66%\">\n<h3 class=\"wp-block-heading\">Beth\u00e2nia Assy<\/h3>\n\n\n\n<p>Doutora em Filosofia pela New School for Social Research, NY-USA (2003) e P\u00f3s-Doutorado na Birkbeck Law School, London University. Coordenadora Adjunta da C\u00e1tedra Unesco (Puc-Rio): Direitos Humanos: Viol\u00eancia, Governo e Governan\u00e7a e do N\u00facleo de Direitos Humanos (Puc-Rio). Professora do departamento de direito da Puc-Rio e Professora adjunta na UERJ.<\/p>\n\n\n\n<p><strong><a href=\"http:\/\/lattes.cnpq.br\/8613185159485244\">Curr\u00edculo Lattes<\/a><\/strong><\/p>\n<\/div>\n<\/div>\n\n\n\n<div style=\"height:20px\" aria-hidden=\"true\" class=\"wp-block-spacer\"><\/div>\n\n\n\n<div class=\"wp-block-columns is-layout-flex wp-container-core-columns-is-layout-6 wp-block-columns-is-layout-flex\">\n<div class=\"wp-block-column is-layout-flow wp-block-column-is-layout-flow\" style=\"flex-basis:170px\">\n<figure class=\"wp-block-image size-full is-resized\"><img loading=\"lazy\" decoding=\"async\" width=\"828\" height=\"1336\" data-attachment-id=\"8890\" data-permalink=\"https:\/\/lappis.org.br\/site\/integrantes\/carolina_passos\" data-orig-file=\"https:\/\/lappis.org.br\/site\/wp-content\/uploads\/2024\/09\/carolina_passos.jpg\" data-orig-size=\"828,1336\" data-comments-opened=\"0\" data-image-meta=\"{&quot;aperture&quot;:&quot;0&quot;,&quot;credit&quot;:&quot;&quot;,&quot;camera&quot;:&quot;&quot;,&quot;caption&quot;:&quot;&quot;,&quot;created_timestamp&quot;:&quot;0&quot;,&quot;copyright&quot;:&quot;&quot;,&quot;focal_length&quot;:&quot;0&quot;,&quot;iso&quot;:&quot;0&quot;,&quot;shutter_speed&quot;:&quot;0&quot;,&quot;title&quot;:&quot;&quot;,&quot;orientation&quot;:&quot;0&quot;}\" data-image-title=\"carolina_passos\" data-image-description=\"\" data-image-caption=\"\" data-medium-file=\"https:\/\/lappis.org.br\/site\/wp-content\/uploads\/2024\/09\/carolina_passos-186x300.jpg\" data-large-file=\"https:\/\/lappis.org.br\/site\/wp-content\/uploads\/2024\/09\/carolina_passos-635x1024.jpg\" src=\"https:\/\/lappis.org.br\/site\/wp-content\/uploads\/2024\/09\/carolina_passos.jpg\" alt=\"\" class=\"wp-image-8890\" style=\"width:150px;height:auto\" srcset=\"https:\/\/lappis.org.br\/site\/wp-content\/uploads\/2024\/09\/carolina_passos.jpg 828w, https:\/\/lappis.org.br\/site\/wp-content\/uploads\/2024\/09\/carolina_passos-186x300.jpg 186w, https:\/\/lappis.org.br\/site\/wp-content\/uploads\/2024\/09\/carolina_passos-635x1024.jpg 635w, https:\/\/lappis.org.br\/site\/wp-content\/uploads\/2024\/09\/carolina_passos-768x1239.jpg 768w, https:\/\/lappis.org.br\/site\/wp-content\/uploads\/2024\/09\/carolina_passos-152x245.jpg 152w\" sizes=\"(max-width: 828px) 100vw, 828px\" \/><\/figure>\n<\/div>\n\n\n\n<div class=\"wp-block-column is-layout-flow wp-block-column-is-layout-flow\" style=\"flex-basis:66.66%\">\n<h3 class=\"wp-block-heading\">Carolina Passos Sodr\u00e9<\/h3>\n\n\n\n<p>Mestranda do Programa de Sa\u00fade Coletiva do Instituto de Medicina Social (IMS\/UERJ). Enfermeira preceptora do Programa de Resid\u00eancia em Enfermagem em Sa\u00fade da Fam\u00edlia e Comunidade (PREFC) atuando no CMS H\u00e9lio Pellegrino. Especialista em Sa\u00fade da Fam\u00edlia nos moldes resid\u00eancia pela (SMS\/UERJ). Area de interesse: sa\u00fade sexual planejamento reprodutivo e cuidado reprodutivo, educa\u00e7\u00e3o permanente em sa\u00fade com \u00eanfase na integra\u00e7\u00e3o ensino servi\u00e7o, nos n\u00edveis: m\u00e9dio e de resid\u00eancia<\/p>\n\n\n\n<p><strong><a href=\"http:\/\/lattes.cnpq.br\/2933518585397994\" target=\"_blank\" rel=\"noopener\">Curr\u00edculo Lattes<\/a><\/strong><\/p>\n<\/div>\n<\/div>\n\n\n\n<div style=\"height:20px\" aria-hidden=\"true\" class=\"wp-block-spacer\"><\/div>\n\n\n\n<div class=\"wp-block-columns is-layout-flex wp-container-core-columns-is-layout-7 wp-block-columns-is-layout-flex\">\n<div class=\"wp-block-column is-layout-flow wp-block-column-is-layout-flow\" style=\"flex-basis:170px\">\n<figure class=\"wp-block-image size-full is-resized\"><img loading=\"lazy\" decoding=\"async\" width=\"1378\" height=\"1752\" data-attachment-id=\"8185\" data-permalink=\"https:\/\/lappis.org.br\/site\/integrantes\/cristina\" data-orig-file=\"https:\/\/lappis.org.br\/site\/wp-content\/uploads\/2022\/11\/cristina.jpg\" data-orig-size=\"1378,1752\" data-comments-opened=\"0\" data-image-meta=\"{&quot;aperture&quot;:&quot;0&quot;,&quot;credit&quot;:&quot;&quot;,&quot;camera&quot;:&quot;&quot;,&quot;caption&quot;:&quot;&quot;,&quot;created_timestamp&quot;:&quot;0&quot;,&quot;copyright&quot;:&quot;&quot;,&quot;focal_length&quot;:&quot;0&quot;,&quot;iso&quot;:&quot;0&quot;,&quot;shutter_speed&quot;:&quot;0&quot;,&quot;title&quot;:&quot;&quot;,&quot;orientation&quot;:&quot;0&quot;}\" data-image-title=\"cristina\" data-image-description=\"\" data-image-caption=\"\" data-medium-file=\"https:\/\/lappis.org.br\/site\/wp-content\/uploads\/2022\/11\/cristina-236x300.jpg\" data-large-file=\"https:\/\/lappis.org.br\/site\/wp-content\/uploads\/2022\/11\/cristina-805x1024.jpg\" src=\"https:\/\/lappis.org.br\/site\/wp-content\/uploads\/2022\/11\/cristina.jpg\" alt=\"\" class=\"wp-image-8185\" style=\"width:150px;height:auto\" srcset=\"https:\/\/lappis.org.br\/site\/wp-content\/uploads\/2022\/11\/cristina.jpg 1378w, https:\/\/lappis.org.br\/site\/wp-content\/uploads\/2022\/11\/cristina-236x300.jpg 236w, https:\/\/lappis.org.br\/site\/wp-content\/uploads\/2022\/11\/cristina-805x1024.jpg 805w, https:\/\/lappis.org.br\/site\/wp-content\/uploads\/2022\/11\/cristina-768x976.jpg 768w, https:\/\/lappis.org.br\/site\/wp-content\/uploads\/2022\/11\/cristina-1208x1536.jpg 1208w, https:\/\/lappis.org.br\/site\/wp-content\/uploads\/2022\/11\/cristina-193x245.jpg 193w\" sizes=\"(max-width: 1378px) 100vw, 1378px\" \/><\/figure>\n<\/div>\n\n\n\n<div class=\"wp-block-column is-layout-flow wp-block-column-is-layout-flow\" style=\"flex-basis:66.66%\">\n<h3 class=\"wp-block-heading\">Cristina Muller<\/h3>\n\n\n\n<p>P\u00f3s-Doutora em Filosofia pela Universidade Federal de Goi\u00e1s &#8211; UFG\/GO (Mar2018-Fev2019). Doutora em Filosofia pela Universidade Federal de S\u00e3o Carlos &#8211; UFSCar\/SP (2010). Mestre em Filosofia pela Pontif\u00edcia Universidade Cat\u00f3lica do Rio Grande do Sul \/PUCPOA (1998). Graduada em Filosofia Licenciatura Plena pela Universidade de Passo Fundo &#8211; UPF\/RS (1995). Professora Associada da Universidade Estadual de Londrina? UEL\/PR, onde atua no Departamento de Filosofia desde o ano de 2000. Docente do Programa de P\u00f3s-Gradua\u00e7\u00e3o em Filosofia da Universidade Estadual de Londrina; coordenadora do referido Programa de P\u00f3s-Gradua\u00e7\u00e3o no bi\u00eanio 2022-2023. Participante do N\u00facleo de Sustenta\u00e7\u00e3o do GT Filosofia Pol\u00edtica Contempor\u00e2nea da ANPOF, onde foi coordenadora no bi\u00eanio 2016-2018. Concentra suas pesquisas na \u00e1rea de Filosofia Pol\u00edtica e \u00c9tica com \u00eanfase em Hannah Arendt. Desde 2018 incluiu nas suas investiga\u00e7\u00f5es a tem\u00e1tica acerca da presen\u00e7a da Mulher na Filosofia.<\/p>\n\n\n\n<p><strong><a href=\"http:\/\/lattes.cnpq.br\/3498579574389108\">Curr\u00edculo Lattes<\/a><\/strong><\/p>\n<\/div>\n<\/div>\n\n\n\n<div style=\"height:20px\" aria-hidden=\"true\" class=\"wp-block-spacer\"><\/div>\n\n\n\n<div class=\"wp-block-columns is-layout-flex wp-container-core-columns-is-layout-8 wp-block-columns-is-layout-flex\">\n<div class=\"wp-block-column is-layout-flow wp-block-column-is-layout-flow\" style=\"flex-basis:170px\">\n<figure class=\"wp-block-image size-full is-resized\"><img loading=\"lazy\" decoding=\"async\" width=\"240\" height=\"350\" data-attachment-id=\"2573\" data-permalink=\"https:\/\/lappis.org.br\/site\/edvaldo-nabuco-fala-da-producao-do-documentario-sobre-a-clinica-dreiras-em-paracambi-rj\/2575\/attachment-alt-427\" data-orig-file=\"https:\/\/lappis.org.br\/site\/wp-content\/uploads\/2008\/08\/edvaldo.jpg\" data-orig-size=\"240,350\" data-comments-opened=\"1\" data-image-meta=\"{&quot;aperture&quot;:&quot;0&quot;,&quot;credit&quot;:&quot;&quot;,&quot;camera&quot;:&quot;&quot;,&quot;caption&quot;:&quot;&quot;,&quot;created_timestamp&quot;:&quot;0&quot;,&quot;copyright&quot;:&quot;&quot;,&quot;focal_length&quot;:&quot;0&quot;,&quot;iso&quot;:&quot;0&quot;,&quot;shutter_speed&quot;:&quot;0&quot;,&quot;title&quot;:&quot;&quot;,&quot;orientation&quot;:&quot;0&quot;}\" data-image-title=\"alt\" data-image-description=\"\" data-image-caption=\"\" data-medium-file=\"https:\/\/lappis.org.br\/site\/wp-content\/uploads\/2008\/08\/edvaldo-206x300.jpg\" data-large-file=\"https:\/\/lappis.org.br\/site\/wp-content\/uploads\/2008\/08\/edvaldo.jpg\" src=\"https:\/\/lappis.org.br\/site\/wp-content\/uploads\/2008\/08\/edvaldo.jpg\" alt=\"alt\" class=\"wp-image-2573\" style=\"width:150px;height:auto\" srcset=\"https:\/\/lappis.org.br\/site\/wp-content\/uploads\/2008\/08\/edvaldo.jpg 240w, https:\/\/lappis.org.br\/site\/wp-content\/uploads\/2008\/08\/edvaldo-206x300.jpg 206w\" sizes=\"(max-width: 240px) 100vw, 240px\" \/><\/figure>\n<\/div>\n\n\n\n<div class=\"wp-block-column is-layout-flow wp-block-column-is-layout-flow\" style=\"flex-basis:66.66%\">\n<h3 class=\"wp-block-heading\">Edvaldo da Silva Nabuco<\/h3>\n\n\n\n<p>Graduado em Jornalismo (Centro Universit\u00e1rio de Barra Mansa) e Graduado em Filosofia (UFRJ) e Mestre em Mem\u00f3ria Social (UFRJ). Atualmente \u00e9 Pesquisador colaborador da Funda\u00e7\u00e3o Oswaldo Cruz. Tem experi\u00eancia na \u00e1rea de Sa\u00fade Coletiva com \u00eanfase em Sa\u00fade P\u00fablica. \u00c1reas de Interesse: Mem\u00f3ria, Luta Antimanicomial, Poder, Resist\u00eancia.<\/p>\n\n\n\n<p><a href=\"http:\/\/lattes.cnpq.br\/7042501464543553\" target=\"_blank\" rel=\"noreferrer noopener\">Curr\u00edculo Lattes<\/a><\/p>\n<\/div>\n<\/div>\n\n\n\n<div style=\"height:20px\" aria-hidden=\"true\" class=\"wp-block-spacer\"><\/div>\n\n\n\n<div class=\"wp-block-columns is-layout-flex wp-container-core-columns-is-layout-9 wp-block-columns-is-layout-flex\">\n<div class=\"wp-block-column is-layout-flow wp-block-column-is-layout-flow\" style=\"flex-basis:170px\">\n<figure class=\"wp-block-image size-full is-resized\"><img loading=\"lazy\" decoding=\"async\" width=\"148\" height=\"192\" data-attachment-id=\"4816\" data-permalink=\"https:\/\/lappis.org.br\/site\/integrantes\/erika-da-silva-dittz\" data-orig-file=\"https:\/\/lappis.org.br\/site\/wp-content\/uploads\/2017\/12\/ERIKA-DA-SILVA-DITTZ.jpg\" data-orig-size=\"148,192\" data-comments-opened=\"0\" data-image-meta=\"{&quot;aperture&quot;:&quot;5.8&quot;,&quot;credit&quot;:&quot;&quot;,&quot;camera&quot;:&quot;DSC-W110&quot;,&quot;caption&quot;:&quot;&quot;,&quot;created_timestamp&quot;:&quot;1261089092&quot;,&quot;copyright&quot;:&quot;&quot;,&quot;focal_length&quot;:&quot;21.4&quot;,&quot;iso&quot;:&quot;800&quot;,&quot;shutter_speed&quot;:&quot;0.02&quot;,&quot;title&quot;:&quot;&quot;,&quot;orientation&quot;:&quot;1&quot;}\" data-image-title=\"ERIKA DA SILVA DITTZ\" data-image-description=\"\" data-image-caption=\"\" data-medium-file=\"https:\/\/lappis.org.br\/site\/wp-content\/uploads\/2017\/12\/ERIKA-DA-SILVA-DITTZ.jpg\" data-large-file=\"https:\/\/lappis.org.br\/site\/wp-content\/uploads\/2017\/12\/ERIKA-DA-SILVA-DITTZ.jpg\" src=\"https:\/\/lappis.org.br\/site\/wp-content\/uploads\/2017\/12\/ERIKA-DA-SILVA-DITTZ.jpg\" alt=\"\" class=\"wp-image-4816\" style=\"width:150px;height:auto\"\/><\/figure>\n<\/div>\n\n\n\n<div class=\"wp-block-column is-layout-flow wp-block-column-is-layout-flow\" style=\"flex-basis:66.66%\">\n<h3 class=\"wp-block-heading\">Erika da Silva Dittz<\/h3>\n\n\n\n<p>Doutora em Ci\u00eancias da Sa\u00fade (UFMG). Atualmente \u00e9 Terapeuta Ocupacional da Funda\u00e7\u00e3o de Assist\u00eancia Integral \u00e0 Sa\u00fade\/Hospital Sofia Feldman especializado na assist\u00eancia \u00e0 mulher e ao rec\u00e9m-nascido. Pesquisadora do N\u00facleo de Estudos e Pesquisa sobre o Ensino e a Pr\u00e1tica de Enfermagem (NUPEPE)- EEUFMG. \u00c1rea de Interesse: integralidade; neonatologia; sa\u00fade mental; pol\u00edtica de sa\u00fade; sa\u00fade coletiva.<\/p>\n\n\n\n<p><a href=\"http:\/\/lattes.cnpq.br\/0482845634481210\" target=\"_blank\" rel=\"noopener\">Curr\u00edculo Lattes<\/a><\/p>\n<\/div>\n<\/div>\n\n\n\n<div style=\"height:20px\" aria-hidden=\"true\" class=\"wp-block-spacer\"><\/div>\n\n\n\n<div class=\"wp-block-columns is-layout-flex wp-container-core-columns-is-layout-10 wp-block-columns-is-layout-flex\">\n<div class=\"wp-block-column is-layout-flow wp-block-column-is-layout-flow\" style=\"flex-basis:170px\">\n<figure class=\"wp-block-image size-full is-resized\"><img loading=\"lazy\" decoding=\"async\" width=\"148\" height=\"192\" data-attachment-id=\"4818\" data-permalink=\"https:\/\/lappis.org.br\/site\/integrantes\/fatima-aparecida-ticianel-schrader\" data-orig-file=\"https:\/\/lappis.org.br\/site\/wp-content\/uploads\/2017\/12\/F\u00e1tima-Aparecida-Ticianel-Schrader.jpg\" data-orig-size=\"148,192\" data-comments-opened=\"0\" data-image-meta=\"{&quot;aperture&quot;:&quot;0&quot;,&quot;credit&quot;:&quot;&quot;,&quot;camera&quot;:&quot;&quot;,&quot;caption&quot;:&quot;&quot;,&quot;created_timestamp&quot;:&quot;0&quot;,&quot;copyright&quot;:&quot;&quot;,&quot;focal_length&quot;:&quot;0&quot;,&quot;iso&quot;:&quot;0&quot;,&quot;shutter_speed&quot;:&quot;0&quot;,&quot;title&quot;:&quot;&quot;,&quot;orientation&quot;:&quot;1&quot;}\" data-image-title=\"F\u00e1tima Aparecida Ticianel Schrader\" data-image-description=\"\" data-image-caption=\"\" data-medium-file=\"https:\/\/lappis.org.br\/site\/wp-content\/uploads\/2017\/12\/F\u00e1tima-Aparecida-Ticianel-Schrader.jpg\" data-large-file=\"https:\/\/lappis.org.br\/site\/wp-content\/uploads\/2017\/12\/F\u00e1tima-Aparecida-Ticianel-Schrader.jpg\" src=\"https:\/\/lappis.org.br\/site\/wp-content\/uploads\/2017\/12\/F\u00e1tima-Aparecida-Ticianel-Schrader.jpg\" alt=\"\" class=\"wp-image-4818\" style=\"width:150px;height:auto\"\/><\/figure>\n<\/div>\n\n\n\n<div class=\"wp-block-column is-layout-flow wp-block-column-is-layout-flow\" style=\"flex-basis:66.66%\">\n<h3 class=\"wp-block-heading\">F\u00e1tima Aparecida Ticianel Schrader<\/h3>\n\n\n\n<p>Mestre em Sa\u00fade Coletiva (UFMT). Enfermeira na Secretaria Municipal de Sa\u00fade de Cuiab\u00e1 e Especialista no Conselho Nacional de Secret\u00e1rios de Sa\u00fade (CONASS). \u00c1reas de Interesse: Programa de Sa\u00fade da Fam\u00edlia, Gest\u00e3o do Sistema Municipal de Sa\u00fade, Avalia\u00e7\u00e3o de Implementa\u00e7\u00e3o de Programa.<\/p>\n\n\n\n<p><a href=\"http:\/\/buscatextual.cnpq.br\/buscatextual\/visualizacv.do?id=K4556333A6\" target=\"_blank\" rel=\"noopener\" data-wplink-edit=\"true\">Curr\u00edculo Lattes<\/a><\/p>\n<\/div>\n<\/div>\n\n\n\n<div style=\"height:20px\" aria-hidden=\"true\" class=\"wp-block-spacer\"><\/div>\n\n\n\n<div class=\"wp-block-columns is-layout-flex wp-container-core-columns-is-layout-11 wp-block-columns-is-layout-flex\">\n<div class=\"wp-block-column is-layout-flow wp-block-column-is-layout-flow\" style=\"flex-basis:170px\">\n<figure class=\"wp-block-image size-full is-resized\"><img loading=\"lazy\" decoding=\"async\" width=\"2048\" height=\"2048\" data-attachment-id=\"8188\" data-permalink=\"https:\/\/lappis.org.br\/site\/integrantes\/fer\" data-orig-file=\"https:\/\/lappis.org.br\/site\/wp-content\/uploads\/2022\/11\/fer.jpg\" data-orig-size=\"2048,2048\" data-comments-opened=\"0\" data-image-meta=\"{&quot;aperture&quot;:&quot;0&quot;,&quot;credit&quot;:&quot;&quot;,&quot;camera&quot;:&quot;&quot;,&quot;caption&quot;:&quot;&quot;,&quot;created_timestamp&quot;:&quot;0&quot;,&quot;copyright&quot;:&quot;&quot;,&quot;focal_length&quot;:&quot;0&quot;,&quot;iso&quot;:&quot;0&quot;,&quot;shutter_speed&quot;:&quot;0&quot;,&quot;title&quot;:&quot;&quot;,&quot;orientation&quot;:&quot;0&quot;}\" data-image-title=\"fer\" data-image-description=\"\" data-image-caption=\"\" data-medium-file=\"https:\/\/lappis.org.br\/site\/wp-content\/uploads\/2022\/11\/fer-300x300.jpg\" data-large-file=\"https:\/\/lappis.org.br\/site\/wp-content\/uploads\/2022\/11\/fer-1024x1024.jpg\" src=\"https:\/\/lappis.org.br\/site\/wp-content\/uploads\/2022\/11\/fer.jpg\" alt=\"\" class=\"wp-image-8188\" style=\"width:150px;height:auto\" srcset=\"https:\/\/lappis.org.br\/site\/wp-content\/uploads\/2022\/11\/fer.jpg 2048w, https:\/\/lappis.org.br\/site\/wp-content\/uploads\/2022\/11\/fer-300x300.jpg 300w, https:\/\/lappis.org.br\/site\/wp-content\/uploads\/2022\/11\/fer-1024x1024.jpg 1024w, https:\/\/lappis.org.br\/site\/wp-content\/uploads\/2022\/11\/fer-150x150.jpg 150w, https:\/\/lappis.org.br\/site\/wp-content\/uploads\/2022\/11\/fer-768x768.jpg 768w, https:\/\/lappis.org.br\/site\/wp-content\/uploads\/2022\/11\/fer-1536x1536.jpg 1536w, https:\/\/lappis.org.br\/site\/wp-content\/uploads\/2022\/11\/fer-245x245.jpg 245w\" sizes=\"(max-width: 2048px) 100vw, 2048px\" \/><\/figure>\n<\/div>\n\n\n\n<div class=\"wp-block-column is-layout-flow wp-block-column-is-layout-flow\" style=\"flex-basis:66.66%\">\n<h3 class=\"wp-block-heading\">Fernando Jos\u00e9 Herkrath<\/h3>\n\n\n\n<p>Doutor em Sa\u00fade Coletiva, \u00e1rea de concentra\u00e7\u00e3o Epidemiologia, pelo Instituto de Medicina Social da Universidade do Estado do Rio de Janeiro. Pesquisador em Sa\u00fade P\u00fablica no Instituto Le\u00f4nidas e Maria Deane \/ Fiocruz Amaz\u00f4nia e Professor Adjunto da Escola Superior de Ci\u00eancias da Sa\u00fade da Universidade do Estado do Amazonas. docente permanente do Programa de P\u00f3s-gradua\u00e7\u00e3o em Condi\u00e7\u00f5es de Vida e Situa\u00e7\u00f5es de Sa\u00fade na Amaz\u00f4nia (PPGVIDA &#8211; Fiocruz Amaz\u00f4nia), do Programa de P\u00f3s-gradua\u00e7\u00e3o em Sa\u00fade Coletiva da Universidade do Estado do Amazonas (PPGSC-UEA), do qual esteve como coordenador de 2020 a 2022, e do Doutorado em Sa\u00fade P\u00fablica na Amaz\u00f4nia (UEA \/ UFAM \/ Fiocruz Amaz\u00f4nia). ORCID ID<\/p>\n\n\n\n<p><a href=\"https:\/\/orcid.org\/0000-0003-4439-0189\">https:\/\/orcid.org\/0000-0003-4439-0189<\/a><\/p>\n\n\n\n<p><a href=\"http:\/\/lattes.cnpq.br\/6520056577460946\">Curr\u00edculo Lattes<\/a><\/p>\n<\/div>\n<\/div>\n\n\n\n<div style=\"height:20px\" aria-hidden=\"true\" class=\"wp-block-spacer\"><\/div>\n\n\n\n<div class=\"wp-block-columns is-layout-flex wp-container-core-columns-is-layout-12 wp-block-columns-is-layout-flex\">\n<div class=\"wp-block-column is-layout-flow wp-block-column-is-layout-flow\" style=\"flex-basis:170px\">\n<figure class=\"wp-block-image size-full is-resized\"><img loading=\"lazy\" decoding=\"async\" width=\"148\" height=\"192\" data-attachment-id=\"4851\" data-permalink=\"https:\/\/lappis.org.br\/site\/integrantes\/francini-lube-guizardi-2\" data-orig-file=\"https:\/\/lappis.org.br\/site\/wp-content\/uploads\/2017\/12\/FRANCINI-LUBE-GUIZARDI-1.jpg\" data-orig-size=\"148,192\" data-comments-opened=\"0\" data-image-meta=\"{&quot;aperture&quot;:&quot;0&quot;,&quot;credit&quot;:&quot;&quot;,&quot;camera&quot;:&quot;&quot;,&quot;caption&quot;:&quot;&quot;,&quot;created_timestamp&quot;:&quot;0&quot;,&quot;copyright&quot;:&quot;&quot;,&quot;focal_length&quot;:&quot;0&quot;,&quot;iso&quot;:&quot;0&quot;,&quot;shutter_speed&quot;:&quot;0&quot;,&quot;title&quot;:&quot;&quot;,&quot;orientation&quot;:&quot;1&quot;}\" data-image-title=\"FRANCINI LUBE GUIZARDI\" data-image-description=\"\" data-image-caption=\"\" data-medium-file=\"https:\/\/lappis.org.br\/site\/wp-content\/uploads\/2017\/12\/FRANCINI-LUBE-GUIZARDI-1.jpg\" data-large-file=\"https:\/\/lappis.org.br\/site\/wp-content\/uploads\/2017\/12\/FRANCINI-LUBE-GUIZARDI-1.jpg\" src=\"https:\/\/lappis.org.br\/site\/wp-content\/uploads\/2017\/12\/FRANCINI-LUBE-GUIZARDI-1.jpg\" alt=\"\" class=\"wp-image-4851\" style=\"width:150px;height:auto\"\/><\/figure>\n<\/div>\n\n\n\n<div class=\"wp-block-column is-layout-flow wp-block-column-is-layout-flow\" style=\"flex-basis:66.66%\">\n<h3 class=\"wp-block-heading\">Francini Lube Guizardi<\/h3>\n\n\n\n<p>Graduada em Psicologia pela Universidade Federal do Esp\u00edrito Santo (2000), com mestrado (2003) e doutorado (2008) em Sa\u00fade Coletiva pela Universidade do Estado do Rio de Janeiro (UERJ). \u00c9 pesquisadora em sa\u00fade p\u00fablica da Funda\u00e7\u00e3o Oswaldo Cruz, atua na Fiocruz Bras\u00edlia. Comp\u00f5e o N\u00facleo de Estudos em Democratiza\u00e7\u00e3o e Sociabilidades na Sa\u00fade (NEDSS) e o Laborat\u00f3rio de Pesquisas sobre Pr\u00e1ticas de Integralidade em Sa\u00fade (LAPPIS). Atua como editora associada da Revista Interface &#8211; sa\u00fade, educa\u00e7\u00e3o e comunica\u00e7\u00e3o. Tem experi\u00eancia na \u00e1rea de Sa\u00fade Coletiva, principalmente nos temas: g\u00eanero e direitos humanos, educa\u00e7\u00e3o profissional em sa\u00fade, pol\u00edticas p\u00fablicas, Estado e democracia institucional.<\/p>\n\n\n\n<p><br><a href=\"http:\/\/buscatextual.cnpq.br\/buscatextual\/visualizacv.do?id=K4779502D2\" target=\"_blank\" rel=\"noreferrer noopener\">Curr\u00edculo Lattes<\/a><\/p>\n<\/div>\n<\/div>\n\n\n\n<div style=\"height:20px\" aria-hidden=\"true\" class=\"wp-block-spacer\"><\/div>\n\n\n\n<div class=\"wp-block-columns is-layout-flex wp-container-core-columns-is-layout-13 wp-block-columns-is-layout-flex\">\n<div class=\"wp-block-column is-layout-flow wp-block-column-is-layout-flow\" style=\"flex-basis:170px\">\n<figure class=\"wp-block-image size-full is-resized\"><img loading=\"lazy\" decoding=\"async\" width=\"406\" height=\"600\" data-attachment-id=\"4073\" data-permalink=\"https:\/\/lappis.org.br\/site\/integrantes\/sony-dsc-2\" data-orig-file=\"https:\/\/lappis.org.br\/site\/wp-content\/uploads\/2017\/10\/Francisco_Ortega_fto_Flaviano_Quaresma.jpg\" data-orig-size=\"406,600\" data-comments-opened=\"0\" data-image-meta=\"{&quot;aperture&quot;:&quot;5.6&quot;,&quot;credit&quot;:&quot;&quot;,&quot;camera&quot;:&quot;DSLR-A200&quot;,&quot;caption&quot;:&quot;SONY DSC&quot;,&quot;created_timestamp&quot;:&quot;1474470497&quot;,&quot;copyright&quot;:&quot;&quot;,&quot;focal_length&quot;:&quot;28&quot;,&quot;iso&quot;:&quot;800&quot;,&quot;shutter_speed&quot;:&quot;0.025&quot;,&quot;title&quot;:&quot;SONY DSC&quot;,&quot;orientation&quot;:&quot;1&quot;}\" data-image-title=\"\" data-image-description=\"\" data-image-caption=\"\" data-medium-file=\"https:\/\/lappis.org.br\/site\/wp-content\/uploads\/2017\/10\/Francisco_Ortega_fto_Flaviano_Quaresma-203x300.jpg\" data-large-file=\"https:\/\/lappis.org.br\/site\/wp-content\/uploads\/2017\/10\/Francisco_Ortega_fto_Flaviano_Quaresma.jpg\" src=\"https:\/\/lappis.org.br\/site\/wp-content\/uploads\/2017\/10\/Francisco_Ortega_fto_Flaviano_Quaresma.jpg\" alt=\"\" class=\"wp-image-4073\" style=\"width:150px;height:auto\" srcset=\"https:\/\/lappis.org.br\/site\/wp-content\/uploads\/2017\/10\/Francisco_Ortega_fto_Flaviano_Quaresma.jpg 406w, https:\/\/lappis.org.br\/site\/wp-content\/uploads\/2017\/10\/Francisco_Ortega_fto_Flaviano_Quaresma-203x300.jpg 203w\" sizes=\"(max-width: 406px) 100vw, 406px\" \/><\/figure>\n<\/div>\n\n\n\n<div class=\"wp-block-column is-layout-flow wp-block-column-is-layout-flow\" style=\"flex-basis:66.66%\">\n<h3 class=\"wp-block-heading\">Francisco Javier Ortega Guerrero<\/h3>\n\n\n\n<p>Doutor em Filosofia \u2013 Universit\u00e4t Bielefeld, Alemanha. Atualmente \u00e9 Research Professor de ICREA (Catalan institution for Research and Advanced Studies) no MARC (Medical Anthropology Research Center) da Universitat Rovira i Virgili de Tarragona, Espanha, vice-diretor do Medical Anthropology Research Center) da Universitat Rovira i Virgili de Tarragona e professor visitante no Department of Global Health and Social Medicine do King&#8217;s College de Londres. Foi professor adjunto (2001-2011), professor associado (2011-2017) e professor Titular (2017-2022) do departamento de Ci\u00eancias Humanas e Sa\u00fade do Instituto de Medicina Social da Universidade do Estado do Rio de Janeiro.<\/p>\n\n\n\n<p><a href=\"http:\/\/buscatextual.cnpq.br\/buscatextual\/visualizacv.do?id=K4768481U7\" target=\"_blank\" rel=\"noopener noreferrer\">Curr\u00edculo Lattes<\/a><\/p>\n<\/div>\n<\/div>\n\n\n\n<div style=\"height:20px\" aria-hidden=\"true\" class=\"wp-block-spacer\"><\/div>\n\n\n\n<div class=\"wp-block-columns is-layout-flex wp-container-core-columns-is-layout-14 wp-block-columns-is-layout-flex\">\n<div class=\"wp-block-column is-layout-flow wp-block-column-is-layout-flow\" style=\"flex-basis:170px\">\n<figure class=\"wp-block-image size-full is-resized\"><img loading=\"lazy\" decoding=\"async\" width=\"148\" height=\"192\" data-attachment-id=\"7102\" data-permalink=\"https:\/\/lappis.org.br\/site\/integrantes\/glaucia-maria-de-araujo-ribeiro-2\" data-orig-file=\"https:\/\/lappis.org.br\/site\/wp-content\/uploads\/2018\/06\/Glaucia-Maria-de-Araujo-Ribeiro-2.jpg\" data-orig-size=\"148,192\" data-comments-opened=\"0\" data-image-meta=\"{&quot;aperture&quot;:&quot;0&quot;,&quot;credit&quot;:&quot;&quot;,&quot;camera&quot;:&quot;&quot;,&quot;caption&quot;:&quot;&quot;,&quot;created_timestamp&quot;:&quot;0&quot;,&quot;copyright&quot;:&quot;&quot;,&quot;focal_length&quot;:&quot;0&quot;,&quot;iso&quot;:&quot;0&quot;,&quot;shutter_speed&quot;:&quot;0&quot;,&quot;title&quot;:&quot;&quot;,&quot;orientation&quot;:&quot;1&quot;}\" data-image-title=\"Glaucia Maria de Araujo Ribeiro-2\" data-image-description=\"\" data-image-caption=\"\" data-medium-file=\"https:\/\/lappis.org.br\/site\/wp-content\/uploads\/2018\/06\/Glaucia-Maria-de-Araujo-Ribeiro-2.jpg\" data-large-file=\"https:\/\/lappis.org.br\/site\/wp-content\/uploads\/2018\/06\/Glaucia-Maria-de-Araujo-Ribeiro-2.jpg\" src=\"https:\/\/lappis.org.br\/site\/wp-content\/uploads\/2018\/06\/Glaucia-Maria-de-Araujo-Ribeiro-2.jpg\" alt=\"\" class=\"wp-image-7102\" style=\"width:150px;height:auto\"\/><\/figure>\n<\/div>\n\n\n\n<div class=\"wp-block-column is-layout-flow wp-block-column-is-layout-flow\" style=\"flex-basis:66.66%\">\n<h3 class=\"wp-block-heading\">Glaucia Maria Ribeiro<\/h3>\n\n\n\n<p>Doutora em Sa\u00fade Coletiva pela Universidade do Estado do Rio de Janeiro -UERJ. Mestre em Direito Ambiental pela Universidade do Estado do Amazonas &#8211; UEA. Especialista em Administra\u00e7\u00e3o P\u00fablica com \u00eanfase em Direito P\u00fablico. Professora Assistente &#8220;D&#8221; de Direito Administrativo da Universidade do Estado do Amazonas (UEA). Advogada e Presidente da Comiss\u00e3o de Estudos em Direito Administrativo\/OAB-AM. Membro do Conselho Internacional de Altos Estudos em Direito (CAED-Jus). Membro do Conselho editorial da Editora Multifoco.<\/p>\n\n\n\n<p><a href=\"http:\/\/buscatextual.cnpq.br\/buscatextual\/visualizacv.do?id=K4131264Y3\" target=\"_blank\" rel=\"noopener noreferrer\">Curr\u00edculo Lattes<\/a><\/p>\n<\/div>\n<\/div>\n\n\n\n<div style=\"height:20px\" aria-hidden=\"true\" class=\"wp-block-spacer\"><\/div>\n\n\n\n<div class=\"wp-block-columns is-layout-flex wp-container-core-columns-is-layout-15 wp-block-columns-is-layout-flex\">\n<div class=\"wp-block-column is-layout-flow wp-block-column-is-layout-flow\" style=\"flex-basis:170px\">\n<figure class=\"wp-block-image size-full is-resized\"><img loading=\"lazy\" decoding=\"async\" width=\"1055\" height=\"1054\" data-attachment-id=\"8193\" data-permalink=\"https:\/\/lappis.org.br\/site\/integrantes\/ia\" data-orig-file=\"https:\/\/lappis.org.br\/site\/wp-content\/uploads\/2022\/11\/ia.png\" data-orig-size=\"1055,1054\" data-comments-opened=\"0\" data-image-meta=\"{&quot;aperture&quot;:&quot;0&quot;,&quot;credit&quot;:&quot;&quot;,&quot;camera&quot;:&quot;&quot;,&quot;caption&quot;:&quot;&quot;,&quot;created_timestamp&quot;:&quot;0&quot;,&quot;copyright&quot;:&quot;&quot;,&quot;focal_length&quot;:&quot;0&quot;,&quot;iso&quot;:&quot;0&quot;,&quot;shutter_speed&quot;:&quot;0&quot;,&quot;title&quot;:&quot;&quot;,&quot;orientation&quot;:&quot;0&quot;}\" data-image-title=\"ia\" data-image-description=\"\" data-image-caption=\"\" data-medium-file=\"https:\/\/lappis.org.br\/site\/wp-content\/uploads\/2022\/11\/ia-300x300.png\" data-large-file=\"https:\/\/lappis.org.br\/site\/wp-content\/uploads\/2022\/11\/ia-1024x1024.png\" src=\"https:\/\/lappis.org.br\/site\/wp-content\/uploads\/2022\/11\/ia.png\" alt=\"\" class=\"wp-image-8193\" style=\"width:150px;height:auto\" srcset=\"https:\/\/lappis.org.br\/site\/wp-content\/uploads\/2022\/11\/ia.png 1055w, https:\/\/lappis.org.br\/site\/wp-content\/uploads\/2022\/11\/ia-300x300.png 300w, https:\/\/lappis.org.br\/site\/wp-content\/uploads\/2022\/11\/ia-1024x1024.png 1024w, https:\/\/lappis.org.br\/site\/wp-content\/uploads\/2022\/11\/ia-150x150.png 150w, https:\/\/lappis.org.br\/site\/wp-content\/uploads\/2022\/11\/ia-768x767.png 768w, https:\/\/lappis.org.br\/site\/wp-content\/uploads\/2022\/11\/ia-245x245.png 245w\" sizes=\"(max-width: 1055px) 100vw, 1055px\" \/><\/figure>\n<\/div>\n\n\n\n<div class=\"wp-block-column is-layout-flow wp-block-column-is-layout-flow\" style=\"flex-basis:66.66%\">\n<h3 class=\"wp-block-heading\">Iago Marafina de Oliveira<\/h3>\n\n\n\n<p>Doutorando em Sa\u00fade Coletiva do Instituto de Medicina Social da Universidade do Estado do Rio de Janeiro (IMS\/UERJ). Mestrado em Psicologia Social e Institucional pela Universidade Federal do Rio Grande do Sul (UFRGS, 2021) . Atuou como professor substituto no curso de Psicologia da Universidade Federal do Vale do S\u00e3o Francisco (UNIVASF) -2020-2021. Possui atua\u00e7\u00f5es pr\u00e9vias no Instituto Federal Sul-rio-grandense (IFSul), na Secretaria de Sa\u00fade de Pelotas (SMS \u2013 Pelotas), no N\u00facleo de Tecnologias Sociais e Economia Solid\u00e1ria da UFPel (TECSOL) e em SRTs (Servi\u00e7o Residencial Terap\u00eautico). \u00c1reas de interesse: Comunica\u00e7\u00e3o em Sa\u00fade, Pol\u00edticas P\u00fablicas, Sa\u00fade Coletiva, Psicologia Social e Sa\u00fade Mental em interface com o campo da sa\u00fade p\u00fablica e economia solid\u00e1ria. Atualmente pesquisa a comunica\u00e7\u00e3o em sa\u00fade e desinforma\u00e7\u00e3o.<\/p>\n\n\n\n<p><a href=\"http:\/\/lattes.cnpq.br\/8352808386244539\" target=\"_blank\" rel=\"noreferrer noopener\">Curr\u00edculo Lattes<\/a><\/p>\n<\/div>\n<\/div>\n\n\n\n<div style=\"height:20px\" aria-hidden=\"true\" class=\"wp-block-spacer\"><\/div>\n\n\n\n<div class=\"wp-block-columns is-layout-flex wp-container-core-columns-is-layout-16 wp-block-columns-is-layout-flex\">\n<div class=\"wp-block-column is-layout-flow wp-block-column-is-layout-flow\" style=\"flex-basis:170px\">\n<figure class=\"wp-block-image size-full is-resized\"><img loading=\"lazy\" decoding=\"async\" width=\"148\" height=\"192\" data-attachment-id=\"4823\" data-permalink=\"https:\/\/lappis.org.br\/site\/integrantes\/jaqueline-rodrigues-robaina\" data-orig-file=\"https:\/\/lappis.org.br\/site\/wp-content\/uploads\/2017\/12\/JAQUELINE-RODRIGUES-ROBAINA.jpg\" data-orig-size=\"148,192\" data-comments-opened=\"0\" data-image-meta=\"{&quot;aperture&quot;:&quot;0&quot;,&quot;credit&quot;:&quot;&quot;,&quot;camera&quot;:&quot;&quot;,&quot;caption&quot;:&quot;&quot;,&quot;created_timestamp&quot;:&quot;0&quot;,&quot;copyright&quot;:&quot;&quot;,&quot;focal_length&quot;:&quot;0&quot;,&quot;iso&quot;:&quot;0&quot;,&quot;shutter_speed&quot;:&quot;0&quot;,&quot;title&quot;:&quot;&quot;,&quot;orientation&quot;:&quot;1&quot;}\" data-image-title=\"JAQUELINE RODRIGUES ROBAINA\" data-image-description=\"\" data-image-caption=\"\" data-medium-file=\"https:\/\/lappis.org.br\/site\/wp-content\/uploads\/2017\/12\/JAQUELINE-RODRIGUES-ROBAINA.jpg\" data-large-file=\"https:\/\/lappis.org.br\/site\/wp-content\/uploads\/2017\/12\/JAQUELINE-RODRIGUES-ROBAINA.jpg\" src=\"https:\/\/lappis.org.br\/site\/wp-content\/uploads\/2017\/12\/JAQUELINE-RODRIGUES-ROBAINA.jpg\" alt=\"\" class=\"wp-image-4823\" style=\"width:150px;height:auto\"\/><\/figure>\n<\/div>\n\n\n\n<div class=\"wp-block-column is-layout-flow wp-block-column-is-layout-flow\" style=\"flex-basis:66.66%\">\n<h3 class=\"wp-block-heading\">Jaqueline Rodrigues Robaina<\/h3>\n\n\n\n<p>Doutora em Sa\u00fade Coletiva IMS\/UERJ, P\u00f3s-Doutorado em Sa\u00fade Coletiva (UERJ). \u00c1rea de interesse: Sa\u00fade Coletiva, com \u00eanfase em Epidemiologia, atuando principalmente nos seguintes temas: epidemiologia, tabagismo, terapia cognitiva comportamental, psicologia e sa\u00fade coletiva.<\/p>\n\n\n\n<p><a href=\"http:\/\/buscatextual.cnpq.br\/buscatextual\/visualizacv.do?id=K4757172T6\" target=\"_blank\" rel=\"noreferrer noopener\">Curr\u00edculo Lattes<\/a><\/p>\n<\/div>\n<\/div>\n\n\n\n<div style=\"height:20px\" aria-hidden=\"true\" class=\"wp-block-spacer\"><\/div>\n\n\n\n<div class=\"wp-block-columns is-layout-flex wp-container-core-columns-is-layout-17 wp-block-columns-is-layout-flex\">\n<div class=\"wp-block-column is-layout-flow wp-block-column-is-layout-flow\" style=\"flex-basis:170px\">\n<figure class=\"wp-block-image size-full is-resized\"><img loading=\"lazy\" decoding=\"async\" width=\"204\" height=\"192\" data-attachment-id=\"9462\" data-permalink=\"https:\/\/lappis.org.br\/site\/integrantes\/carlos-silvan-jfif\" data-orig-file=\"https:\/\/lappis.org.br\/site\/wp-content\/uploads\/2026\/02\/Carlos-Silvan.jfif_.jpeg\" data-orig-size=\"204,192\" data-comments-opened=\"0\" data-image-meta=\"{&quot;aperture&quot;:&quot;0&quot;,&quot;credit&quot;:&quot;&quot;,&quot;camera&quot;:&quot;&quot;,&quot;caption&quot;:&quot;&quot;,&quot;created_timestamp&quot;:&quot;0&quot;,&quot;copyright&quot;:&quot;&quot;,&quot;focal_length&quot;:&quot;0&quot;,&quot;iso&quot;:&quot;0&quot;,&quot;shutter_speed&quot;:&quot;0&quot;,&quot;title&quot;:&quot;&quot;,&quot;orientation&quot;:&quot;0&quot;}\" data-image-title=\"Carlos Silvan.jfif\" data-image-description=\"\" data-image-caption=\"\" data-medium-file=\"https:\/\/lappis.org.br\/site\/wp-content\/uploads\/2026\/02\/Carlos-Silvan.jfif_.jpeg\" data-large-file=\"https:\/\/lappis.org.br\/site\/wp-content\/uploads\/2026\/02\/Carlos-Silvan.jfif_.jpeg\" src=\"https:\/\/lappis.org.br\/site\/wp-content\/uploads\/2026\/02\/Carlos-Silvan.jfif_.jpeg\" alt=\"\" class=\"wp-image-9462\" style=\"width:150px;height:auto\"\/><\/figure>\n<\/div>\n\n\n\n<div class=\"wp-block-column is-layout-flow wp-block-column-is-layout-flow\" style=\"flex-basis:66.66%\">\n<h3 class=\"wp-block-heading\">Jos\u00e9 Carlos Silva<\/h3>\n\n\n\n<p>P\u00f3s-Doutorando em Educa\u00e7\u00e3o (UFPB). Doutorado em Educa\u00e7\u00e3o (UFPE) com a tese &#8211; Educa\u00e7\u00e3o Pernanente em Sa\u00fade da Popula\u00e7\u00e3o Negra a partir da Afrocentricidade. Mestre em Educa\u00e7\u00e3o (UFPB). Especialista em Antropologia da Sa\u00fade (UFPE). Especialista em Sa\u00fade Coletiva (UNINTER). Especialista em Ci\u00eancias Pol\u00edtica cursando (Est\u00e1cio de Sa\u00fade). Gradua\u00e7\u00e3o em Pedagogia cursando (UNICESUMAR). Gradua\u00e7\u00e3o em Hist\u00f3ria (UPE). Educador, Pesquisador, Gestor em Gest\u00e3o de Pol\u00edticas Sa\u00fade e de Educa\u00e7\u00e3o. Experi\u00eancia acumulada em processos de Planejamento, Gest\u00e3o e Avalia\u00e7\u00e3o de Pol\u00edticas P\u00fablicas de Sa\u00fade P\u00fablica e Educa\u00e7\u00e3o P\u00fablica. Desenvolvimento de compet\u00eancias e habilidades acerca de metodologias da Educa\u00e7\u00e3o em Sa\u00fade e do Trabalho em Sa\u00fade no Sistema \u00danico de Sa\u00fade (SUS). Docente e palestrante dos temas: sa\u00fade coletiva, mobiliza\u00e7\u00e3o popular em sa\u00fade, sa\u00fade dos homens, sa\u00fade da popula\u00e7\u00e3o negra, educa\u00e7\u00e3o permanente em sa\u00fade, educa\u00e7\u00e3o em sa\u00fade, educa\u00e7\u00e3o em sa\u00fade nas escolas. Formador do Programa Epistemologia do Sul, Interculturalidade e Sa\u00fade Coletiva da Coopera\u00e7\u00e3o UFSB e Centro Estudos Sociais da Universidade de Coimbra. Membro do Grupo de Extens\u00e3o do Laborat\u00f3rio de Pol\u00edticas de Educa\u00e7\u00e3o em Sa\u00fade, Esporte e Lazer (LABGESP-UFPE). Membro do Grupo de Pesquisa-A\u00e7\u00e3o Universos Masculinos. Membro do Grupo de Pesquisa das Rela\u00e7\u00f5es \u00c9tnicos Raciais LABERER\/UFPE). Membro do PINAB &#8211; Pr\u00e1ticas Integrais de Promo\u00e7\u00e3o da Sa\u00fade e Nutri\u00e7\u00e3o na Aten\u00e7\u00e3o B\u00e1sica UFPB. Membro do Grupo Racismo e Sa\u00fade da ABRASCO. Membro do Grupo Sa\u00fade da Popula\u00e7\u00e3o Negra da Associa\u00e7\u00e3o Brasileira de Pesquisadores Negros e Pesquisadoras Negras (ABPN). Membro Pesquisador do N\u00facleo de Sa\u00fade P\u00fablica da Universidade de Bras\u00edlia (NESP-UNB). Coordenador do GT EPS da ABRASCO.<\/p>\n<\/div>\n<\/div>\n\n\n\n<div style=\"height:20px\" aria-hidden=\"true\" class=\"wp-block-spacer\"><\/div>\n\n\n\n<div class=\"wp-block-columns is-layout-flex wp-container-core-columns-is-layout-18 wp-block-columns-is-layout-flex\">\n<div class=\"wp-block-column is-layout-flow wp-block-column-is-layout-flow\" style=\"flex-basis:170px\">\n<figure class=\"wp-block-image size-full is-resized\"><img loading=\"lazy\" decoding=\"async\" width=\"148\" height=\"192\" data-attachment-id=\"4824\" data-permalink=\"https:\/\/lappis.org.br\/site\/integrantes\/juliana-lofego\" data-orig-file=\"https:\/\/lappis.org.br\/site\/wp-content\/uploads\/2017\/12\/JULIANA-LOF\u00caGO.jpg\" data-orig-size=\"148,192\" data-comments-opened=\"0\" data-image-meta=\"{&quot;aperture&quot;:&quot;0&quot;,&quot;credit&quot;:&quot;&quot;,&quot;camera&quot;:&quot;&quot;,&quot;caption&quot;:&quot;&quot;,&quot;created_timestamp&quot;:&quot;0&quot;,&quot;copyright&quot;:&quot;&quot;,&quot;focal_length&quot;:&quot;0&quot;,&quot;iso&quot;:&quot;0&quot;,&quot;shutter_speed&quot;:&quot;0&quot;,&quot;title&quot;:&quot;&quot;,&quot;orientation&quot;:&quot;1&quot;}\" data-image-title=\"JULIANA LOF\u00caGO\" data-image-description=\"\" data-image-caption=\"\" data-medium-file=\"https:\/\/lappis.org.br\/site\/wp-content\/uploads\/2017\/12\/JULIANA-LOF\u00caGO.jpg\" data-large-file=\"https:\/\/lappis.org.br\/site\/wp-content\/uploads\/2017\/12\/JULIANA-LOF\u00caGO.jpg\" src=\"https:\/\/lappis.org.br\/site\/wp-content\/uploads\/2017\/12\/JULIANA-LOF\u00caGO.jpg\" alt=\"\" class=\"wp-image-4824\" style=\"width:150px;height:auto\"\/><\/figure>\n<\/div>\n\n\n\n<div class=\"wp-block-column is-layout-flow wp-block-column-is-layout-flow\" style=\"flex-basis:66.66%\">\n<h3 class=\"wp-block-heading\">Juliana Lofego<\/h3>\n\n\n\n<p>Doutora em Comunica\u00e7\u00e3o e Sa\u00fade pelo ICICT\/Fiocruz. Professora adjunta do Centro de Filosofia e Ci\u00eancias Humanas da UFAC. \u00c1reas de interesse: comunica\u00e7\u00e3o e informa\u00e7\u00e3o em sa\u00fade, integralidade, pesquisa qualitativa, avalia\u00e7\u00e3o, regionaliza\u00e7\u00e3o no SUS, itiner\u00e1rio terap\u00eautico, an\u00e1lise da imagem.<\/p>\n\n\n\n<p><a href=\"http:\/\/lattes.cnpq.br\/2790187652577712\" target=\"_blank\" rel=\"noreferrer noopener\">Curr\u00edculo Lattes<\/a><\/p>\n<\/div>\n<\/div>\n\n\n\n<div style=\"height:20px\" aria-hidden=\"true\" class=\"wp-block-spacer\"><\/div>\n\n\n\n<div class=\"wp-block-columns is-layout-flex wp-container-core-columns-is-layout-19 wp-block-columns-is-layout-flex\">\n<div class=\"wp-block-column is-layout-flow wp-block-column-is-layout-flow\" style=\"flex-basis:170px\">\n<figure class=\"wp-block-image size-full is-resized\"><img loading=\"lazy\" decoding=\"async\" width=\"1024\" height=\"768\" data-attachment-id=\"8190\" data-permalink=\"https:\/\/lappis.org.br\/site\/integrantes\/klever\" data-orig-file=\"https:\/\/lappis.org.br\/site\/wp-content\/uploads\/2022\/11\/klever.jpg\" data-orig-size=\"1024,768\" data-comments-opened=\"0\" data-image-meta=\"{&quot;aperture&quot;:&quot;0&quot;,&quot;credit&quot;:&quot;&quot;,&quot;camera&quot;:&quot;&quot;,&quot;caption&quot;:&quot;&quot;,&quot;created_timestamp&quot;:&quot;0&quot;,&quot;copyright&quot;:&quot;&quot;,&quot;focal_length&quot;:&quot;0&quot;,&quot;iso&quot;:&quot;0&quot;,&quot;shutter_speed&quot;:&quot;0&quot;,&quot;title&quot;:&quot;&quot;,&quot;orientation&quot;:&quot;0&quot;}\" data-image-title=\"klever\" data-image-description=\"\" data-image-caption=\"\" data-medium-file=\"https:\/\/lappis.org.br\/site\/wp-content\/uploads\/2022\/11\/klever-300x225.jpg\" data-large-file=\"https:\/\/lappis.org.br\/site\/wp-content\/uploads\/2022\/11\/klever.jpg\" src=\"https:\/\/lappis.org.br\/site\/wp-content\/uploads\/2022\/11\/klever.jpg\" alt=\"\" class=\"wp-image-8190\" style=\"width:150px;height:auto\" srcset=\"https:\/\/lappis.org.br\/site\/wp-content\/uploads\/2022\/11\/klever.jpg 1024w, https:\/\/lappis.org.br\/site\/wp-content\/uploads\/2022\/11\/klever-300x225.jpg 300w, https:\/\/lappis.org.br\/site\/wp-content\/uploads\/2022\/11\/klever-768x576.jpg 768w, https:\/\/lappis.org.br\/site\/wp-content\/uploads\/2022\/11\/klever-678x509.jpg 678w, https:\/\/lappis.org.br\/site\/wp-content\/uploads\/2022\/11\/klever-326x245.jpg 326w, https:\/\/lappis.org.br\/site\/wp-content\/uploads\/2022\/11\/klever-327x245.jpg 327w\" sizes=\"(max-width: 1024px) 100vw, 1024px\" \/><\/figure>\n<\/div>\n\n\n\n<div class=\"wp-block-column is-layout-flow wp-block-column-is-layout-flow\" style=\"flex-basis:66.66%\">\n<h3 class=\"wp-block-heading\">Klever Filpo<\/h3>\n\n\n\n<p>Doutor em Direito. P\u00f3s-Doc em Sa\u00fade Coletiva\/IMS\/UERJ (2019\/2020) Professor do Programa de P\u00f3s-Gradua\u00e7\u00e3o em Direito da Universidade Cat\u00f3lica de Petr\u00f3polis (UCP). Professor da Gradua\u00e7\u00e3o em Direito da Universidade Federal Rural do Rio de Janeiro (Instituto Tr\u00eas Rios). L\u00edder do Grupo Interdisciplinar de Pesquisa sobre Administra\u00e7\u00e3o de Conflitos (GIPAC\/UCP-CNPq) e do Grupo de Pesquisa sobre Formas Consensuais de Administra\u00e7\u00e3o de Conflitos em Perspectiva Emp\u00edrica (FOCA\/ITR-UFRRJ-CNPq). Coordenador do Projeto de Extens\u00e3o Universit\u00e1ria Laborat\u00f3rio de Pr\u00e1ticas Consensuais do NPJ\/ITR\/UFRRJ. Participa do projeto de extens\u00e3o Minuto do Direito, parceria entre o PPGD\/UCP e a R\u00e1dio UCP (106,3 FM).<\/p>\n\n\n\n<p><a href=\"http:\/\/lattes.cnpq.br\/1619725989694017\" target=\"_blank\" rel=\"noreferrer noopener\">Curr\u00edculo Lattes<\/a><\/p>\n<\/div>\n<\/div>\n\n\n\n<div style=\"height:20px\" aria-hidden=\"true\" class=\"wp-block-spacer\"><\/div>\n\n\n\n<div class=\"wp-block-columns is-layout-flex wp-container-core-columns-is-layout-20 wp-block-columns-is-layout-flex\">\n<div class=\"wp-block-column is-layout-flow wp-block-column-is-layout-flow\" style=\"flex-basis:170px\">\n<figure class=\"wp-block-image size-full is-resized\"><img loading=\"lazy\" decoding=\"async\" width=\"148\" height=\"192\" data-attachment-id=\"4826\" data-permalink=\"https:\/\/lappis.org.br\/site\/integrantes\/lelia-maria-madeira\" data-orig-file=\"https:\/\/lappis.org.br\/site\/wp-content\/uploads\/2017\/12\/L\u00c9LIA-MARIA-MADEIRA.jpg\" data-orig-size=\"148,192\" data-comments-opened=\"0\" data-image-meta=\"{&quot;aperture&quot;:&quot;0&quot;,&quot;credit&quot;:&quot;&quot;,&quot;camera&quot;:&quot;&quot;,&quot;caption&quot;:&quot;&quot;,&quot;created_timestamp&quot;:&quot;0&quot;,&quot;copyright&quot;:&quot;&quot;,&quot;focal_length&quot;:&quot;0&quot;,&quot;iso&quot;:&quot;0&quot;,&quot;shutter_speed&quot;:&quot;0&quot;,&quot;title&quot;:&quot;&quot;,&quot;orientation&quot;:&quot;1&quot;}\" data-image-title=\"L\u00c9LIA MARIA MADEIRA\" data-image-description=\"\" data-image-caption=\"\" data-medium-file=\"https:\/\/lappis.org.br\/site\/wp-content\/uploads\/2017\/12\/L\u00c9LIA-MARIA-MADEIRA.jpg\" data-large-file=\"https:\/\/lappis.org.br\/site\/wp-content\/uploads\/2017\/12\/L\u00c9LIA-MARIA-MADEIRA.jpg\" src=\"https:\/\/lappis.org.br\/site\/wp-content\/uploads\/2017\/12\/L\u00c9LIA-MARIA-MADEIRA.jpg\" alt=\"\" class=\"wp-image-4826\" style=\"width:150px;height:auto\"\/><\/figure>\n<\/div>\n\n\n\n<div class=\"wp-block-column is-layout-flow wp-block-column-is-layout-flow\" style=\"flex-basis:66.66%\">\n<h3 class=\"wp-block-heading\">L\u00e9lia Maria Madeira<\/h3>\n\n\n\n<p>Doutora em Enfermagem (UFMG), Professora Adjunta da UFMG em disciplinas de Gradua\u00e7\u00e3o e P\u00f3s-Gradua\u00e7\u00e3o (Mestrado e Especializa\u00e7\u00e3o). Coordenadora da Linha de Ensino e Pesquisa do Hospital Sofia Feldman. \u00c1reas de Interesse: forma\u00e7\u00e3o de recursos humanos da \u00e1rea da sa\u00fade, em especial, da enfermagem e na elabora\u00e7\u00e3o e coordena\u00e7\u00e3o de projetos de interven\u00e7\u00e3o junto ao Minist\u00e9rio da Sa\u00fade.<\/p>\n\n\n\n<p><a href=\"http:\/\/buscatextual.cnpq.br\/buscatextual\/visualizacv.do?id=K4781873A6\" target=\"_blank\" rel=\"noreferrer noopener\">Curr\u00edculo Lattes<\/a><\/p>\n<\/div>\n<\/div>\n\n\n\n<div style=\"height:20px\" aria-hidden=\"true\" class=\"wp-block-spacer\"><\/div>\n\n\n\n<div class=\"wp-block-columns is-layout-flex wp-container-core-columns-is-layout-21 wp-block-columns-is-layout-flex\">\n<div class=\"wp-block-column is-layout-flow wp-block-column-is-layout-flow\" style=\"flex-basis:170px\">\n<figure class=\"wp-block-image size-full is-resized\"><img loading=\"lazy\" decoding=\"async\" width=\"374\" height=\"374\" data-attachment-id=\"8189\" data-permalink=\"https:\/\/lappis.org.br\/site\/integrantes\/luciana\" data-orig-file=\"https:\/\/lappis.org.br\/site\/wp-content\/uploads\/2022\/11\/luciana.jpg\" data-orig-size=\"374,374\" data-comments-opened=\"0\" data-image-meta=\"{&quot;aperture&quot;:&quot;0&quot;,&quot;credit&quot;:&quot;&quot;,&quot;camera&quot;:&quot;&quot;,&quot;caption&quot;:&quot;&quot;,&quot;created_timestamp&quot;:&quot;0&quot;,&quot;copyright&quot;:&quot;&quot;,&quot;focal_length&quot;:&quot;0&quot;,&quot;iso&quot;:&quot;0&quot;,&quot;shutter_speed&quot;:&quot;0&quot;,&quot;title&quot;:&quot;&quot;,&quot;orientation&quot;:&quot;0&quot;}\" data-image-title=\"luciana\" data-image-description=\"\" data-image-caption=\"\" data-medium-file=\"https:\/\/lappis.org.br\/site\/wp-content\/uploads\/2022\/11\/luciana-300x300.jpg\" data-large-file=\"https:\/\/lappis.org.br\/site\/wp-content\/uploads\/2022\/11\/luciana.jpg\" src=\"https:\/\/lappis.org.br\/site\/wp-content\/uploads\/2022\/11\/luciana.jpg\" alt=\"\" class=\"wp-image-8189\" style=\"width:150px;height:auto\" srcset=\"https:\/\/lappis.org.br\/site\/wp-content\/uploads\/2022\/11\/luciana.jpg 374w, https:\/\/lappis.org.br\/site\/wp-content\/uploads\/2022\/11\/luciana-300x300.jpg 300w, https:\/\/lappis.org.br\/site\/wp-content\/uploads\/2022\/11\/luciana-150x150.jpg 150w, https:\/\/lappis.org.br\/site\/wp-content\/uploads\/2022\/11\/luciana-245x245.jpg 245w\" sizes=\"(max-width: 374px) 100vw, 374px\" \/><\/figure>\n<\/div>\n\n\n\n<div class=\"wp-block-column is-layout-flow wp-block-column-is-layout-flow\" style=\"flex-basis:66.66%\">\n<h3 class=\"wp-block-heading\">Luciana Danielli de Ara\u00fajo<\/h3>\n\n\n\n<p>Graduada em Biblioteconomia e Documenta\u00e7\u00e3o pela Universidade Federal Fluminense (1998) e mestrado em Programa de P\u00f3s-Gradua\u00e7\u00e3o em Ci\u00eancia da Informa\u00e7\u00e3o pelo Instituto Brasileiro de Informa\u00e7\u00e3o Ci\u00eancia e Tecnologia. UFRJ (2018). Atualmente \u00e9 Tecnologista em Sa\u00fade P\u00fablica da Funda\u00e7\u00e3o Oswaldo Cruz e Coordena o Reposit\u00f3rio ARCA FIOCRUZ. Tem experi\u00eancia na \u00e1rea de Ci\u00eancia da Informa\u00e7\u00e3o, com \u00eanfase em Biblioteconomia, atuando principalmente nos seguintes temas: educa\u00e7\u00e3o m\u00e9dica, ci\u00eancia da informa\u00e7\u00e3o, biblioteconomia, bibliotecas virtuais e dissemina\u00e7\u00e3o da informa\u00e7\u00e3o.<\/p>\n\n\n\n<p><a href=\"http:\/\/lattes.cnpq.br\/0698873941750070\" target=\"_blank\" rel=\"noreferrer noopener\">Curr\u00edculo Lattes<\/a><\/p>\n<\/div>\n<\/div>\n\n\n\n<div style=\"height:20px\" aria-hidden=\"true\" class=\"wp-block-spacer\"><\/div>\n\n\n\n<div class=\"wp-block-columns is-layout-flex wp-container-core-columns-is-layout-22 wp-block-columns-is-layout-flex\">\n<div class=\"wp-block-column is-layout-flow wp-block-column-is-layout-flow\" style=\"flex-basis:170px\">\n<figure class=\"wp-block-image size-full is-resized\"><img loading=\"lazy\" decoding=\"async\" width=\"148\" height=\"192\" data-attachment-id=\"4828\" data-permalink=\"https:\/\/lappis.org.br\/site\/integrantes\/marcelo-luciano-vieira\" data-orig-file=\"https:\/\/lappis.org.br\/site\/wp-content\/uploads\/2017\/12\/MARCELO-LUCIANO-VIEIRA.jpg\" data-orig-size=\"148,192\" data-comments-opened=\"0\" data-image-meta=\"{&quot;aperture&quot;:&quot;0&quot;,&quot;credit&quot;:&quot;&quot;,&quot;camera&quot;:&quot;&quot;,&quot;caption&quot;:&quot;&quot;,&quot;created_timestamp&quot;:&quot;0&quot;,&quot;copyright&quot;:&quot;&quot;,&quot;focal_length&quot;:&quot;0&quot;,&quot;iso&quot;:&quot;0&quot;,&quot;shutter_speed&quot;:&quot;0&quot;,&quot;title&quot;:&quot;&quot;,&quot;orientation&quot;:&quot;1&quot;}\" data-image-title=\"MARCELO LUCIANO VIEIRA\" data-image-description=\"\" data-image-caption=\"\" data-medium-file=\"https:\/\/lappis.org.br\/site\/wp-content\/uploads\/2017\/12\/MARCELO-LUCIANO-VIEIRA.jpg\" data-large-file=\"https:\/\/lappis.org.br\/site\/wp-content\/uploads\/2017\/12\/MARCELO-LUCIANO-VIEIRA.jpg\" src=\"https:\/\/lappis.org.br\/site\/wp-content\/uploads\/2017\/12\/MARCELO-LUCIANO-VIEIRA.jpg\" alt=\"\" class=\"wp-image-4828\" style=\"width:150px;height:auto\"\/><\/figure>\n<\/div>\n\n\n\n<div class=\"wp-block-column is-layout-flow wp-block-column-is-layout-flow\" style=\"flex-basis:66.66%\">\n<h3 class=\"wp-block-heading\">Marcelo Luciano Vieira<\/h3>\n\n\n\n<p>Professor da Pontif\u00edcia Universidade Cat\u00f3lica do Rio de Janeiro \u2013 PUC-Rio. Doutor em Ci\u00eancias (ICICT\/FIOCRUZ), P\u00f3s-Doutorado em Sa\u00fade Coletiva (IMS\/UERJ). ; Mestre em Servi\u00e7o Social pela PUC-Rio Coordenador de Pesquisas do Decanato do Centro de Ci\u00eancias Biol\u00f3gicas e da Sa\u00fade; L\u00edder do Grupo de Estudos do CNPQ: Engajamento P\u00fablico, Pobreza, e institui\u00e7\u00f5es no \u00e2mbito da sa\u00fade coletiva; Membro da C\u00e1tedra Internacional de Interculturalidad y Pensamiento Critico. De la Universidad del La Serena no Chile.Tenente Coronel Assistente Social do Corpo de Bombeiros Militar do Estado do Rio de Janeiro. Professor da Escola de Defesa Civil do Estado do Rio de Janeiro \u2013 ESDEC\/SEDEC com pesquisas nas \u00e1reas Planejamento Estrat\u00e9gico; Pobreza; Pol\u00edtica P\u00fablicas; Ci\u00eancia; Sa\u00fade Coletiva \u2013 constru\u00e7\u00e3o do conhecimento, imagens e sentidos na produ\u00e7\u00e3o do cuidado de sa\u00fade. Atualmente \u00e9 Vice-l\u00edder do Grupo de Pesquisa em Gest\u00e3o de Riscos e Desastres Registrado no CNPq pelo Centro de Estudos e Pesquisas em Defesa Civil \u2013 CEPEDEC, desenvolve atualmente estudos sobre epistemologias da Gest\u00e3o de Riscos e de Desastres pelo ICTDEC\/CEPEDEC.<\/p>\n\n\n\n<p><a href=\"http:\/\/lattes.cnpq.br\/6800572094521227\" target=\"_blank\" rel=\"noreferrer noopener\">Curr\u00edculo Lattes<\/a><\/p>\n<\/div>\n<\/div>\n\n\n\n<div style=\"height:20px\" aria-hidden=\"true\" class=\"wp-block-spacer\"><\/div>\n\n\n\n<div class=\"wp-block-columns is-layout-flex wp-container-core-columns-is-layout-23 wp-block-columns-is-layout-flex\">\n<div class=\"wp-block-column is-layout-flow wp-block-column-is-layout-flow\" style=\"flex-basis:170px\">\n<figure class=\"wp-block-image size-full is-resized\"><img loading=\"lazy\" decoding=\"async\" width=\"828\" height=\"1336\" data-attachment-id=\"8912\" data-permalink=\"https:\/\/lappis.org.br\/site\/integrantes\/mariana-tumonis\" data-orig-file=\"https:\/\/lappis.org.br\/site\/wp-content\/uploads\/2024\/09\/mariana-tumonis.jpg\" data-orig-size=\"828,1336\" data-comments-opened=\"0\" data-image-meta=\"{&quot;aperture&quot;:&quot;0&quot;,&quot;credit&quot;:&quot;&quot;,&quot;camera&quot;:&quot;&quot;,&quot;caption&quot;:&quot;&quot;,&quot;created_timestamp&quot;:&quot;0&quot;,&quot;copyright&quot;:&quot;&quot;,&quot;focal_length&quot;:&quot;0&quot;,&quot;iso&quot;:&quot;0&quot;,&quot;shutter_speed&quot;:&quot;0&quot;,&quot;title&quot;:&quot;&quot;,&quot;orientation&quot;:&quot;0&quot;}\" data-image-title=\"mariana-tumonis\" data-image-description=\"\" data-image-caption=\"\" data-medium-file=\"https:\/\/lappis.org.br\/site\/wp-content\/uploads\/2024\/09\/mariana-tumonis-186x300.jpg\" data-large-file=\"https:\/\/lappis.org.br\/site\/wp-content\/uploads\/2024\/09\/mariana-tumonis-635x1024.jpg\" src=\"https:\/\/lappis.org.br\/site\/wp-content\/uploads\/2024\/09\/mariana-tumonis.jpg\" alt=\"\" class=\"wp-image-8912\" style=\"width:150px;height:auto\" srcset=\"https:\/\/lappis.org.br\/site\/wp-content\/uploads\/2024\/09\/mariana-tumonis.jpg 828w, https:\/\/lappis.org.br\/site\/wp-content\/uploads\/2024\/09\/mariana-tumonis-186x300.jpg 186w, https:\/\/lappis.org.br\/site\/wp-content\/uploads\/2024\/09\/mariana-tumonis-635x1024.jpg 635w, https:\/\/lappis.org.br\/site\/wp-content\/uploads\/2024\/09\/mariana-tumonis-768x1239.jpg 768w, https:\/\/lappis.org.br\/site\/wp-content\/uploads\/2024\/09\/mariana-tumonis-152x245.jpg 152w\" sizes=\"(max-width: 828px) 100vw, 828px\" \/><\/figure>\n<\/div>\n\n\n\n<div class=\"wp-block-column is-layout-flow wp-block-column-is-layout-flow\" style=\"flex-basis:66.66%\">\n<h3 class=\"wp-block-heading\">Mariana Camargo Tumonis<\/h3>\n\n\n\n<p>Assistente Social do Hospital Universit\u00e1rio Pedro Ernesto\/UERJ, especialista em Servi\u00e7o Social e Sa\u00fade e em Gest\u00e3o P\u00fablica. Preceptora de residentes e supervisora de estagi\u00e1rios na equipe de Servi\u00e7o Social do HUPE\/UERJ. Atualmente, \u00e9 mestre em Sa\u00fade Coletiva do Instituto de Medicina Social Hesio Cordeiro, na Universidade do Estado do&nbsp;Rio&nbsp;de&nbsp;Janeiro.<\/p>\n\n\n\n<p><a href=\"http:\/\/lattes.cnpq.br\/4762039931745033\" target=\"_blank\" rel=\"noreferrer noopener\">Curr\u00edculo Lattes<\/a><\/p>\n<\/div>\n<\/div>\n\n\n\n<div style=\"height:20px\" aria-hidden=\"true\" class=\"wp-block-spacer\"><\/div>\n\n\n\n<div class=\"wp-block-columns is-layout-flex wp-container-core-columns-is-layout-24 wp-block-columns-is-layout-flex\">\n<div class=\"wp-block-column is-layout-flow wp-block-column-is-layout-flow\" style=\"flex-basis:170px\">\n<figure class=\"wp-block-image size-full is-resized\"><img loading=\"lazy\" decoding=\"async\" width=\"315\" height=\"382\" data-attachment-id=\"8192\" data-permalink=\"https:\/\/lappis.org.br\/site\/integrantes\/maria\" data-orig-file=\"https:\/\/lappis.org.br\/site\/wp-content\/uploads\/2022\/11\/maria.jpg\" data-orig-size=\"315,382\" data-comments-opened=\"0\" data-image-meta=\"{&quot;aperture&quot;:&quot;0&quot;,&quot;credit&quot;:&quot;&quot;,&quot;camera&quot;:&quot;&quot;,&quot;caption&quot;:&quot;&quot;,&quot;created_timestamp&quot;:&quot;0&quot;,&quot;copyright&quot;:&quot;&quot;,&quot;focal_length&quot;:&quot;0&quot;,&quot;iso&quot;:&quot;0&quot;,&quot;shutter_speed&quot;:&quot;0&quot;,&quot;title&quot;:&quot;&quot;,&quot;orientation&quot;:&quot;0&quot;}\" data-image-title=\"mar\u00eda\" data-image-description=\"\" data-image-caption=\"\" data-medium-file=\"https:\/\/lappis.org.br\/site\/wp-content\/uploads\/2022\/11\/maria-247x300.jpg\" data-large-file=\"https:\/\/lappis.org.br\/site\/wp-content\/uploads\/2022\/11\/maria.jpg\" src=\"https:\/\/lappis.org.br\/site\/wp-content\/uploads\/2022\/11\/maria.jpg\" alt=\"\" class=\"wp-image-8192\" style=\"width:150px;height:auto\" srcset=\"https:\/\/lappis.org.br\/site\/wp-content\/uploads\/2022\/11\/maria.jpg 315w, https:\/\/lappis.org.br\/site\/wp-content\/uploads\/2022\/11\/maria-247x300.jpg 247w, https:\/\/lappis.org.br\/site\/wp-content\/uploads\/2022\/11\/maria-202x245.jpg 202w\" sizes=\"(max-width: 315px) 100vw, 315px\" \/><\/figure>\n<\/div>\n\n\n\n<div class=\"wp-block-column is-layout-flow wp-block-column-is-layout-flow\" style=\"flex-basis:66.66%\">\n<h3 class=\"wp-block-heading\">Mar\u00eda P\u00eda Venturiello<\/h3>\n\n\n\n<p>Sociologa. Doutorado em Doctorado en Ciencias Sociales \u2013 Universidad de Buenos Aires (2013). Atualmente \u00e9 Coordinadora del \u00c1rea de Salud y Poblaci\u00f3n. do Instituto de Investigaciones Gino Germani. Universidad de Buenos Aires. Ayudante de primera ad honorem. Materia: Sociolog\u00eda de la Salud. Facultad de Ciencias Sociales. Universidad de Buenos Aires e becaria posdoctoral -Consejo de Investigaciones Cient\u00edficas y T\u00e9cnicas (CONICET). Tem experi\u00eancia na \u00e1rea de Sociologia, com \u00eanfase em Sociologia, atuando principalmente nos seguintes temas: discapacidad, cuerpo, familia, espacio f\u00edsico e salud.<\/p>\n\n\n\n<p><a href=\"http:\/\/lattes.cnpq.br\/3447528799505387\" target=\"_blank\" rel=\"noreferrer noopener\">Curr\u00edculo Lattes<\/a><\/p>\n<\/div>\n<\/div>\n\n\n\n<div style=\"height:20px\" aria-hidden=\"true\" class=\"wp-block-spacer\"><\/div>\n\n\n\n<div class=\"wp-block-columns is-layout-flex wp-container-core-columns-is-layout-25 wp-block-columns-is-layout-flex\">\n<div class=\"wp-block-column is-layout-flow wp-block-column-is-layout-flow\" style=\"flex-basis:170px\">\n<figure class=\"wp-block-image size-full is-resized\"><img loading=\"lazy\" decoding=\"async\" width=\"148\" height=\"192\" data-attachment-id=\"4833\" data-permalink=\"https:\/\/lappis.org.br\/site\/integrantes\/marina-maria\" data-orig-file=\"https:\/\/lappis.org.br\/site\/wp-content\/uploads\/2017\/12\/MARINA-MARIA.jpg\" data-orig-size=\"148,192\" data-comments-opened=\"0\" data-image-meta=\"{&quot;aperture&quot;:&quot;0&quot;,&quot;credit&quot;:&quot;&quot;,&quot;camera&quot;:&quot;&quot;,&quot;caption&quot;:&quot;&quot;,&quot;created_timestamp&quot;:&quot;0&quot;,&quot;copyright&quot;:&quot;&quot;,&quot;focal_length&quot;:&quot;0&quot;,&quot;iso&quot;:&quot;0&quot;,&quot;shutter_speed&quot;:&quot;0&quot;,&quot;title&quot;:&quot;&quot;,&quot;orientation&quot;:&quot;1&quot;}\" data-image-title=\"MARINA MARIA\" data-image-description=\"\" data-image-caption=\"\" data-medium-file=\"https:\/\/lappis.org.br\/site\/wp-content\/uploads\/2017\/12\/MARINA-MARIA.jpg\" data-large-file=\"https:\/\/lappis.org.br\/site\/wp-content\/uploads\/2017\/12\/MARINA-MARIA.jpg\" src=\"https:\/\/lappis.org.br\/site\/wp-content\/uploads\/2017\/12\/MARINA-MARIA.jpg\" alt=\"\" class=\"wp-image-4833\" style=\"width:159px;height:auto\"\/><\/figure>\n<\/div>\n\n\n\n<div class=\"wp-block-column is-layout-flow wp-block-column-is-layout-flow\" style=\"flex-basis:66.66%\">\n<h3 class=\"wp-block-heading\">Marina Maria<\/h3>\n\n\n\n<p>Mestre em Ci\u00eancias do Programa de P\u00f3s-gradua\u00e7\u00e3o em Informa\u00e7\u00e3o e Comunica\u00e7\u00e3o em Sa\u00fade (PPGICS-ICICT\/FIOCRUZ). \u00c1rea de interesse: estudos a comunica\u00e7\u00e3o inclusiva e acess\u00edvel em processos que colaborem para a dissemina\u00e7\u00e3o democr\u00e1tica de informa\u00e7\u00e3o de qualidade em defesa de direitos e da cidadania.<\/p>\n\n\n\n<p><a href=\"http:\/\/buscatextual.cnpq.br\/buscatextual\/visualizacv.do?id=K4783096D6\" target=\"_blank\" rel=\"noreferrer noopener\">Curr\u00edculo Lattes<\/a><\/p>\n<\/div>\n<\/div>\n\n\n\n<div style=\"height:20px\" aria-hidden=\"true\" class=\"wp-block-spacer\"><\/div>\n\n\n\n<div class=\"wp-block-columns is-layout-flex wp-container-core-columns-is-layout-26 wp-block-columns-is-layout-flex\">\n<div class=\"wp-block-column is-layout-flow wp-block-column-is-layout-flow\" style=\"flex-basis:170px\">\n<figure class=\"wp-block-image size-full is-resized\"><img loading=\"lazy\" decoding=\"async\" width=\"568\" height=\"657\" data-attachment-id=\"9229\" data-permalink=\"https:\/\/lappis.org.br\/site\/integrantes\/neires\" data-orig-file=\"https:\/\/lappis.org.br\/site\/wp-content\/uploads\/2025\/03\/neires.jpg\" data-orig-size=\"568,657\" data-comments-opened=\"0\" data-image-meta=\"{&quot;aperture&quot;:&quot;0&quot;,&quot;credit&quot;:&quot;&quot;,&quot;camera&quot;:&quot;&quot;,&quot;caption&quot;:&quot;&quot;,&quot;created_timestamp&quot;:&quot;0&quot;,&quot;copyright&quot;:&quot;&quot;,&quot;focal_length&quot;:&quot;0&quot;,&quot;iso&quot;:&quot;0&quot;,&quot;shutter_speed&quot;:&quot;0&quot;,&quot;title&quot;:&quot;&quot;,&quot;orientation&quot;:&quot;0&quot;}\" data-image-title=\"neires\" data-image-description=\"\" data-image-caption=\"\" data-medium-file=\"https:\/\/lappis.org.br\/site\/wp-content\/uploads\/2025\/03\/neires-259x300.jpg\" data-large-file=\"https:\/\/lappis.org.br\/site\/wp-content\/uploads\/2025\/03\/neires.jpg\" src=\"https:\/\/lappis.org.br\/site\/wp-content\/uploads\/2025\/03\/neires.jpg\" alt=\"\" class=\"wp-image-9229\" style=\"width:150px;height:auto\" srcset=\"https:\/\/lappis.org.br\/site\/wp-content\/uploads\/2025\/03\/neires.jpg 568w, https:\/\/lappis.org.br\/site\/wp-content\/uploads\/2025\/03\/neires-259x300.jpg 259w, https:\/\/lappis.org.br\/site\/wp-content\/uploads\/2025\/03\/neires-212x245.jpg 212w\" sizes=\"(max-width: 568px) 100vw, 568px\" \/><\/figure>\n<\/div>\n\n\n\n<div class=\"wp-block-column is-layout-flow wp-block-column-is-layout-flow\" style=\"flex-basis:66.66%\">\n<h3 class=\"wp-block-heading\">Neires Alves de Freitas<\/h3>\n\n\n\n<p>Doutora em Educa\u00e7\u00e3o (UFRJ), Professora Titular da UFES. \u00c1reas de interesse: Psicologia, Educa\u00e7\u00e3o e Sa\u00fade Coletiva com \u00eanfase em Pol\u00edtica Educacional, atuando principalmente nos seguintes temas: educa\u00e7\u00e3o, escola, an\u00e1lise institucional, sa\u00fade coletiva, sa\u00fade do trabalhador, subjetividade e micropol\u00edtica.<\/p>\n\n\n\n<p><a href=\"http:\/\/buscatextual.cnpq.br\/buscatextual\/visualizacv.do?id=K4783096D6\" target=\"_blank\" rel=\"noreferrer noopener\">Curr\u00edculo Lattes<\/a><\/p>\n<\/div>\n<\/div>\n\n\n\n<div style=\"height:20px\" aria-hidden=\"true\" class=\"wp-block-spacer\"><\/div>\n\n\n\n<div class=\"wp-block-columns is-layout-flex wp-container-core-columns-is-layout-27 wp-block-columns-is-layout-flex\">\n<div class=\"wp-block-column is-layout-flow wp-block-column-is-layout-flow\" style=\"flex-basis:170px\">\n<figure class=\"wp-block-image size-full is-resized\"><img loading=\"lazy\" decoding=\"async\" width=\"157\" height=\"180\" data-attachment-id=\"3372\" data-permalink=\"https:\/\/lappis.org.br\/site\/?attachment_id=3372\" data-orig-file=\"https:\/\/lappis.org.br\/site\/wp-content\/uploads\/2016\/02\/osvaldo_leal.jpg\" data-orig-size=\"157,180\" data-comments-opened=\"1\" data-image-meta=\"{&quot;aperture&quot;:&quot;0&quot;,&quot;credit&quot;:&quot;&quot;,&quot;camera&quot;:&quot;&quot;,&quot;caption&quot;:&quot;&quot;,&quot;created_timestamp&quot;:&quot;0&quot;,&quot;copyright&quot;:&quot;&quot;,&quot;focal_length&quot;:&quot;0&quot;,&quot;iso&quot;:&quot;0&quot;,&quot;shutter_speed&quot;:&quot;0&quot;,&quot;title&quot;:&quot;&quot;,&quot;orientation&quot;:&quot;1&quot;}\" data-image-title=\"osvaldo leal\" data-image-description=\"\" data-image-caption=\"\" data-medium-file=\"https:\/\/lappis.org.br\/site\/wp-content\/uploads\/2016\/02\/osvaldo_leal.jpg\" data-large-file=\"https:\/\/lappis.org.br\/site\/wp-content\/uploads\/2016\/02\/osvaldo_leal.jpg\" src=\"https:\/\/lappis.org.br\/site\/wp-content\/uploads\/2016\/02\/osvaldo_leal.jpg\" alt=\"osvaldo leal\" class=\"wp-image-3372\" style=\"width:150px;height:auto\"\/><\/figure>\n<\/div>\n\n\n\n<div class=\"wp-block-column is-layout-flow wp-block-column-is-layout-flow\" style=\"flex-basis:66.66%\">\n<h3 class=\"wp-block-heading\">Osvaldo de Sousa Leal J\u00fanior<\/h3>\n\n\n\n<p>Professor Adjunto 4 do Curso de Medicina da Universidade Federal do Acre (desde 2002), Gradua\u00e7\u00e3o em Medicina pela Universidade Federal de Pernambuco (1998), Mestrado em Medicina e Sa\u00fade pela Universidade Federal da Bahia (2002), Especialista em Cl\u00ednica M\u00e9dica pela Sociedade Brasileira de Cl\u00ednica M\u00e9dica (2003). M\u00e9dico da Secretaria de Estado de Sa\u00fade do Acre (2000-) com atua\u00e7\u00e3o no CRIE e no Telessa\u00fade Acre. Pesquisador do Laborat\u00f3rio de Pesquisa sobre Pr\u00e1ticas de Integralidade em Sa\u00fade \u2013 LAPPIS (UERJ\/ CEPESC\/ CNPq) desde 2004 e da Incubadora de Integralidade Norte. Docente do Eixo de Aten\u00e7\u00e3o Prim\u00e1ria, Sa\u00fade Ind\u00edgena e Internatos em MFC e Rural do Curso de Medicina da Universidade Federal do Acre. Tutor do Programa Mais M\u00e9dicos. Preceptor e supervisor adjunto do Programa de Resid\u00eancia em Medicina de Fam\u00edlia e Comunidade da FUNDHACRE. Membro da diretoria do Sindicato dos M\u00e9dicos do Acre. Coordena o Curso de Medicina da UFAC e Preside o Conselho Estadual de Sa\u00fade do Acre. Tem experi\u00eancia na \u00e1rea de Medicina com \u00eanfase na Aten\u00e7\u00e3o Prim\u00e1ria, Educa\u00e7\u00e3o M\u00e9dica e Gest\u00e3o em Sa\u00fade. Especialista em Bio\u00e9tica e Doutorando do Programa Doutoral em Bio\u00e9tica ambos pela Faculdade de Medicina da Universidade do Porto (FMUP)<\/p>\n\n\n\n<p><a href=\"http:\/\/buscatextual.cnpq.br\/buscatextual\/visualizacv.do?id=K4794082Y3\" target=\"_blank\" rel=\"noreferrer noopener\">Curr\u00edculo Lattes<\/a><\/p>\n<\/div>\n<\/div>\n\n\n\n<div style=\"height:20px\" aria-hidden=\"true\" class=\"wp-block-spacer\"><\/div>\n\n\n\n<div class=\"wp-block-columns is-layout-flex wp-container-core-columns-is-layout-28 wp-block-columns-is-layout-flex\">\n<div class=\"wp-block-column is-layout-flow wp-block-column-is-layout-flow\" style=\"flex-basis:170px\">\n<figure class=\"wp-block-image size-full is-resized\"><img loading=\"lazy\" decoding=\"async\" width=\"148\" height=\"192\" data-attachment-id=\"4837\" data-permalink=\"https:\/\/lappis.org.br\/site\/integrantes\/pablo-francisco-di-leo\" data-orig-file=\"https:\/\/lappis.org.br\/site\/wp-content\/uploads\/2017\/12\/PABLO-FRANCISCO-DI-LEO.jpg\" data-orig-size=\"148,192\" data-comments-opened=\"0\" data-image-meta=\"{&quot;aperture&quot;:&quot;2.4&quot;,&quot;credit&quot;:&quot;&quot;,&quot;camera&quot;:&quot;Lumia 635&quot;,&quot;caption&quot;:&quot;&quot;,&quot;created_timestamp&quot;:&quot;1495820500&quot;,&quot;copyright&quot;:&quot;&quot;,&quot;focal_length&quot;:&quot;0&quot;,&quot;iso&quot;:&quot;800&quot;,&quot;shutter_speed&quot;:&quot;0.0555555555556&quot;,&quot;title&quot;:&quot;&quot;,&quot;orientation&quot;:&quot;1&quot;}\" data-image-title=\"PABLO FRANCISCO DI LEO\" data-image-description=\"\" data-image-caption=\"\" data-medium-file=\"https:\/\/lappis.org.br\/site\/wp-content\/uploads\/2017\/12\/PABLO-FRANCISCO-DI-LEO.jpg\" data-large-file=\"https:\/\/lappis.org.br\/site\/wp-content\/uploads\/2017\/12\/PABLO-FRANCISCO-DI-LEO.jpg\" src=\"https:\/\/lappis.org.br\/site\/wp-content\/uploads\/2017\/12\/PABLO-FRANCISCO-DI-LEO.jpg\" alt=\"\" class=\"wp-image-4837\" style=\"object-fit:cover;width:150px;height:150px\"\/><\/figure>\n<\/div>\n\n\n\n<div class=\"wp-block-column is-layout-flow wp-block-column-is-layout-flow\" style=\"flex-basis:66.66%\">\n<h3 class=\"wp-block-heading\">Pablo Francisco Di Leo<\/h3>\n\n\n\n<p>Doutor em Ci\u00eancias Sociais (UBA). P\u00f3s-doutor em Sa\u00fade Coletiva (IMS\/UERJ). Investigador Adjunto CONICET com sede no Instituto de Investiga\u00e7\u00f5es Gino Germani, Faculdade de Ci\u00eancias Sociais (FSC- UBA). \u00c1reas de Interesse: promo\u00e7\u00e3o da sa\u00fade, juventude viol\u00eancia, processo de individua\u00e7\u00e3o e vulnerabilidade social.<\/p>\n\n\n\n<p><a href=\"http:\/\/buscatextual.cnpq.br\/buscatextual\/visualizacv.do?id=K4373116T1\" target=\"_blank\" rel=\"noreferrer noopener\">Curr\u00edculo Lattes<\/a><\/p>\n<\/div>\n<\/div>\n\n\n\n<div style=\"height:20px\" aria-hidden=\"true\" class=\"wp-block-spacer\"><\/div>\n\n\n\n<div class=\"wp-block-columns is-layout-flex wp-container-core-columns-is-layout-29 wp-block-columns-is-layout-flex\">\n<div class=\"wp-block-column is-layout-flow wp-block-column-is-layout-flow\" style=\"flex-basis:170px\">\n<figure class=\"wp-block-image size-full is-resized\"><img loading=\"lazy\" decoding=\"async\" width=\"148\" height=\"192\" data-attachment-id=\"4838\" data-permalink=\"https:\/\/lappis.org.br\/site\/integrantes\/paulo-henrique-martins\" data-orig-file=\"https:\/\/lappis.org.br\/site\/wp-content\/uploads\/2017\/12\/PAULO-HENRIQUE-MARTINS.jpg\" data-orig-size=\"148,192\" data-comments-opened=\"0\" data-image-meta=\"{&quot;aperture&quot;:&quot;0&quot;,&quot;credit&quot;:&quot;&quot;,&quot;camera&quot;:&quot;&quot;,&quot;caption&quot;:&quot;&quot;,&quot;created_timestamp&quot;:&quot;0&quot;,&quot;copyright&quot;:&quot;&quot;,&quot;focal_length&quot;:&quot;0&quot;,&quot;iso&quot;:&quot;0&quot;,&quot;shutter_speed&quot;:&quot;0&quot;,&quot;title&quot;:&quot;&quot;,&quot;orientation&quot;:&quot;1&quot;}\" data-image-title=\"PAULO HENRIQUE MARTINS\" data-image-description=\"\" data-image-caption=\"\" data-medium-file=\"https:\/\/lappis.org.br\/site\/wp-content\/uploads\/2017\/12\/PAULO-HENRIQUE-MARTINS.jpg\" data-large-file=\"https:\/\/lappis.org.br\/site\/wp-content\/uploads\/2017\/12\/PAULO-HENRIQUE-MARTINS.jpg\" src=\"https:\/\/lappis.org.br\/site\/wp-content\/uploads\/2017\/12\/PAULO-HENRIQUE-MARTINS.jpg\" alt=\"\" class=\"wp-image-4838\" style=\"width:150px\"\/><\/figure>\n<\/div>\n\n\n\n<div class=\"wp-block-column is-layout-flow wp-block-column-is-layout-flow\" style=\"flex-basis:66.66%\">\n<h3 class=\"wp-block-heading\">Paulo Henrique Martins<\/h3>\n\n\n\n<p>Mestrado em Sociologia \u2013 Universidade de Paris I (Pantheon-Sorbonne) (1979); Doutorado de Terceiro Ciclo (Doctorat de Troisi\u00e8me Cycle) em Sociologia \u2013 Universit\u00e9 de Paris I (Pantheon-Sorbonne) (1979-1981); Doutorado Novo Regime (Nouveau R\u00e9gime (1988-1991); P\u00f3s-doutorado na Universidade de Paris-Nanterre (2001); Professor Titular de Sociologia da Universidade Federal de Pernambuco (UFPE) desde 2007; Professor e Pesquisador do Programa de P\u00f3s-Gradua\u00e7\u00e3o em Sociologia da UFPE desde 1992; Bolsista de produtividade do CNPq, 1B; Presidente da Associa\u00e7\u00e3o Latino-Americana de Sociologia (ALAS) (2011-2013); Vice-Presidente da Associa\u00e7\u00e3o Movimento Anti-Utilitarista nas Ci\u00eancias Sociais (MAUSS) (2009-2012); Co-fundador do NUCEM (N\u00facleo de Cidadania e Processos de Mudan\u00e7a (UFPE); Membro da Academia Pernambucana de Ci\u00eancia (APC); Membro dos conselhos editoriais de revistas cientificas: Revue du MAUSS (Fran\u00e7a); Revista Estudos de Sociologia (Pernambuco); Revista Sociologias (Rio Grande do Sul); Pol\u00edtica Sociedade: Revista de Sociologia Pol\u00edtica (Santa Catarina); Intersec\u00e7\u00f5es: Revista de Estudos Interdisciplinares (Rio de Janeiro); co-fundador e co-editor da REALIS (Revista de Estudos Anti-Utilitaristas e P\u00f3s-Coloniais) (Brasil); Articulista do Jornal O Povo, do Cear\u00e1, desde 2017; Tem produ\u00e7\u00e3o acad\u00eamica na \u00e1rea de Sociologia, particularmente nas \u00e1reas de Teoria Sociol\u00f3gica e Estudos P\u00f3s-Coloniais, Estudos sobre a D\u00e1diva; Sociologia da Sa\u00fade e Sociologia do Poder.<\/p>\n\n\n\n<p><a href=\"http:\/\/buscatextual.cnpq.br\/buscatextual\/visualizacv.do?id=K4727402H8\" target=\"_blank\" rel=\"noreferrer noopener\">Curr\u00edculo Lattes<\/a><\/p>\n<\/div>\n<\/div>\n\n\n\n<div style=\"height:20px\" aria-hidden=\"true\" class=\"wp-block-spacer\"><\/div>\n\n\n\n<div class=\"wp-block-columns is-layout-flex wp-container-core-columns-is-layout-30 wp-block-columns-is-layout-flex\">\n<div class=\"wp-block-column is-layout-flow wp-block-column-is-layout-flow\" style=\"flex-basis:170px\">\n<figure class=\"wp-block-image size-full is-resized\"><img loading=\"lazy\" decoding=\"async\" width=\"2048\" height=\"2048\" data-attachment-id=\"8191\" data-permalink=\"https:\/\/lappis.org.br\/site\/integrantes\/pedro\" data-orig-file=\"https:\/\/lappis.org.br\/site\/wp-content\/uploads\/2022\/11\/pedro.jpg\" data-orig-size=\"2048,2048\" data-comments-opened=\"0\" data-image-meta=\"{&quot;aperture&quot;:&quot;0&quot;,&quot;credit&quot;:&quot;&quot;,&quot;camera&quot;:&quot;&quot;,&quot;caption&quot;:&quot;&quot;,&quot;created_timestamp&quot;:&quot;0&quot;,&quot;copyright&quot;:&quot;&quot;,&quot;focal_length&quot;:&quot;0&quot;,&quot;iso&quot;:&quot;0&quot;,&quot;shutter_speed&quot;:&quot;0&quot;,&quot;title&quot;:&quot;&quot;,&quot;orientation&quot;:&quot;0&quot;}\" data-image-title=\"pedro\" data-image-description=\"\" data-image-caption=\"\" data-medium-file=\"https:\/\/lappis.org.br\/site\/wp-content\/uploads\/2022\/11\/pedro-300x300.jpg\" data-large-file=\"https:\/\/lappis.org.br\/site\/wp-content\/uploads\/2022\/11\/pedro-1024x1024.jpg\" src=\"https:\/\/lappis.org.br\/site\/wp-content\/uploads\/2022\/11\/pedro.jpg\" alt=\"\" class=\"wp-image-8191\" style=\"width:150px\" srcset=\"https:\/\/lappis.org.br\/site\/wp-content\/uploads\/2022\/11\/pedro.jpg 2048w, https:\/\/lappis.org.br\/site\/wp-content\/uploads\/2022\/11\/pedro-300x300.jpg 300w, https:\/\/lappis.org.br\/site\/wp-content\/uploads\/2022\/11\/pedro-1024x1024.jpg 1024w, https:\/\/lappis.org.br\/site\/wp-content\/uploads\/2022\/11\/pedro-150x150.jpg 150w, https:\/\/lappis.org.br\/site\/wp-content\/uploads\/2022\/11\/pedro-768x768.jpg 768w, https:\/\/lappis.org.br\/site\/wp-content\/uploads\/2022\/11\/pedro-1536x1536.jpg 1536w, https:\/\/lappis.org.br\/site\/wp-content\/uploads\/2022\/11\/pedro-245x245.jpg 245w\" sizes=\"(max-width: 2048px) 100vw, 2048px\" \/><\/figure>\n<\/div>\n\n\n\n<div class=\"wp-block-column is-layout-flow wp-block-column-is-layout-flow\" style=\"flex-basis:66.66%\">\n<h3 class=\"wp-block-heading\">Pedro Cruz<\/h3>\n\n\n\n<p>Graduado em Nutri\u00e7\u00e3o pela Universidade Federal da Para\u00edba. Mestre em Educa\u00e7\u00e3o (2010), linha Educa\u00e7\u00e3o Popular, pela UFPB Doutorado em Educa\u00e7\u00e3o pelo Programa de P\u00f3s-Gradua\u00e7\u00e3o em Educa\u00e7\u00e3o UFPB, Professor Adjunto do Departamento de Promo\u00e7\u00e3o da Sa\u00fade do Centro de Ci\u00eancias M\u00e9dicas da Universidade Federal da Para\u00edba (UFPB). Professor Permanente do Programa de P\u00f3s-Gradua\u00e7\u00e3o em Educa\u00e7\u00e3o (PPGE) do Centro de Educa\u00e7\u00e3o da UFPB e do Programa de P\u00f3s-Gradua\u00e7\u00e3o em Sa\u00fade Coletiva do Centro de Ci\u00eancias da Sa\u00fade (CCS) da UFPB linha Educa\u00e7\u00e3o Popular, da Universidade Federal da Para\u00edba. L\u00edder do Grupo de Pesquisa em Extens\u00e3o Popular \u2013 EXTELAR (CNPq\/UFPB). Coordenador do Programa de Extens\u00e3o \u201cPr\u00e1ticas Integrais de Promo\u00e7\u00e3o da Sa\u00fade e Nutri\u00e7\u00e3o na Aten\u00e7\u00e3o B\u00e1sica \u2013 PINAB\u201d do DPS\/CCM e DN\/CCS da UFPB. \u00c9 Membro do Conselho Deliberativo da ABRASCO (2021-2024).<\/p>\n\n\n\n<p><a href=\"http:\/\/lattes.cnpq.br\/7902195437806023\" target=\"_blank\" rel=\"noreferrer noopener\">Curr\u00edculo Lattes<\/a><\/p>\n<\/div>\n<\/div>\n\n\n\n<div style=\"height:20px\" aria-hidden=\"true\" class=\"wp-block-spacer\"><\/div>\n\n\n\n<div class=\"wp-block-columns is-layout-flex wp-container-core-columns-is-layout-31 wp-block-columns-is-layout-flex\">\n<div class=\"wp-block-column is-layout-flow wp-block-column-is-layout-flow\" style=\"flex-basis:170px\">\n<figure class=\"wp-block-image size-full is-resized\"><img loading=\"lazy\" decoding=\"async\" width=\"591\" height=\"787\" data-attachment-id=\"8916\" data-permalink=\"https:\/\/lappis.org.br\/site\/integrantes\/rechardson-meirelles\" data-orig-file=\"https:\/\/lappis.org.br\/site\/wp-content\/uploads\/2024\/09\/rechardson-meirelles.jpeg\" data-orig-size=\"591,787\" data-comments-opened=\"0\" data-image-meta=\"{&quot;aperture&quot;:&quot;0&quot;,&quot;credit&quot;:&quot;&quot;,&quot;camera&quot;:&quot;&quot;,&quot;caption&quot;:&quot;&quot;,&quot;created_timestamp&quot;:&quot;0&quot;,&quot;copyright&quot;:&quot;&quot;,&quot;focal_length&quot;:&quot;0&quot;,&quot;iso&quot;:&quot;0&quot;,&quot;shutter_speed&quot;:&quot;0&quot;,&quot;title&quot;:&quot;&quot;,&quot;orientation&quot;:&quot;1&quot;}\" data-image-title=\"Richardson Meirelles\" data-image-description=\"\" data-image-caption=\"\" data-medium-file=\"https:\/\/lappis.org.br\/site\/wp-content\/uploads\/2024\/09\/rechardson-meirelles-225x300.jpeg\" data-large-file=\"https:\/\/lappis.org.br\/site\/wp-content\/uploads\/2024\/09\/rechardson-meirelles.jpeg\" src=\"https:\/\/lappis.org.br\/site\/wp-content\/uploads\/2024\/09\/rechardson-meirelles.jpeg\" alt=\"\" class=\"wp-image-8916\" style=\"width:150px\" srcset=\"https:\/\/lappis.org.br\/site\/wp-content\/uploads\/2024\/09\/rechardson-meirelles.jpeg 591w, https:\/\/lappis.org.br\/site\/wp-content\/uploads\/2024\/09\/rechardson-meirelles-225x300.jpeg 225w, https:\/\/lappis.org.br\/site\/wp-content\/uploads\/2024\/09\/rechardson-meirelles-184x245.jpeg 184w\" sizes=\"(max-width: 591px) 100vw, 591px\" \/><\/figure>\n<\/div>\n\n\n\n<div class=\"wp-block-column is-layout-flow wp-block-column-is-layout-flow\" style=\"flex-basis:66.66%\">\n<h3 class=\"wp-block-heading\">Richardson Jorge Almeida Meirelles<\/h3>\n\n\n\n<p>Possui gradua\u00e7\u00e3o em Odontologia pela Faculdade de Odontologia de Valen\u00e7a\/Rio de Janeiro (1994), atualiza\u00e7\u00e3o em Dent\u00edstica Operat\u00f3ria pela Associa\u00e7\u00e3o Brasileira de Odontologia\/Se\u00e7\u00e3o Nova Igua\u00e7\u00fa\/Rio de Janeiro (1995), atualiza\u00e7\u00e3o em Endodontia pela Universidade do estado do Rio de Janeiro (1998), especializa\u00e7\u00e3o em Ortodontia pela Faculdade Souza Marques (2011), especializa\u00e7\u00e3o em Micropol\u00edtica e Gest\u00e3o em Sa\u00fade pela Universidade Federal Fluminense (2018), especializa\u00e7\u00e3o em Sa\u00fade da Fam\u00edlia pela UNYLEYA (2020), especializa\u00e7\u00e3o em Sa\u00fade Coletiva, \u00e1rea de concentra\u00e7\u00e3o Sa\u00fade da Fam\u00edlia pela Universidade Federal da Bahia (2022). Mestre em Sa\u00fade da Fam\u00edlia \u2013 ProFsa\u00fade (UFF\/Fiocruz\/ABRASCO). Doutorando em Sa\u00fade Coletiva \u2013 \u00e1rea de concentra\u00e7\u00e3o Pol\u00edtica, Planejamento e Administra\u00e7\u00e3o em Sa\u00fade (PPAS) \u2013 IMS\/UERJ. Atualmente \u00e9 Cirurgi\u00e3o Dentista da Estrat\u00e9gia em Sa\u00fade da Fam\u00edlia, na Cl\u00ednica da Fam\u00edlia Helena Besserman Vianna, tem experi\u00eancia na \u00e1rea de odontologia com \u00eanfase em Endodontia, Denti\u00edstica e Cirurgia Oral Menor e, ainda, professor preceptor de estagi\u00e1rios de odontologia bolsistas da SUSEME e professor preceptor de acad\u00eamicos de odontologia da UNIGRANRIO e da UNESA na Cl\u00ednica da Fam\u00edlia Helena Besserman Vianna.<\/p>\n\n\n\n<p><a href=\"http:\/\/lattes.cnpq.br\/5083012236796587\" target=\"_blank\" rel=\"noreferrer noopener\">Curr\u00edculo Lattes<\/a><\/p>\n<\/div>\n<\/div>\n\n\n\n<div style=\"height:20px\" aria-hidden=\"true\" class=\"wp-block-spacer\"><\/div>\n\n\n\n<div class=\"wp-block-columns is-layout-flex wp-container-core-columns-is-layout-32 wp-block-columns-is-layout-flex\">\n<div class=\"wp-block-column is-layout-flow wp-block-column-is-layout-flow\" style=\"flex-basis:170px\">\n<figure class=\"wp-block-image size-full is-resized\"><img loading=\"lazy\" decoding=\"async\" width=\"148\" height=\"192\" data-attachment-id=\"4841\" data-permalink=\"https:\/\/lappis.org.br\/site\/integrantes\/rodrigo-pinheiro-silveira\" data-orig-file=\"https:\/\/lappis.org.br\/site\/wp-content\/uploads\/2017\/12\/RODRIGO-PINHEIRO-SILVEIRA.jpg\" data-orig-size=\"148,192\" data-comments-opened=\"0\" data-image-meta=\"{&quot;aperture&quot;:&quot;0&quot;,&quot;credit&quot;:&quot;&quot;,&quot;camera&quot;:&quot;&quot;,&quot;caption&quot;:&quot;&quot;,&quot;created_timestamp&quot;:&quot;0&quot;,&quot;copyright&quot;:&quot;&quot;,&quot;focal_length&quot;:&quot;0&quot;,&quot;iso&quot;:&quot;0&quot;,&quot;shutter_speed&quot;:&quot;0&quot;,&quot;title&quot;:&quot;&quot;,&quot;orientation&quot;:&quot;1&quot;}\" data-image-title=\"RODRIGO PINHEIRO SILVEIRA\" data-image-description=\"\" data-image-caption=\"\" data-medium-file=\"https:\/\/lappis.org.br\/site\/wp-content\/uploads\/2017\/12\/RODRIGO-PINHEIRO-SILVEIRA.jpg\" data-large-file=\"https:\/\/lappis.org.br\/site\/wp-content\/uploads\/2017\/12\/RODRIGO-PINHEIRO-SILVEIRA.jpg\" src=\"https:\/\/lappis.org.br\/site\/wp-content\/uploads\/2017\/12\/RODRIGO-PINHEIRO-SILVEIRA.jpg\" alt=\"\" class=\"wp-image-4841\" style=\"width:150px\"\/><\/figure>\n<\/div>\n\n\n\n<div class=\"wp-block-column is-layout-flow wp-block-column-is-layout-flow\" style=\"flex-basis:66.66%\">\n<h3 class=\"wp-block-heading\">Rodrigo Pinheiro Silveira<\/h3>\n\n\n\n<p>Possui Resid\u00eancia M\u00e9dica em Medicina de Fam\u00edlia e Comunidade pela Universidade do Estado do Rio de Janeiro (2000), Mestrado em Medicina e Sa\u00fade pela Universidade Federal da Bahia (2003) e Doutorado em Sa\u00fade Coletiva pelo Instituto de Medicina Social IMS\/UERJ (2014). Professor Associado da Universidade Federal do Acre (UFAC), Coordenador do Internato Rural do Curso de Medicina da UFAC, Supervisor do Programa de Resid\u00eancia M\u00e9dica em Medicina de Fam\u00edlia e Comunidade da Fundhacre\/Sesacre, Coordenador Adjunto do N\u00facleo Telessa\u00fade Acre, Pesquisador do grupo de pesquisa Laborat\u00f3rio de Pesquisa sobre Pr\u00e1ticas de Integralidade em Sa\u00fade (Lappis).<\/p>\n\n\n\n<p><a href=\"http:\/\/buscatextual.cnpq.br\/buscatextual\/visualizacv.do?id=K4767591J3\" target=\"_blank\" rel=\"noreferrer noopener\">Curr\u00edculo Lattes<\/a><\/p>\n<\/div>\n<\/div>\n\n\n\n<div style=\"height:20px\" aria-hidden=\"true\" class=\"wp-block-spacer\"><\/div>\n\n\n\n<div class=\"wp-block-columns is-layout-flex wp-container-core-columns-is-layout-33 wp-block-columns-is-layout-flex\">\n<div class=\"wp-block-column is-layout-flow wp-block-column-is-layout-flow\" style=\"flex-basis:170px\">\n<figure class=\"wp-block-image size-full is-resized\"><img loading=\"lazy\" decoding=\"async\" width=\"406\" height=\"600\" data-attachment-id=\"4061\" data-permalink=\"https:\/\/lappis.org.br\/site\/integrantes\/sony-dsc\" data-orig-file=\"https:\/\/lappis.org.br\/site\/wp-content\/uploads\/2017\/10\/Roseni_Pinheiro_fto_Flaviano_Quaresma.jpg\" data-orig-size=\"406,600\" data-comments-opened=\"0\" data-image-meta=\"{&quot;aperture&quot;:&quot;5.6&quot;,&quot;credit&quot;:&quot;&quot;,&quot;camera&quot;:&quot;DSLR-A200&quot;,&quot;caption&quot;:&quot;SONY DSC&quot;,&quot;created_timestamp&quot;:&quot;1474469795&quot;,&quot;copyright&quot;:&quot;&quot;,&quot;focal_length&quot;:&quot;26&quot;,&quot;iso&quot;:&quot;800&quot;,&quot;shutter_speed&quot;:&quot;0.025&quot;,&quot;title&quot;:&quot;SONY DSC&quot;,&quot;orientation&quot;:&quot;1&quot;}\" data-image-title=\"\" data-image-description=\"\" data-image-caption=\"\" data-medium-file=\"https:\/\/lappis.org.br\/site\/wp-content\/uploads\/2017\/10\/Roseni_Pinheiro_fto_Flaviano_Quaresma-203x300.jpg\" data-large-file=\"https:\/\/lappis.org.br\/site\/wp-content\/uploads\/2017\/10\/Roseni_Pinheiro_fto_Flaviano_Quaresma.jpg\" src=\"https:\/\/lappis.org.br\/site\/wp-content\/uploads\/2017\/10\/Roseni_Pinheiro_fto_Flaviano_Quaresma.jpg\" alt=\"\" class=\"wp-image-4061\" style=\"width:150px\" srcset=\"https:\/\/lappis.org.br\/site\/wp-content\/uploads\/2017\/10\/Roseni_Pinheiro_fto_Flaviano_Quaresma.jpg 406w, https:\/\/lappis.org.br\/site\/wp-content\/uploads\/2017\/10\/Roseni_Pinheiro_fto_Flaviano_Quaresma-203x300.jpg 203w\" sizes=\"(max-width: 406px) 100vw, 406px\" \/><\/figure>\n<\/div>\n\n\n\n<div class=\"wp-block-column is-layout-flow wp-block-column-is-layout-flow\" style=\"flex-basis:66.66%\">\n<h3 class=\"wp-block-heading\">Roseni Pinheiro<\/h3>\n\n\n\n<p><strong>L\u00edder do Grupo de Pesquisa do CNPq Lappis<\/strong><\/p>\n\n\n\n<p>Doutora em Sa\u00fade Coletiva (IMS-UERJ). Professora Associada do IMS\/UERJ. L\u00edder do Grupo de Pesquisa do CNPq LAPPIS. Coordenadora do DINTER CAPES- IMS-UERJ\/UEA 2014-2019. Coordenadora da Biblioteca Virtual Integralidade Sa\u00fade BIREME\/PAHO\/OPAS\/OMS. \u00c1reas de interesse: cuidado em Sa\u00fade, integralidade do cuidado, direitos humanos e sa\u00fade, gest\u00e3o em sa\u00fade, cultura pol\u00edtica, controle social.&nbsp;<\/p>\n\n\n\n<p><a href=\"http:\/\/buscatextual.cnpq.br\/buscatextual\/visualizacv.do?id=K4723390P9\" target=\"_blank\" rel=\"noreferrer noopener\">Curr\u00edculo Lattes<\/a><\/p>\n<\/div>\n<\/div>\n\n\n\n<div style=\"height:20px\" aria-hidden=\"true\" class=\"wp-block-spacer\"><\/div>\n\n\n\n<div class=\"wp-block-columns is-layout-flex wp-container-core-columns-is-layout-34 wp-block-columns-is-layout-flex\">\n<div class=\"wp-block-column is-layout-flow wp-block-column-is-layout-flow\" style=\"flex-basis:170px\">\n<figure class=\"wp-block-image size-full is-resized\"><img loading=\"lazy\" decoding=\"async\" width=\"142\" height=\"192\" data-attachment-id=\"4842\" data-permalink=\"https:\/\/lappis.org.br\/site\/integrantes\/samia-feitosa-miguez\" data-orig-file=\"https:\/\/lappis.org.br\/site\/wp-content\/uploads\/2017\/12\/S\u00c2MIA-FEITOSA-MIGUEZ.jpg\" data-orig-size=\"142,192\" data-comments-opened=\"0\" data-image-meta=\"{&quot;aperture&quot;:&quot;0&quot;,&quot;credit&quot;:&quot;&quot;,&quot;camera&quot;:&quot;&quot;,&quot;caption&quot;:&quot;&quot;,&quot;created_timestamp&quot;:&quot;0&quot;,&quot;copyright&quot;:&quot;&quot;,&quot;focal_length&quot;:&quot;0&quot;,&quot;iso&quot;:&quot;0&quot;,&quot;shutter_speed&quot;:&quot;0&quot;,&quot;title&quot;:&quot;&quot;,&quot;orientation&quot;:&quot;1&quot;}\" data-image-title=\"S\u00c2MIA FEITOSA MIGUEZ\" data-image-description=\"\" data-image-caption=\"\" data-medium-file=\"https:\/\/lappis.org.br\/site\/wp-content\/uploads\/2017\/12\/S\u00c2MIA-FEITOSA-MIGUEZ.jpg\" data-large-file=\"https:\/\/lappis.org.br\/site\/wp-content\/uploads\/2017\/12\/S\u00c2MIA-FEITOSA-MIGUEZ.jpg\" src=\"https:\/\/lappis.org.br\/site\/wp-content\/uploads\/2017\/12\/S\u00c2MIA-FEITOSA-MIGUEZ.jpg\" alt=\"\" class=\"wp-image-4842\" style=\"width:150px\"\/><\/figure>\n<\/div>\n\n\n\n<div class=\"wp-block-column is-layout-flow wp-block-column-is-layout-flow\" style=\"flex-basis:66.66%\">\n<h3 class=\"wp-block-heading\">S\u00e2mia Feitosa Miguez<\/h3>\n\n\n\n<p>Cientista Social pela Universidade Federal do Amazonas. Mestre em Sociologia pela Universidade Federal do Amazonas. Doutora em Ci\u00eancias do Ambiente e Sustentabilidade na Amaz\u00f4nia. Professora da Escola Superior de Ci\u00eancias da Sa\u00fade da Universidade do Estado do Amazonas. Professora do Programa de P\u00f3s-Gradua\u00e7\u00e3o em Sa\u00fade Coletiva e Coordenadora Institucional do Doutorado em Sa\u00fade P\u00fablica na Amaz\u00f4nia \u2013 ILMD-FIOCUZ\/UFAM\/UEA. Coordenadora do N\u00facleo Interdisciplinar Sa\u00fade e Ambiente na Amaz\u00f4nia \u2013 NISA. Coordenadora da Institui\u00e7\u00e3o Receptora do DINTER CAPES IMS-UERJ\/UEA (2016-2019).<\/p>\n\n\n\n<p><a href=\"http:\/\/buscatextual.cnpq.br\/buscatextual\/visualizacv.do?id=K4730602E2\" target=\"_blank\" rel=\"noreferrer noopener\">Curr\u00edculo Lattes<\/a><\/p>\n<\/div>\n<\/div>\n\n\n\n<div style=\"height:20px\" aria-hidden=\"true\" class=\"wp-block-spacer\"><\/div>\n\n\n\n<div class=\"wp-block-columns is-layout-flex wp-container-core-columns-is-layout-35 wp-block-columns-is-layout-flex\">\n<div class=\"wp-block-column is-layout-flow wp-block-column-is-layout-flow\" style=\"flex-basis:170px\">\n<figure class=\"wp-block-image size-full is-resized\"><img loading=\"lazy\" decoding=\"async\" width=\"148\" height=\"192\" data-attachment-id=\"4846\" data-permalink=\"https:\/\/lappis.org.br\/site\/integrantes\/tatiana-engel-gerhardt\" data-orig-file=\"https:\/\/lappis.org.br\/site\/wp-content\/uploads\/2017\/12\/TATIANA-ENGEL-GERHARDT.jpg\" data-orig-size=\"148,192\" data-comments-opened=\"0\" data-image-meta=\"{&quot;aperture&quot;:&quot;0&quot;,&quot;credit&quot;:&quot;&quot;,&quot;camera&quot;:&quot;&quot;,&quot;caption&quot;:&quot;&quot;,&quot;created_timestamp&quot;:&quot;0&quot;,&quot;copyright&quot;:&quot;&quot;,&quot;focal_length&quot;:&quot;0&quot;,&quot;iso&quot;:&quot;0&quot;,&quot;shutter_speed&quot;:&quot;0&quot;,&quot;title&quot;:&quot;&quot;,&quot;orientation&quot;:&quot;1&quot;}\" data-image-title=\"TATIANA ENGEL GERHARDT\" data-image-description=\"\" data-image-caption=\"\" data-medium-file=\"https:\/\/lappis.org.br\/site\/wp-content\/uploads\/2017\/12\/TATIANA-ENGEL-GERHARDT.jpg\" data-large-file=\"https:\/\/lappis.org.br\/site\/wp-content\/uploads\/2017\/12\/TATIANA-ENGEL-GERHARDT.jpg\" src=\"https:\/\/lappis.org.br\/site\/wp-content\/uploads\/2017\/12\/TATIANA-ENGEL-GERHARDT.jpg\" alt=\"\" class=\"wp-image-4846\" style=\"width:150px\"\/><\/figure>\n<\/div>\n\n\n\n<div class=\"wp-block-column is-layout-flow wp-block-column-is-layout-flow\" style=\"flex-basis:66.66%\">\n<h3 class=\"wp-block-heading\">Tatiana Engel Gerhardt<\/h3>\n\n\n\n<p>Doutora em Antropologia Social e Cultural (Universit\u00e9 de Bordeaux S\u00e9galen). P\u00f3s-doutorado em Antropologia Visual \u2013 Universit\u00e9 Bordeaux S\u00e9galen (Bordeaux) e \u00c9cole des Hautes \u00c9tudes en Sciences Sociales (Paris). Professora Associada IV da UFRGS Coordenadora do Grupo de Estudos em Sa\u00fade Coletiva-GESC UFRGS e membro do LAPPIS\/UERJ. Foi Coordenadora da Comiss\u00e3o de Ci\u00eancias Sociais e Humanas em Sa\u00fade da ABRASCO (2014-2016), membro do n\u00facleo de coordena\u00e7\u00e3o desta comiss\u00e3o (2017-2019), membro da Ci\u00eancias Sociais e Humanas em Sa\u00fade da ABRASCO (2019-2023), assim como vice-presidenta da ABRASCO (2018-2020) e atualmente membro do Conselho Deliberativo da ABRASCO (2021-2024), membro do GT Racismo e Sa\u00fade da ABRASCO. Experi\u00eancia na \u00e1rea de Sa\u00fade Coletiva, com \u00eanfase em Antropologia da Sa\u00fade, atuando principalmente nos seguintes temas: itiner\u00e1rios terap\u00eauticos, redes sociais e media\u00e7\u00f5es em sa\u00fade, itiner\u00e1rios terap\u00eauticos em imagens, pr\u00e1ticas de integralidade em sa\u00fade, usos do territ\u00f3rio e o cuidado em sa\u00fade, desigualdades e iniquidades sociais e de sa\u00fade. As pesquisas s\u00e3o desenvolvidas em espa\u00e7os urbanos e rurais, utilizando referenciais te\u00f3rico-metodol\u00f3gicos da antropologia, da filosofia, da antropologia visual, da sociologia da imagem e da teoria p\u00f3s-colonial e decolonial, buscando dar visualidade e visibilidade a corpos-territ\u00f3rios a partir de movimentos \u00e9tico-pol\u00edtico-epistemol\u00f3gicos-est\u00e9ticos que articulam arte, ci\u00eancia e vida pela indissociabilidade entre ensino-pesquisa-extens\u00e3o. Experi\u00eancia em programas interdisciplinares de pesquisa em espa\u00e7os urbanos e rurais.<\/p>\n\n\n\n<p><a href=\"http:\/\/buscatextual.cnpq.br\/buscatextual\/visualizacv.do?id=K4799715E0\" target=\"_blank\" rel=\"noreferrer noopener\">Curr\u00edculo Lattes<\/a><\/p>\n<\/div>\n<\/div>\n\n\n\n<div style=\"height:20px\" aria-hidden=\"true\" class=\"wp-block-spacer\"><\/div>\n\n\n\n<div class=\"wp-block-columns is-layout-flex wp-container-core-columns-is-layout-36 wp-block-columns-is-layout-flex\">\n<div class=\"wp-block-column is-layout-flow wp-block-column-is-layout-flow\" style=\"flex-basis:170px\">\n<figure class=\"wp-block-image size-full is-resized\"><img loading=\"lazy\" decoding=\"async\" width=\"148\" height=\"192\" data-attachment-id=\"4845\" data-permalink=\"https:\/\/lappis.org.br\/site\/integrantes\/tatiana-coelho-lopes\" data-orig-file=\"https:\/\/lappis.org.br\/site\/wp-content\/uploads\/2017\/12\/TATIANA-COELHO-LOPES.jpg\" data-orig-size=\"148,192\" data-comments-opened=\"0\" data-image-meta=\"{&quot;aperture&quot;:&quot;0&quot;,&quot;credit&quot;:&quot;&quot;,&quot;camera&quot;:&quot;&quot;,&quot;caption&quot;:&quot;&quot;,&quot;created_timestamp&quot;:&quot;0&quot;,&quot;copyright&quot;:&quot;&quot;,&quot;focal_length&quot;:&quot;0&quot;,&quot;iso&quot;:&quot;0&quot;,&quot;shutter_speed&quot;:&quot;0&quot;,&quot;title&quot;:&quot;&quot;,&quot;orientation&quot;:&quot;1&quot;}\" data-image-title=\"TATIANA COELHO LOPES\" data-image-description=\"\" data-image-caption=\"\" data-medium-file=\"https:\/\/lappis.org.br\/site\/wp-content\/uploads\/2017\/12\/TATIANA-COELHO-LOPES.jpg\" data-large-file=\"https:\/\/lappis.org.br\/site\/wp-content\/uploads\/2017\/12\/TATIANA-COELHO-LOPES.jpg\" src=\"https:\/\/lappis.org.br\/site\/wp-content\/uploads\/2017\/12\/TATIANA-COELHO-LOPES.jpg\" alt=\"\" class=\"wp-image-4845\" style=\"width:150px\"\/><\/figure>\n<\/div>\n\n\n\n<div class=\"wp-block-column is-layout-flow wp-block-column-is-layout-flow\" style=\"flex-basis:66.66%\">\n<h3 class=\"wp-block-heading\">Tatiana Coelho Lopes<\/h3>\n\n\n\n<p>Doutora em Sa\u00fade Coletiva (IMS\/UERJ) Mestre em Ci\u00eancias da Sa\u00fade (UFMG) e Graduada em Fisioterapia. Atualmente \u00e9 a Diretora Administrativa do Hospital Sofia Feldman e Gestora do Projeto DRG (Grupo de Diagn\u00f3sticos Relacionados) realizado em parceria com o SMSA\/PBH. Fez P\u00f3s-doutorado em Sa\u00fade Coletiva IMS\/UERJ (2013) com a tem\u00e1tica do cuidado e das mulheres privadas de liberdade e integra Programa Interinstitucional de Pesquisa \u201cIncubadora da Integralidade\u201d em parceria com o LAPPIS\/UERJ\/IMS. \u00c1rea de Interesse: Sa\u00fade Coletiva, com \u00eanfase em Sa\u00fade P\u00fablica, atuando principalmente na tem\u00e1tica da mulher e crian\u00e7a.<\/p>\n\n\n\n<p><a href=\"http:\/\/lattes.cnpq.br\/7065519558485444\" target=\"_blank\" rel=\"noreferrer noopener\">Curr\u00edculo Lattes<\/a><\/p>\n<\/div>\n<\/div>\n\n\n\n<div style=\"height:20px\" aria-hidden=\"true\" class=\"wp-block-spacer\"><\/div>\n\n\n\n<div class=\"wp-block-columns is-layout-flex wp-container-core-columns-is-layout-37 wp-block-columns-is-layout-flex\">\n<div class=\"wp-block-column is-layout-flow wp-block-column-is-layout-flow\" style=\"flex-basis:170px\">\n<figure class=\"wp-block-image size-full is-resized\"><img loading=\"lazy\" decoding=\"async\" width=\"853\" height=\"1280\" data-attachment-id=\"8281\" data-permalink=\"https:\/\/lappis.org.br\/site\/integrantes\/thais-jeronimo-vidal-2\" data-orig-file=\"https:\/\/lappis.org.br\/site\/wp-content\/uploads\/2023\/07\/thais-jeronimo-vidal.jpg\" data-orig-size=\"853,1280\" data-comments-opened=\"0\" data-image-meta=\"{&quot;aperture&quot;:&quot;0&quot;,&quot;credit&quot;:&quot;&quot;,&quot;camera&quot;:&quot;&quot;,&quot;caption&quot;:&quot;&quot;,&quot;created_timestamp&quot;:&quot;0&quot;,&quot;copyright&quot;:&quot;&quot;,&quot;focal_length&quot;:&quot;0&quot;,&quot;iso&quot;:&quot;0&quot;,&quot;shutter_speed&quot;:&quot;0&quot;,&quot;title&quot;:&quot;&quot;,&quot;orientation&quot;:&quot;0&quot;}\" data-image-title=\"thais-jeronimo-vidal\" data-image-description=\"\" data-image-caption=\"\" data-medium-file=\"https:\/\/lappis.org.br\/site\/wp-content\/uploads\/2023\/07\/thais-jeronimo-vidal-200x300.jpg\" data-large-file=\"https:\/\/lappis.org.br\/site\/wp-content\/uploads\/2023\/07\/thais-jeronimo-vidal-682x1024.jpg\" src=\"https:\/\/lappis.org.br\/site\/wp-content\/uploads\/2023\/07\/thais-jeronimo-vidal.jpg\" alt=\"\" class=\"wp-image-8281\" style=\"width:150px\" srcset=\"https:\/\/lappis.org.br\/site\/wp-content\/uploads\/2023\/07\/thais-jeronimo-vidal.jpg 853w, https:\/\/lappis.org.br\/site\/wp-content\/uploads\/2023\/07\/thais-jeronimo-vidal-200x300.jpg 200w, https:\/\/lappis.org.br\/site\/wp-content\/uploads\/2023\/07\/thais-jeronimo-vidal-682x1024.jpg 682w, https:\/\/lappis.org.br\/site\/wp-content\/uploads\/2023\/07\/thais-jeronimo-vidal-768x1152.jpg 768w, https:\/\/lappis.org.br\/site\/wp-content\/uploads\/2023\/07\/thais-jeronimo-vidal-163x245.jpg 163w\" sizes=\"(max-width: 853px) 100vw, 853px\" \/><\/figure>\n<\/div>\n\n\n\n<div class=\"wp-block-column is-layout-flow wp-block-column-is-layout-flow\" style=\"flex-basis:66.66%\">\n<h3 class=\"wp-block-heading\">Tha\u00eds Jeronimo Vidal<\/h3>\n\n\n\n<p>Doutora em Sa\u00fade Coletiva (IMS\/UERJ). Professora Adjunta do Departamento de Politica, Planejamento e Administra\u00e7\u00e3o em Sa\u00fade do Instituto de Medicina Social H\u00e9sio Cordeiro da UERJ. Professora adjunta, aos quadros do Departamento de Planejamento e Administra\u00e7\u00e3o em Sa\u00fade do IMS. Com forma\u00e7\u00e3o interdisciplinar (Farm\u00e1cia, Direito e Sa\u00fade Coletiva) atuando na oncologia, onde aborda especialmente as tens\u00f5es e os desafios presentes nas demandas judiciais por acesso a servi\u00e7os de sa\u00fade e cuidado. Integralidade, Advocacy, participa\u00e7\u00e3o social e judicializa\u00e7\u00e3o.<\/p>\n\n\n\n<p><a href=\"http:\/\/buscatextual.cnpq.br\/buscatextual\/visualizacv.do?id=K4485300T8\" target=\"_blank\" rel=\"noreferrer noopener\">Curr\u00edculo Lattes<\/a><\/p>\n<\/div>\n<\/div>\n\n\n\n<div style=\"height:20px\" aria-hidden=\"true\" class=\"wp-block-spacer\"><\/div>\n\n\n\n<div class=\"wp-block-columns is-layout-flex wp-container-core-columns-is-layout-38 wp-block-columns-is-layout-flex\">\n<div class=\"wp-block-column is-layout-flow wp-block-column-is-layout-flow\" style=\"flex-basis:170px\">\n<figure class=\"wp-block-image size-full is-resized\"><img loading=\"lazy\" decoding=\"async\" width=\"640\" height=\"640\" data-attachment-id=\"7299\" data-permalink=\"https:\/\/lappis.org.br\/site\/integrantes\/valeria-marinho\" data-orig-file=\"https:\/\/lappis.org.br\/site\/wp-content\/uploads\/2018\/07\/Val\u00e9ria-Marinho.jpeg\" data-orig-size=\"640,640\" data-comments-opened=\"0\" data-image-meta=\"{&quot;aperture&quot;:&quot;0&quot;,&quot;credit&quot;:&quot;&quot;,&quot;camera&quot;:&quot;&quot;,&quot;caption&quot;:&quot;&quot;,&quot;created_timestamp&quot;:&quot;0&quot;,&quot;copyright&quot;:&quot;&quot;,&quot;focal_length&quot;:&quot;0&quot;,&quot;iso&quot;:&quot;0&quot;,&quot;shutter_speed&quot;:&quot;0&quot;,&quot;title&quot;:&quot;&quot;,&quot;orientation&quot;:&quot;0&quot;}\" data-image-title=\"Val\u00e9ria Marinho\" data-image-description=\"\" data-image-caption=\"\" data-medium-file=\"https:\/\/lappis.org.br\/site\/wp-content\/uploads\/2018\/07\/Val\u00e9ria-Marinho-300x300.jpeg\" data-large-file=\"https:\/\/lappis.org.br\/site\/wp-content\/uploads\/2018\/07\/Val\u00e9ria-Marinho.jpeg\" src=\"https:\/\/lappis.org.br\/site\/wp-content\/uploads\/2018\/07\/Val\u00e9ria-Marinho.jpeg\" alt=\"\" class=\"wp-image-7299\" style=\"width:150px\" srcset=\"https:\/\/lappis.org.br\/site\/wp-content\/uploads\/2018\/07\/Val\u00e9ria-Marinho.jpeg 640w, https:\/\/lappis.org.br\/site\/wp-content\/uploads\/2018\/07\/Val\u00e9ria-Marinho-150x150.jpeg 150w, https:\/\/lappis.org.br\/site\/wp-content\/uploads\/2018\/07\/Val\u00e9ria-Marinho-300x300.jpeg 300w, https:\/\/lappis.org.br\/site\/wp-content\/uploads\/2018\/07\/Val\u00e9ria-Marinho-250x250.jpeg 250w, https:\/\/lappis.org.br\/site\/wp-content\/uploads\/2018\/07\/Val\u00e9ria-Marinho-245x245.jpeg 245w\" sizes=\"(max-width: 640px) 100vw, 640px\" \/><\/figure>\n<\/div>\n\n\n\n<div class=\"wp-block-column is-layout-flow wp-block-column-is-layout-flow\" style=\"flex-basis:66.66%\">\n<h3 class=\"wp-block-heading\">Val\u00e9ria Marinho Nascimento da Silva<\/h3>\n\n\n\n<p>Doutora em Sa\u00fade Coletiva, na \u00e1rea de concentra\u00e7\u00e3o de Pol\u00edtica, Planejamento e Administra\u00e7\u00e3o em Sa\u00fade do IMS\/UERJ, mestre em Sa\u00fade Coletiva (UFF), especialista em Gest\u00e3o de Organiza\u00e7\u00f5es de Ci\u00eancia e Tecnologia em Sa\u00fade (ENSP), especialista em Gest\u00e3o de Organiza\u00e7\u00f5es de Autogest\u00e3o em Sa\u00fade (ENSP), especialista em Marketing Estrat\u00e9gico (FGV) e graduada em Comunica\u00e7\u00e3o Social (FACHA). \u00c9 Analista de Gest\u00e3o em Sa\u00fade do Instituto de Tecnologia em F\u00e1rmacos \u2013 Farmanguinhos \/ Fiocruz, vinculada \u00e0 Dire\u00e7\u00e3o, na \u00e1rea de Planejamento Estrat\u00e9gico. Atua nos campos da Sa\u00fade Coletiva, Planejamento e Administra\u00e7\u00e3o em Sa\u00fade.<\/p>\n<\/div>\n<\/div>\n\n\n\n<div style=\"height:20px\" aria-hidden=\"true\" class=\"wp-block-spacer\"><\/div>\n\n\n\n<div class=\"wp-block-columns is-layout-flex wp-container-core-columns-is-layout-39 wp-block-columns-is-layout-flex\">\n<div class=\"wp-block-column is-layout-flow wp-block-column-is-layout-flow\" style=\"flex-basis:170px\">\n<figure class=\"wp-block-image size-full is-resized\"><img loading=\"lazy\" decoding=\"async\" width=\"173\" height=\"258\" data-attachment-id=\"249\" data-permalink=\"https:\/\/lappis.org.br\/site\/premio-victor-valla-de-educacao-popular-em-saude-aceita-inscricoes-ate-15-de-outubro\/250\/attachment-victor_valla\" data-orig-file=\"https:\/\/lappis.org.br\/site\/wp-content\/uploads\/2011\/08\/victor_valla.png\" data-orig-size=\"173,258\" data-comments-opened=\"1\" data-image-meta=\"{&quot;aperture&quot;:&quot;0&quot;,&quot;credit&quot;:&quot;&quot;,&quot;camera&quot;:&quot;&quot;,&quot;caption&quot;:&quot;&quot;,&quot;created_timestamp&quot;:&quot;0&quot;,&quot;copyright&quot;:&quot;&quot;,&quot;focal_length&quot;:&quot;0&quot;,&quot;iso&quot;:&quot;0&quot;,&quot;shutter_speed&quot;:&quot;0&quot;,&quot;title&quot;:&quot;&quot;,&quot;orientation&quot;:&quot;0&quot;}\" data-image-title=\"victor_valla\" data-image-description=\"\" data-image-caption=\"\" data-medium-file=\"https:\/\/lappis.org.br\/site\/wp-content\/uploads\/2011\/08\/victor_valla.png\" data-large-file=\"https:\/\/lappis.org.br\/site\/wp-content\/uploads\/2011\/08\/victor_valla.png\" src=\"https:\/\/lappis.org.br\/site\/wp-content\/uploads\/2011\/08\/victor_valla.png\" alt=\"victor_valla\" class=\"wp-image-249\" style=\"width:150px\"\/><\/figure>\n<\/div>\n\n\n\n<div class=\"wp-block-column is-layout-flow wp-block-column-is-layout-flow\" style=\"flex-basis:66.66%\">\n<h3 class=\"wp-block-heading\">Victor Vincent Valla \u2013 In Memorian<\/h3>\n\n\n\n<p>Graduado em Educa\u00e7\u00e3o, Mestre e Doutor em Hist\u00f3ria Social (USP). P\u00f3s-doutorado pela University of California (1996). Foi Professor Adjunto 4 da Universidade Federal Fluminense e pesquisador titular da Funda\u00e7\u00e3o Oswaldo Cruz.<\/p>\n\n\n\n<p><a href=\"http:\/\/buscatextual.cnpq.br\/buscatextual\/visualizacv.do?id=K4727193U9\" target=\"_blank\" rel=\"noreferrer noopener\">Curr\u00edculo Lattes<\/a><\/p>\n<\/div>\n<\/div>\n\n\n\n<div style=\"height:20px\" aria-hidden=\"true\" class=\"wp-block-spacer\"><\/div>\n\n\n\n<div class=\"wp-block-columns is-layout-flex wp-container-core-columns-is-layout-40 wp-block-columns-is-layout-flex\">\n<div class=\"wp-block-column is-layout-flow wp-block-column-is-layout-flow\" style=\"flex-basis:170px\">\n<figure class=\"wp-block-image size-full is-resized\"><img loading=\"lazy\" decoding=\"async\" width=\"720\" height=\"720\" data-attachment-id=\"3357\" data-permalink=\"https:\/\/lappis.org.br\/site\/attachment-vinicius\" data-orig-file=\"https:\/\/lappis.org.br\/site\/wp-content\/uploads\/2015\/11\/Vinicius.jpg\" data-orig-size=\"720,720\" data-comments-opened=\"1\" data-image-meta=\"{&quot;aperture&quot;:&quot;0&quot;,&quot;credit&quot;:&quot;&quot;,&quot;camera&quot;:&quot;&quot;,&quot;caption&quot;:&quot;&quot;,&quot;created_timestamp&quot;:&quot;0&quot;,&quot;copyright&quot;:&quot;&quot;,&quot;focal_length&quot;:&quot;0&quot;,&quot;iso&quot;:&quot;0&quot;,&quot;shutter_speed&quot;:&quot;0&quot;,&quot;title&quot;:&quot;&quot;,&quot;orientation&quot;:&quot;0&quot;}\" data-image-title=\"Vinicius\" data-image-description=\"\" data-image-caption=\"\" data-medium-file=\"https:\/\/lappis.org.br\/site\/wp-content\/uploads\/2015\/11\/Vinicius-300x300.jpg\" data-large-file=\"https:\/\/lappis.org.br\/site\/wp-content\/uploads\/2015\/11\/Vinicius.jpg\" src=\"https:\/\/lappis.org.br\/site\/wp-content\/uploads\/2015\/11\/Vinicius.jpg\" alt=\"Vinicius\" class=\"wp-image-3357\" style=\"width:150px\" srcset=\"https:\/\/lappis.org.br\/site\/wp-content\/uploads\/2015\/11\/Vinicius.jpg 720w, https:\/\/lappis.org.br\/site\/wp-content\/uploads\/2015\/11\/Vinicius-150x150.jpg 150w, https:\/\/lappis.org.br\/site\/wp-content\/uploads\/2015\/11\/Vinicius-300x300.jpg 300w, https:\/\/lappis.org.br\/site\/wp-content\/uploads\/2015\/11\/Vinicius-100x100.jpg 100w\" sizes=\"(max-width: 720px) 100vw, 720px\" \/><\/figure>\n<\/div>\n\n\n\n<div class=\"wp-block-column is-layout-flow wp-block-column-is-layout-flow\" style=\"flex-basis:66.66%\">\n<h3 class=\"wp-block-heading\">Vin\u00edcius Azevedo Machado<\/h3>\n\n\n\n<p>Doutor em Sa\u00fade Coletiva pelo Programa de P\u00f3s-Gradua\u00e7\u00e3o em Sa\u00fade Coletiva do Instituto de Medicina Social da Universidade do Estado do Rio de Janeiro. Mestre em Educa\u00e7\u00e3o pelo CEFET-MG (2010). Gradua\u00e7\u00e3o em Licenciatura em Pedagogia pela Universidade Federal de Vi\u00e7osa (2005). Professor da Universidade do Estado do Amazonas (UEA), e atuo na \u00c1rea da Educa\u00e7\u00e3o em Sa\u00fade e Did\u00e1tica, no Curso de Enfermagem da Escola Superior de Ci\u00eancias da Sa\u00fade (ESA). Atualmente, \u00e9 pesquisador-coordenador no Laborat\u00f3rio Interdisciplinar de Pesquisa Social e Qualitativa (LIPeSQ), na Funda\u00e7\u00e3o de Medicina Tropical Dr. Heitor Vieira Dourado, onde desenvolve e participa de projetos sobre doen\u00e7as tropicais e infecciosas, a\u00e7\u00f5es de educa\u00e7\u00e3o popular em sa\u00fade e produ\u00e7\u00e3o de materiais educativos, em especial, com povos ind\u00edgenas e popula\u00e7\u00f5es ribeirinhas \u00c1reas de interesse: Did\u00e1tica aplicada \u00e0 Sa\u00fade.<\/p>\n\n\n\n<p><a href=\"http:\/\/buscatextual.cnpq.br\/buscatextual\/visualizacv.do?id=K4212233T0\" target=\"_blank\" rel=\"noreferrer noopener\">Curr\u00edculo Lattes<\/a><\/p>\n<\/div>\n<\/div>\n\n\n\n<div style=\"height:20px\" aria-hidden=\"true\" class=\"wp-block-spacer\"><\/div>\n\n\n\n<div class=\"wp-block-columns is-layout-flex wp-container-core-columns-is-layout-41 wp-block-columns-is-layout-flex\">\n<div class=\"wp-block-column is-layout-flow wp-block-column-is-layout-flow\" style=\"flex-basis:170px\">\n<figure class=\"wp-block-image size-full is-resized\"><img loading=\"lazy\" decoding=\"async\" width=\"200\" height=\"233\" data-attachment-id=\"8197\" data-permalink=\"https:\/\/lappis.org.br\/site\/integrantes\/zulmira\" data-orig-file=\"https:\/\/lappis.org.br\/site\/wp-content\/uploads\/2022\/11\/zulmira.jpg\" data-orig-size=\"200,233\" data-comments-opened=\"0\" data-image-meta=\"{&quot;aperture&quot;:&quot;0&quot;,&quot;credit&quot;:&quot;&quot;,&quot;camera&quot;:&quot;&quot;,&quot;caption&quot;:&quot;&quot;,&quot;created_timestamp&quot;:&quot;0&quot;,&quot;copyright&quot;:&quot;&quot;,&quot;focal_length&quot;:&quot;0&quot;,&quot;iso&quot;:&quot;0&quot;,&quot;shutter_speed&quot;:&quot;0&quot;,&quot;title&quot;:&quot;&quot;,&quot;orientation&quot;:&quot;0&quot;}\" data-image-title=\"zulmira\" data-image-description=\"\" data-image-caption=\"\" data-medium-file=\"https:\/\/lappis.org.br\/site\/wp-content\/uploads\/2022\/11\/zulmira.jpg\" data-large-file=\"https:\/\/lappis.org.br\/site\/wp-content\/uploads\/2022\/11\/zulmira.jpg\" src=\"https:\/\/lappis.org.br\/site\/wp-content\/uploads\/2022\/11\/zulmira.jpg\" alt=\"\" class=\"wp-image-8197\" style=\"width:150px\"\/><\/figure>\n<\/div>\n\n\n\n<div class=\"wp-block-column is-layout-flow wp-block-column-is-layout-flow\" style=\"flex-basis:66.66%\">\n<h3 class=\"wp-block-heading\">Zulmira Hartz<\/h3>\n\n\n\n<p>Doutorado e Mestrado em Sa\u00fade Comunit\u00e1ria pela Universit\u00e9 de Montreal (1989 e 1993) e P\u00f3s-Doc pela \u00c9cole Nationale de Sant\u00e9 Publique-France(1997). \u00c9 pesquisadora titular de Epidemiologia da ENSP\/Fiocruz (aposentada), onde coordenou os Programas de Mestrado e Doutorado em Sa\u00fade P\u00fablica (1994-1996), assumindo, posteriormente, a coordena\u00e7\u00e3o geral de p\u00f3s gradua\u00e7\u00e3o da Funda\u00e7\u00e3o Oswaldo Cruz ( 2002-2004) e as fun\u00e7\u00f5es de professora convidada do Departamento de Medicina Social, da Universidade de Montr\u00e9al (2004-2007), na qual permanece como pesquisadora associada ao Groupe de Recherche Interdisciplinaire en Sant\u00e9 (GRIS). Consultora independente em avalia\u00e7\u00e3o de programas, pol\u00edticas e sistemas de sa\u00fade, integrando tamb\u00e9m os grupos de pesquisa do CNPq- \u201cAvalia\u00e7\u00e3o da situa\u00e7\u00e3o de processos end\u00eamicos e programas de controle\u201d (Ensp-Fiocruz) e \u201cEstudos de Gest\u00e3o e Avalia\u00e7\u00e3o em Sa\u00fade\u201d(GEAS\/IMIP). Foi sub-directora do Instituto de Higiene e Medicina Tropical da Universidade Nova de Lisboa (IHMT\/UNL), professora associada e coordenadora da Unidade Curricular de Avalia\u00e7\u00e3o em Sa\u00fade no Programa de Doutoramento em Sa\u00fade Internacional (2011-2021).<\/p>\n\n\n\n<p><a href=\"http:\/\/lattes.cnpq.br\/6658303414466015\" target=\"_blank\" rel=\"noreferrer noopener\">Curr\u00edculo Lattes<\/a><\/p>\n<\/div>\n<\/div>\n\n\n\n<style>\n td{border:0 !important;}\n<\/style>\n\n\n\n<div style=\"height:100px\" aria-hidden=\"true\" class=\"wp-block-spacer\"><\/div>\n\n\n\n<h2 class=\"wp-block-heading\">Egressos<\/h2>\n\n\n\n<div class=\"wp-block-columns is-layout-flex wp-container-core-columns-is-layout-42 wp-block-columns-is-layout-flex\">\n<div class=\"wp-block-column is-layout-flow wp-block-column-is-layout-flow\" style=\"flex-basis:170px\">\n<figure class=\"wp-block-image size-full is-resized\"><img loading=\"lazy\" decoding=\"async\" width=\"211\" height=\"246\" data-attachment-id=\"8181\" data-permalink=\"https:\/\/lappis.org.br\/site\/integrantes\/alexandre-trino\" data-orig-file=\"https:\/\/lappis.org.br\/site\/wp-content\/uploads\/2022\/11\/alexandre-trino.jpg\" data-orig-size=\"211,246\" data-comments-opened=\"0\" data-image-meta=\"{&quot;aperture&quot;:&quot;0&quot;,&quot;credit&quot;:&quot;&quot;,&quot;camera&quot;:&quot;&quot;,&quot;caption&quot;:&quot;&quot;,&quot;created_timestamp&quot;:&quot;0&quot;,&quot;copyright&quot;:&quot;&quot;,&quot;focal_length&quot;:&quot;0&quot;,&quot;iso&quot;:&quot;0&quot;,&quot;shutter_speed&quot;:&quot;0&quot;,&quot;title&quot;:&quot;&quot;,&quot;orientation&quot;:&quot;0&quot;}\" data-image-title=\"alexandre-trino\" data-image-description=\"\" data-image-caption=\"\" data-medium-file=\"https:\/\/lappis.org.br\/site\/wp-content\/uploads\/2022\/11\/alexandre-trino.jpg\" data-large-file=\"https:\/\/lappis.org.br\/site\/wp-content\/uploads\/2022\/11\/alexandre-trino.jpg\" src=\"https:\/\/lappis.org.br\/site\/wp-content\/uploads\/2022\/11\/alexandre-trino.jpg\" alt=\"\" class=\"wp-image-8181\" style=\"width:150px\"\/><\/figure>\n<\/div>\n\n\n\n<div class=\"wp-block-column is-layout-flow wp-block-column-is-layout-flow\" style=\"flex-basis:66.66%\">\n<h3 class=\"wp-block-heading\">Alexandre Trino<\/h3>\n\n\n\n<p>Gradua\u00e7\u00e3o em Odontologia pela Faculdade de Odontologia de Nova Friburgo (1991). Mestrado em Sa\u00fade Coletiva (Odontologia Social) pela Universidade Federal Fluminense \u2013 UFF (2000). Doutorado em Informa\u00e7\u00e3o e comunica\u00e7\u00e3o em Sa\u00fade \u2013 ICICT\/FIOCRUZ (2020). Atualmente \u00e9 Professor de Sa\u00fade Coletiva do Instituto de Sa\u00fade Coletiva da UFRJ e Assessor T\u00e9cnico da Superintend\u00eancia de Aten\u00e7\u00e3o Psicossocial e Popula\u00e7\u00f5es Vulner\u00e1veis da Secretaria de Estado de Sa\u00fade. Foi Coordenador dos Consult\u00f3rios na Rua De Niter\u00f3i (2018-2022)<\/p>\n\n\n\n<p><strong><a href=\"http:\/\/lattes.cnpq.br\/0370239291086967\" target=\"_blank\" rel=\"noopener noreferrer\">Curr\u00edculo Lattes<\/a><\/strong><\/p>\n<\/div>\n<\/div>\n\n\n\n<div style=\"height:20px\" aria-hidden=\"true\" class=\"wp-block-spacer\"><\/div>\n\n\n\n<div class=\"wp-block-columns is-layout-flex wp-container-core-columns-is-layout-43 wp-block-columns-is-layout-flex\">\n<div class=\"wp-block-column is-layout-flow wp-block-column-is-layout-flow\" style=\"flex-basis:170px\">\n<figure class=\"wp-block-image size-full is-resized\"><img loading=\"lazy\" decoding=\"async\" width=\"148\" height=\"192\" data-attachment-id=\"4803\" data-permalink=\"https:\/\/lappis.org.br\/site\/integrantes\/alexandre-alves-modesto\" data-orig-file=\"https:\/\/lappis.org.br\/site\/wp-content\/uploads\/2017\/12\/ALEXANDRE-ALVES-MODESTO.jpg\" data-orig-size=\"148,192\" data-comments-opened=\"0\" data-image-meta=\"{&quot;aperture&quot;:&quot;0&quot;,&quot;credit&quot;:&quot;&quot;,&quot;camera&quot;:&quot;&quot;,&quot;caption&quot;:&quot;&quot;,&quot;created_timestamp&quot;:&quot;0&quot;,&quot;copyright&quot;:&quot;&quot;,&quot;focal_length&quot;:&quot;0&quot;,&quot;iso&quot;:&quot;0&quot;,&quot;shutter_speed&quot;:&quot;0&quot;,&quot;title&quot;:&quot;&quot;,&quot;orientation&quot;:&quot;1&quot;}\" data-image-title=\"ALEXANDRE ALVES MODESTO\" data-image-description=\"\" data-image-caption=\"\" data-medium-file=\"https:\/\/lappis.org.br\/site\/wp-content\/uploads\/2017\/12\/ALEXANDRE-ALVES-MODESTO.jpg\" data-large-file=\"https:\/\/lappis.org.br\/site\/wp-content\/uploads\/2017\/12\/ALEXANDRE-ALVES-MODESTO.jpg\" src=\"https:\/\/lappis.org.br\/site\/wp-content\/uploads\/2017\/12\/ALEXANDRE-ALVES-MODESTO.jpg\" alt=\"\" class=\"wp-image-4803\" style=\"width:150px;height:auto\"\/><\/figure>\n<\/div>\n\n\n\n<div class=\"wp-block-column is-layout-flow wp-block-column-is-layout-flow\" style=\"flex-basis:66.66%\">\n<h3 class=\"wp-block-heading\">Alexandre Alves Modesto<\/h3>\n\n\n\n<p>Doutorando em Sa\u00fade Coletiva na \u00e1rea de Pol\u00edtica, Planejamento e Administra\u00e7\u00e3o em Sa\u00fade pelo IMS\/UERJ. Mestre em Sa\u00fade Coletiva na \u00e1rea de Pol\u00edtica, Planejamento e Administra\u00e7\u00e3o em Sa\u00fade pelo IMS\/UERJ. Especialista em Gest\u00e3o de Projetos e de Investimentos em Sa\u00fade pela ENSP\/FIOCRUZ, Atua como Gestor P\u00fablico na SMS Rio como Coordenador Geral de APS da AP 2.2 e Especialista em Gest\u00e3o da Sa\u00fade na SES RJ. \u00c1reas de interesses: Gest\u00e3o P\u00fablica em Sa\u00fade, Pol\u00edticas P\u00fablicas<\/p>\n\n\n\n<p><a href=\"http:\/\/lattes.cnpq.br\/8825166994920353\" target=\"_blank\" rel=\"noreferrer noopener\">Curr\u00edculo Lattes<\/a><\/p>\n<\/div>\n<\/div>\n\n\n\n<div style=\"height:20px\" aria-hidden=\"true\" class=\"wp-block-spacer\"><\/div>\n\n\n\n<div class=\"wp-block-columns is-layout-flex wp-container-core-columns-is-layout-44 wp-block-columns-is-layout-flex\">\n<div class=\"wp-block-column is-layout-flow wp-block-column-is-layout-flow\" style=\"flex-basis:170px\">\n<figure class=\"wp-block-image size-full is-resized\"><img loading=\"lazy\" decoding=\"async\" width=\"148\" height=\"192\" data-attachment-id=\"4811\" data-permalink=\"https:\/\/lappis.org.br\/site\/integrantes\/carlos-eduardo-estellita-lins-2\" data-orig-file=\"https:\/\/lappis.org.br\/site\/wp-content\/uploads\/2017\/12\/CARLOS-EDUARDO-ESTELLITA-LINS-2.jpg\" data-orig-size=\"148,192\" data-comments-opened=\"0\" data-image-meta=\"{&quot;aperture&quot;:&quot;0&quot;,&quot;credit&quot;:&quot;&quot;,&quot;camera&quot;:&quot;&quot;,&quot;caption&quot;:&quot;&quot;,&quot;created_timestamp&quot;:&quot;0&quot;,&quot;copyright&quot;:&quot;&quot;,&quot;focal_length&quot;:&quot;0&quot;,&quot;iso&quot;:&quot;0&quot;,&quot;shutter_speed&quot;:&quot;0&quot;,&quot;title&quot;:&quot;&quot;,&quot;orientation&quot;:&quot;1&quot;}\" data-image-title=\"CARLOS EDUARDO ESTELLITA-LINS 2\" data-image-description=\"\" data-image-caption=\"\" data-medium-file=\"https:\/\/lappis.org.br\/site\/wp-content\/uploads\/2017\/12\/CARLOS-EDUARDO-ESTELLITA-LINS-2.jpg\" data-large-file=\"https:\/\/lappis.org.br\/site\/wp-content\/uploads\/2017\/12\/CARLOS-EDUARDO-ESTELLITA-LINS-2.jpg\" src=\"https:\/\/lappis.org.br\/site\/wp-content\/uploads\/2017\/12\/CARLOS-EDUARDO-ESTELLITA-LINS-2.jpg\" alt=\"\" class=\"wp-image-4811\" style=\"width:150px;height:auto\"\/><\/figure>\n<\/div>\n\n\n\n<div class=\"wp-block-column is-layout-flow wp-block-column-is-layout-flow\" style=\"flex-basis:66.66%\">\n<h3 class=\"wp-block-heading\">Carlos Eduardo Estellita-Lins<\/h3>\n\n\n\n<p>Doutor em Filosofia (UFRJ). Professor na P\u00f3s-gradua\u00e7\u00e3o em Comunica\u00e7\u00e3o e Informa\u00e7\u00e3o no ICICT-FIOCRUZ. Atua como pesquisador na Funda\u00e7\u00e3o Oswaldo Cruz. Mant\u00e9m atua\u00e7\u00e3o cl\u00ednica como psicanalista e psiquiatra. \u00c1reas de interesse: estudo da suicidologia e seus nexos cl\u00ednicos, epidemiol\u00f3gicos, de sa\u00fade p\u00fablica, ci\u00eancia da informa\u00e7\u00e3o e comunica\u00e7\u00e3o e sa\u00fade.<\/p>\n\n\n\n<p><a href=\"http:\/\/buscatextual.cnpq.br\/buscatextual\/visualizacv.do?id=K4784125J3\" target=\"_blank\" rel=\"noreferrer noopener\">Curr\u00edculo Lattes<\/a><\/p>\n<\/div>\n<\/div>\n\n\n\n<div style=\"height:20px\" aria-hidden=\"true\" class=\"wp-block-spacer\"><\/div>\n\n\n\n<div class=\"wp-block-columns is-layout-flex wp-container-core-columns-is-layout-45 wp-block-columns-is-layout-flex\">\n<div class=\"wp-block-column is-layout-flow wp-block-column-is-layout-flow\" style=\"flex-basis:170px\">\n<figure class=\"wp-block-image size-full is-resized\"><img loading=\"lazy\" decoding=\"async\" width=\"148\" height=\"192\" data-attachment-id=\"4812\" data-permalink=\"https:\/\/lappis.org.br\/site\/integrantes\/cesar-augusto-paro-2\" data-orig-file=\"https:\/\/lappis.org.br\/site\/wp-content\/uploads\/2017\/12\/C\u00c9SAR-AUGUSTO-PARO-2.jpg\" data-orig-size=\"148,192\" data-comments-opened=\"0\" data-image-meta=\"{&quot;aperture&quot;:&quot;0&quot;,&quot;credit&quot;:&quot;&quot;,&quot;camera&quot;:&quot;&quot;,&quot;caption&quot;:&quot;&quot;,&quot;created_timestamp&quot;:&quot;0&quot;,&quot;copyright&quot;:&quot;&quot;,&quot;focal_length&quot;:&quot;0&quot;,&quot;iso&quot;:&quot;0&quot;,&quot;shutter_speed&quot;:&quot;0&quot;,&quot;title&quot;:&quot;&quot;,&quot;orientation&quot;:&quot;1&quot;}\" data-image-title=\"C\u00c9SAR AUGUSTO PARO 2\" data-image-description=\"\" data-image-caption=\"\" data-medium-file=\"https:\/\/lappis.org.br\/site\/wp-content\/uploads\/2017\/12\/C\u00c9SAR-AUGUSTO-PARO-2.jpg\" data-large-file=\"https:\/\/lappis.org.br\/site\/wp-content\/uploads\/2017\/12\/C\u00c9SAR-AUGUSTO-PARO-2.jpg\" src=\"https:\/\/lappis.org.br\/site\/wp-content\/uploads\/2017\/12\/C\u00c9SAR-AUGUSTO-PARO-2.jpg\" alt=\"\" class=\"wp-image-4812\" style=\"width:150px;height:auto\"\/><\/figure>\n<\/div>\n\n\n\n<div class=\"wp-block-column is-layout-flow wp-block-column-is-layout-flow\" style=\"flex-basis:66.66%\">\n<h3 class=\"wp-block-heading\">C\u00e9sar Augusto Paro<\/h3>\n\n\n\n<p>Doutor em Sa\u00fade Coletiva do Instituto de Estudos em Sa\u00fade Coletiva (IESC) da UFRJ. &nbsp;Mestre em sa\u00fade Coletiva Pelo Instituto de Mediicna social da UERJ. Como sanitarista atua em a\u00e7\u00f5es de ensino, pesquisa e extens\u00e3o a partir da perspectiva da Educa\u00e7\u00e3o Popular em Sa\u00fade. Professor Adjunto e Coordenador de Est\u00e1gios da Gradua\u00e7\u00e3o em Sa\u00fade Coletiva da Universidade Federal do Sul e Sudeste do Par\u00e1 (Unifesspa).\u00c9 ator e performer, possuindo experi\u00eancia com pesquisa baseada em artes, teatro do oprimido, palha\u00e7aria e performance urbana. \u00c1reas de Interesse: de forma\u00e7\u00e3o de profissionais de sa\u00fade, educa\u00e7\u00e3o popular em sa\u00fade, educa\u00e7\u00e3o em sa\u00fade, promo\u00e7\u00e3o da sa\u00fade, pr\u00e1ticas art\u00edsticas em sa\u00fade e integralidade em sa\u00fade.<\/p>\n\n\n\n<p><strong><a href=\"http:\/\/buscatextual.cnpq.br\/buscatextual\/visualizacv.do?id=K4464559P8\">Curr\u00edculo Lattes<\/a><\/strong><\/p>\n<\/div>\n<\/div>\n\n\n\n<div style=\"height:20px\" aria-hidden=\"true\" class=\"wp-block-spacer\"><\/div>\n\n\n\n<div class=\"wp-block-columns is-layout-flex wp-container-core-columns-is-layout-46 wp-block-columns-is-layout-flex\">\n<div class=\"wp-block-column is-layout-flow wp-block-column-is-layout-flow\" style=\"flex-basis:170px\">\n<figure class=\"wp-block-image size-full is-resized\"><img loading=\"lazy\" decoding=\"async\" width=\"300\" height=\"382\" data-attachment-id=\"8109\" data-permalink=\"https:\/\/lappis.org.br\/site\/integrantes\/cleydilene\" data-orig-file=\"https:\/\/lappis.org.br\/site\/wp-content\/uploads\/2021\/05\/cleydilene.jpg\" data-orig-size=\"300,382\" data-comments-opened=\"0\" data-image-meta=\"{&quot;aperture&quot;:&quot;0&quot;,&quot;credit&quot;:&quot;&quot;,&quot;camera&quot;:&quot;&quot;,&quot;caption&quot;:&quot;&quot;,&quot;created_timestamp&quot;:&quot;0&quot;,&quot;copyright&quot;:&quot;&quot;,&quot;focal_length&quot;:&quot;0&quot;,&quot;iso&quot;:&quot;0&quot;,&quot;shutter_speed&quot;:&quot;0&quot;,&quot;title&quot;:&quot;&quot;,&quot;orientation&quot;:&quot;0&quot;}\" data-image-title=\"cleydilene\" data-image-description=\"\" data-image-caption=\"\" data-medium-file=\"https:\/\/lappis.org.br\/site\/wp-content\/uploads\/2021\/05\/cleydilene-236x300.jpg\" data-large-file=\"https:\/\/lappis.org.br\/site\/wp-content\/uploads\/2021\/05\/cleydilene.jpg\" src=\"https:\/\/lappis.org.br\/site\/wp-content\/uploads\/2021\/05\/cleydilene.jpg\" alt=\"\" class=\"wp-image-8109\" style=\"width:150px;height:auto\" srcset=\"https:\/\/lappis.org.br\/site\/wp-content\/uploads\/2021\/05\/cleydilene.jpg 300w, https:\/\/lappis.org.br\/site\/wp-content\/uploads\/2021\/05\/cleydilene-236x300.jpg 236w, https:\/\/lappis.org.br\/site\/wp-content\/uploads\/2021\/05\/cleydilene-192x245.jpg 192w\" sizes=\"(max-width: 300px) 100vw, 300px\" \/><\/figure>\n<\/div>\n\n\n\n<div class=\"wp-block-column is-layout-flow wp-block-column-is-layout-flow\" style=\"flex-basis:66.66%\">\n<h3 class=\"wp-block-heading\">Cleydilene Bezerra Santos<\/h3>\n\n\n\n<p>Mestranda em Sa\u00fade Coletiva, na \u00e1rea de Pol\u00edtica, Planejamento e Administra\u00e7\u00e3o em Sa\u00fade do Instituto de Medicina Social da UERJ. Especialista em Gest\u00e3o em Sa\u00fade da Fam\u00edlia pela UERJ. Atuou como Preceptora do Programa de Resid\u00eancia em Enfermagem em Sa\u00fade da Fam\u00edlia &#8211; PRESF da Secretaria Municipal de Sa\u00fade do Rio de Janeiro entre 2017 e 2020. Atualmente, Enfermeira da Estrat\u00e9gia Sa\u00fade da Fam\u00edlia no Munic\u00edpio do Rio de Janeiro e Preceptora do PET-Sa\u00fade\/Interprofissionalidade da UERJ.<br><a href=\"http:\/\/lattes.cnpq.br\/4755378383499164\" target=\"_blank\" rel=\"noreferrer noopener\">Curr\u00edculo Lattes<\/a><\/p>\n<\/div>\n<\/div>\n\n\n\n<div style=\"height:20px\" aria-hidden=\"true\" class=\"wp-block-spacer\"><\/div>\n\n\n\n<div class=\"wp-block-columns is-layout-flex wp-container-core-columns-is-layout-47 wp-block-columns-is-layout-flex\">\n<div class=\"wp-block-column is-layout-flow wp-block-column-is-layout-flow\" style=\"flex-basis:170px\">\n<figure class=\"wp-block-image size-full is-resized\"><img loading=\"lazy\" decoding=\"async\" width=\"148\" height=\"192\" data-attachment-id=\"4817\" data-permalink=\"https:\/\/lappis.org.br\/site\/integrantes\/fabio-hebert-da-silva\" data-orig-file=\"https:\/\/lappis.org.br\/site\/wp-content\/uploads\/2017\/12\/FABIO-HEBERT-DA-SILVA.jpg\" data-orig-size=\"148,192\" data-comments-opened=\"0\" data-image-meta=\"{&quot;aperture&quot;:&quot;0&quot;,&quot;credit&quot;:&quot;&quot;,&quot;camera&quot;:&quot;&quot;,&quot;caption&quot;:&quot;&quot;,&quot;created_timestamp&quot;:&quot;0&quot;,&quot;copyright&quot;:&quot;&quot;,&quot;focal_length&quot;:&quot;0&quot;,&quot;iso&quot;:&quot;0&quot;,&quot;shutter_speed&quot;:&quot;0&quot;,&quot;title&quot;:&quot;&quot;,&quot;orientation&quot;:&quot;1&quot;}\" data-image-title=\"FABIO HEBERT DA SILVA\" data-image-description=\"\" data-image-caption=\"\" data-medium-file=\"https:\/\/lappis.org.br\/site\/wp-content\/uploads\/2017\/12\/FABIO-HEBERT-DA-SILVA.jpg\" data-large-file=\"https:\/\/lappis.org.br\/site\/wp-content\/uploads\/2017\/12\/FABIO-HEBERT-DA-SILVA.jpg\" src=\"https:\/\/lappis.org.br\/site\/wp-content\/uploads\/2017\/12\/FABIO-HEBERT-DA-SILVA.jpg\" alt=\"\" class=\"wp-image-4817\" style=\"width:150px;height:auto\"\/><\/figure>\n<\/div>\n\n\n\n<div class=\"wp-block-column is-layout-flow wp-block-column-is-layout-flow\" style=\"flex-basis:66.66%\">\n<h3 class=\"wp-block-heading\">Fabio Hebert da Silva<\/h3>\n\n\n\n<p>Doutor em Educa\u00e7\u00e3o (UFES) Professor Adjunto do Curso de Psicologia da UFES e do Programa de P\u00f3s-Gradua\u00e7\u00e3o em Psicologia Institucional\/UFES. \u00c1reas de Interesse: An\u00e1lise Institucional, Pol\u00edticas P\u00fablicas, \u00c9tica, Sa\u00fade, Processos de Forma\u00e7\u00e3o, Transdisciplinaridade e articula\u00e7\u00e3o entre Psicologia, Filosofia e Literatura.<\/p>\n\n\n\n<p><a href=\"http:\/\/lattes.cnpq.br\/5489597879828913\" target=\"_blank\" rel=\"noopener\">Curr\u00edculo Lattes<\/a><\/p>\n<\/div>\n<\/div>\n\n\n\n<div style=\"height:20px\" aria-hidden=\"true\" class=\"wp-block-spacer\"><\/div>\n\n\n\n<div class=\"wp-block-columns is-layout-flex wp-container-core-columns-is-layout-48 wp-block-columns-is-layout-flex\">\n<div class=\"wp-block-column is-layout-flow wp-block-column-is-layout-flow\" style=\"flex-basis:170px\">\n<figure class=\"wp-block-image size-full is-resized\"><img loading=\"lazy\" decoding=\"async\" width=\"148\" height=\"192\" data-attachment-id=\"4814\" data-permalink=\"https:\/\/lappis.org.br\/site\/integrantes\/elaine-teixeira-rabello-2\" data-orig-file=\"https:\/\/lappis.org.br\/site\/wp-content\/uploads\/2017\/12\/ELAINE-TEIXEIRA-RABELLO-2.jpg\" data-orig-size=\"148,192\" data-comments-opened=\"0\" data-image-meta=\"{&quot;aperture&quot;:&quot;0&quot;,&quot;credit&quot;:&quot;&quot;,&quot;camera&quot;:&quot;&quot;,&quot;caption&quot;:&quot;&quot;,&quot;created_timestamp&quot;:&quot;0&quot;,&quot;copyright&quot;:&quot;&quot;,&quot;focal_length&quot;:&quot;0&quot;,&quot;iso&quot;:&quot;0&quot;,&quot;shutter_speed&quot;:&quot;0&quot;,&quot;title&quot;:&quot;&quot;,&quot;orientation&quot;:&quot;1&quot;}\" data-image-title=\"ELAINE TEIXEIRA RABELLO 2\" data-image-description=\"\" data-image-caption=\"\" data-medium-file=\"https:\/\/lappis.org.br\/site\/wp-content\/uploads\/2017\/12\/ELAINE-TEIXEIRA-RABELLO-2.jpg\" data-large-file=\"https:\/\/lappis.org.br\/site\/wp-content\/uploads\/2017\/12\/ELAINE-TEIXEIRA-RABELLO-2.jpg\" src=\"https:\/\/lappis.org.br\/site\/wp-content\/uploads\/2017\/12\/ELAINE-TEIXEIRA-RABELLO-2.jpg\" alt=\"\" class=\"wp-image-4814\" style=\"width:150px;height:auto\"\/><\/figure>\n<\/div>\n\n\n\n<div class=\"wp-block-column is-layout-flow wp-block-column-is-layout-flow\" style=\"flex-basis:66.66%\">\n<h3 class=\"wp-block-heading\">Elaine Teixeira Rabello<\/h3>\n\n\n\n<p>Doutora em Sa\u00fade Coletiva \u2013 IMS-UERJ. Professora Adjunta do IMS-UERJ e Pesquisadora colaboradora da Funda\u00e7\u00e3o Oswaldo Cruz em projetos de ensino, pesquisa e desenvolvimento na \u00e1rea de Ci\u00eancias Sociais e Sa\u00fade, Aten\u00e7\u00e3o B\u00e1sica, Sa\u00fade Mental e Forma\u00e7\u00e3o Profissional em Sa\u00fade, integrante da equipe de coordena\u00e7\u00e3o da Rede Zika. \u00c1reas de interesse: Redes de pesquisa, circula\u00e7\u00e3o de conhecimentos e saberes em sa\u00fade, educa\u00e7\u00e3o em sa\u00fade, aten\u00e7\u00e3o prim\u00e1ria, sa\u00fade mental, medicaliza\u00e7\u00e3o, metodologias qualitativas e metodologias digitais.<br><a href=\"http:\/\/lattes.cnpq.br\/0321476659513879\" target=\"_blank\" rel=\"noreferrer noopener\">Curr\u00edculo Lattes<\/a><\/p>\n<\/div>\n<\/div>\n\n\n\n<div style=\"height:20px\" aria-hidden=\"true\" class=\"wp-block-spacer\"><\/div>\n\n\n\n<div class=\"wp-block-columns is-layout-flex wp-container-core-columns-is-layout-49 wp-block-columns-is-layout-flex\">\n<div class=\"wp-block-column is-layout-flow wp-block-column-is-layout-flow\" style=\"flex-basis:170px\">\n<figure class=\"wp-block-image size-full is-resized\"><img loading=\"lazy\" decoding=\"async\" width=\"148\" height=\"192\" data-attachment-id=\"4822\" data-permalink=\"https:\/\/lappis.org.br\/site\/integrantes\/revista-radis-miolo\" data-orig-file=\"https:\/\/lappis.org.br\/site\/wp-content\/uploads\/2017\/12\/JANINE-CARDOSO.jpg\" data-orig-size=\"148,192\" data-comments-opened=\"0\" data-image-meta=\"{&quot;aperture&quot;:&quot;0&quot;,&quot;credit&quot;:&quot;Radis&quot;,&quot;camera&quot;:&quot;&quot;,&quot;caption&quot;:&quot;&quot;,&quot;created_timestamp&quot;:&quot;0&quot;,&quot;copyright&quot;:&quot;&quot;,&quot;focal_length&quot;:&quot;0&quot;,&quot;iso&quot;:&quot;0&quot;,&quot;shutter_speed&quot;:&quot;0&quot;,&quot;title&quot;:&quot;Revista Radis - Miolo&quot;,&quot;orientation&quot;:&quot;1&quot;}\" data-image-title=\"Revista Radis &#8211; Miolo\" data-image-description=\"\" data-image-caption=\"\" data-medium-file=\"https:\/\/lappis.org.br\/site\/wp-content\/uploads\/2017\/12\/JANINE-CARDOSO.jpg\" data-large-file=\"https:\/\/lappis.org.br\/site\/wp-content\/uploads\/2017\/12\/JANINE-CARDOSO.jpg\" src=\"https:\/\/lappis.org.br\/site\/wp-content\/uploads\/2017\/12\/JANINE-CARDOSO.jpg\" alt=\"\" class=\"wp-image-4822\" style=\"width:150px;height:auto\"\/><\/figure>\n<\/div>\n\n\n\n<div class=\"wp-block-column is-layout-flow wp-block-column-is-layout-flow\" style=\"flex-basis:66.66%\">\n<h3 class=\"wp-block-heading\">Janine Cardoso<\/h3>\n\n\n\n<p>Doutora em Comunica\u00e7\u00e3o e Cultura (ECO\/UFRJ), Cientista Social da Funda\u00e7\u00e3o Oswaldo Cruz. Professora do Programa de P\u00f3s-gradua\u00e7\u00e3o em Informa\u00e7\u00e3o e Comunica\u00e7\u00e3o e Sa\u00fade (PPGICS-ICICT\/Fiocruz). Integrante dos Grupos de Pesquisa Comunica\u00e7\u00e3o e Sa\u00fade e Teoria, Epistemologia e Interdisciplinaridade da Ci\u00eancia da Informa\u00e7\u00e3o- Diret\u00f3rio de Pesquisa do CNPq.<\/p>\n\n\n\n<p><a href=\"http:\/\/buscatextual.cnpq.br\/buscatextual\/visualizacv.do?id=K4786043Y0\" target=\"_blank\" rel=\"noreferrer noopener\">Curr\u00edculo Lattes<\/a><\/p>\n<\/div>\n<\/div>\n\n\n\n<div style=\"height:20px\" aria-hidden=\"true\" class=\"wp-block-spacer\"><\/div>\n\n\n\n<div class=\"wp-block-columns is-layout-flex wp-container-core-columns-is-layout-50 wp-block-columns-is-layout-flex\">\n<div class=\"wp-block-column is-layout-flow wp-block-column-is-layout-flow\" style=\"flex-basis:170px\">\n<figure class=\"wp-block-image size-full is-resized\"><img loading=\"lazy\" decoding=\"async\" width=\"640\" height=\"640\" data-attachment-id=\"8194\" data-permalink=\"https:\/\/lappis.org.br\/site\/integrantes\/joao\" data-orig-file=\"https:\/\/lappis.org.br\/site\/wp-content\/uploads\/2022\/11\/joao.jpg\" data-orig-size=\"640,640\" data-comments-opened=\"0\" data-image-meta=\"{&quot;aperture&quot;:&quot;0&quot;,&quot;credit&quot;:&quot;&quot;,&quot;camera&quot;:&quot;&quot;,&quot;caption&quot;:&quot;&quot;,&quot;created_timestamp&quot;:&quot;0&quot;,&quot;copyright&quot;:&quot;&quot;,&quot;focal_length&quot;:&quot;0&quot;,&quot;iso&quot;:&quot;0&quot;,&quot;shutter_speed&quot;:&quot;0&quot;,&quot;title&quot;:&quot;&quot;,&quot;orientation&quot;:&quot;0&quot;}\" data-image-title=\"joao\" data-image-description=\"\" data-image-caption=\"\" data-medium-file=\"https:\/\/lappis.org.br\/site\/wp-content\/uploads\/2022\/11\/joao-300x300.jpg\" data-large-file=\"https:\/\/lappis.org.br\/site\/wp-content\/uploads\/2022\/11\/joao.jpg\" src=\"https:\/\/lappis.org.br\/site\/wp-content\/uploads\/2022\/11\/joao.jpg\" alt=\"\" class=\"wp-image-8194\" style=\"width:150px;height:auto\" srcset=\"https:\/\/lappis.org.br\/site\/wp-content\/uploads\/2022\/11\/joao.jpg 640w, https:\/\/lappis.org.br\/site\/wp-content\/uploads\/2022\/11\/joao-300x300.jpg 300w, https:\/\/lappis.org.br\/site\/wp-content\/uploads\/2022\/11\/joao-150x150.jpg 150w, https:\/\/lappis.org.br\/site\/wp-content\/uploads\/2022\/11\/joao-245x245.jpg 245w\" sizes=\"(max-width: 640px) 100vw, 640px\" \/><\/figure>\n<\/div>\n\n\n\n<div class=\"wp-block-column is-layout-flow wp-block-column-is-layout-flow\" style=\"flex-basis:66.66%\">\n<h3 class=\"wp-block-heading\">Jo\u00e3o Paulo Brito<\/h3>\n\n\n\n<p>Doutor em Sa\u00fade Coletiva pelo Instituto de Medicina Social Hesio Cordeiro \u2013 IMS\/UERJ (2024). Mestre em Pol\u00edticas p\u00fablicas em Sa\u00fade pela Funda\u00e7\u00e3o Oswaldo Cruz \u2013 Bras\u00edlia. Gradua\u00e7\u00e3o em Enfermagem pela Universidade Federal da Bahia (2010). Especializa\u00e7\u00e3o em administra\u00e7\u00e3o Hospitalar e servi\u00e7os de Sa\u00fade pela Universidade Federal da Bahia (2012). Tem experiencia em gest\u00e3o p\u00fablica municipal, atuou como refer\u00eancia centralizada AAIS\/DEPREPS\/SGTES do Minist\u00e9rio da Sa\u00fade na implanta\u00e7\u00e3o do Programa Mais M\u00e9dicos, Assessorou a dire\u00e7\u00e3o da Escola Fiocruz de Governo da Funda\u00e7\u00e3o Oswaldo Cruz \u2013 Bras\u00edlia, coordenou o Programa de Resid\u00eancia Multiprofissional em Gest\u00e3o de Pol\u00edticas P\u00fablicas para a Sa\u00fade e o Programa de Resid\u00eancia Multiprofissional em Aten\u00e7\u00e3o B\u00e1sica da Fiocruz Bras\u00edlia Foi Diretor de Aten\u00e7\u00e3o Prim\u00e1ria \u00e0 Sa\u00fade na Secretaria de Estado da Sa\u00fade de Sergipe \u2013 SES-SE e assessor na Secretaria Municipal de Sa\u00fade de S\u00e3o Crist\u00f3v\u00e3o \u2013 SMS-SE. Exerceu na lideran\u00e7a da \u00e1rea de monitoramento e avalia\u00e7\u00e3o e na CGPLAD\/DGAPS\/SAPS\/MS e atualmente coordena a \u00e1rea de inova\u00e7\u00e3o e Tecnologias Emergentes na AGSUS.<\/p>\n\n\n\n<p><a href=\"http:\/\/lattes.cnpq.br\/5729141630793009\" target=\"_blank\" rel=\"noreferrer noopener\">Curr\u00edculo Lattes<\/a><\/p>\n<\/div>\n<\/div>\n\n\n\n<table style=\"width: 100%; height: 489px;\" border=\"0\" width=\"100%\" cellspacing=\"0\" cellpadding=\"0\">\n<tbody>\n<tr style=\"height: 79px;\">\n<td style=\"width: 19.5238%; height: 79px;\">\n<h3><img decoding=\"async\" src=\"\/site\/wp-content\/uploads\/2017\/12\/PEDRO-M\u00c1XIMO-DE-ANDRADE-RODRIGUES.jpg\" alt=\"\" width=\"150\" \/><\/h3>\n<\/td>\n<td style=\"width: 80.2381%; height: 79px;\">\n<h3>Pedro M\u00e1ximo de Andrade Rodrigues<\/h3>\n<p>Doutor em Sa\u00fade Coletiva (IMS\/UERJ). Professor da Escola de Ci\u00eancias da Sa\u00fade da UEA. \u00c1rea de interesse: tecnologias educacionais, telessa\u00fade e teleduca\u00e7\u00e3o.<br \/><a href=\"http:\/\/buscatextual.cnpq.br\/buscatextual\/visualizacv.do?id=K4556021E6\" target=\"_blank\" rel=\"noopener noreferrer\">Curr\u00edculo Lattes<\/a><\/p>\n<\/td>\n<\/tr>\n<tr style=\"height: 156px;\">\n<td style=\"width: 19.5238%; height: 156px;\">\n<h3><img decoding=\"async\" src=\"\/site\/wp-content\/uploads\/2017\/12\/RAFAEL-DA-SILVEIRA-GOMES.jpg\" alt=\"\" width=\"150\" \/><\/h3>\n<\/td>\n<td style=\"width: 80.2381%; height: 156px;\">\n<h3>Rafael da Silveira Gomes<\/h3>\n<p>Doutor em Sa\u00fade P\u00fablica (FIOCRUZ). Professor Adjunto do Departamento de Psicologia da UFES e do Programa de P\u00f3s-Gradua\u00e7\u00e3o em Psicologia Institucional. \u00c1rea de interesse: Psicologia com \u00eanfase em Sa\u00fade Coletiva e Psicologia do Trabalho, atuando principalmente nos seguintes temas: sa\u00fade do trabalhador, trabalho em equipe, integralidade, Pol\u00edtica Nacional de Humaniza\u00e7\u00e3o, psicologia e educa\u00e7\u00e3o.<br \/><a href=\"http:\/\/lattes.cnpq.br\/7871400152571707\" target=\"_blank\" rel=\"noopener noreferrer\">Curr\u00edculo Lattes<\/a><\/p>\n<\/td>\n<\/tr>\n<tr style=\"height: 254px;\">\n<td style=\"width: 19.5238%; height: 254px;\">\n<h3><img decoding=\"async\" data-attachment-id=\"7976\" data-permalink=\"https:\/\/lappis.org.br\/site\/integrantes\/zuleide\" data-orig-file=\"https:\/\/lappis.org.br\/site\/wp-content\/uploads\/2020\/09\/zuleide.jpg\" data-orig-size=\"440,540\" data-comments-opened=\"0\" data-image-meta=\"{&quot;aperture&quot;:&quot;0&quot;,&quot;credit&quot;:&quot;&quot;,&quot;camera&quot;:&quot;&quot;,&quot;caption&quot;:&quot;&quot;,&quot;created_timestamp&quot;:&quot;0&quot;,&quot;copyright&quot;:&quot;&quot;,&quot;focal_length&quot;:&quot;0&quot;,&quot;iso&quot;:&quot;0&quot;,&quot;shutter_speed&quot;:&quot;0&quot;,&quot;title&quot;:&quot;&quot;,&quot;orientation&quot;:&quot;0&quot;}\" data-image-title=\"zuleide\" data-image-description=\"\" data-image-caption=\"\" data-medium-file=\"https:\/\/lappis.org.br\/site\/wp-content\/uploads\/2020\/09\/zuleide-244x300.jpg\" data-large-file=\"https:\/\/lappis.org.br\/site\/wp-content\/uploads\/2020\/09\/zuleide.jpg\" class=\"alignnone size-medium wp-image-7976\" src=\"https:\/\/lappis.org.br\/site\/wp-content\/uploads\/2020\/09\/zuleide-244x300.jpg\" alt=\"\" width=\"150\" srcset=\"https:\/\/lappis.org.br\/site\/wp-content\/uploads\/2020\/09\/zuleide-244x300.jpg 244w, https:\/\/lappis.org.br\/site\/wp-content\/uploads\/2020\/09\/zuleide-200x245.jpg 200w, https:\/\/lappis.org.br\/site\/wp-content\/uploads\/2020\/09\/zuleide.jpg 440w\" sizes=\"(max-width: 244px) 100vw, 244px\" \/><\/h3>\n<\/td>\n<td style=\"width: 80.2381%; height: 254px;\">\n<h3>Zuleyce Maria Lessa Pacheco<\/h3>\n<p>Doutora em Enfermagem pela Escola de Enfermagem Anna Nery da UFRJ (2010). P\u00f3s Doutorado Pol\u00edtica, Planejamento e Gest\u00e3o em Sa\u00fade pelo Instituto de Medicina Social da UERJ. \u00c9 professora Adjunto da Faculdade de Enfermagem da Universidade Federal de Juiz de Fora, desenvolvendo atividades no Curso de Gradua\u00e7\u00e3o em Enfermagem da Universidade Federal de Juiz de Fora e no Programa de P\u00f3s-gradua\u00e7\u00e3o Mestrado em Enfermagem.<\/p>\n<\/td>\n<\/tr>\n<\/tbody>\n<\/table>\n","protected":false},"excerpt":{"rendered":"<div class=\"mh-excerpt\"><p>Listamos aqui os integrantes da Rede Multic\u00eantrica de Pesquisa Incubadora da Integralidade em Sa\u00fade, como resultado de um empreendimento humano e coletivo de incluir participantes das atividades de pesquisa-ensino-extens\u00e3o das institui\u00e7\u00f5es parceiras e genu\u00ednas de <a class=\"mh-excerpt-more\" href=\"https:\/\/lappis.org.br\/site\/integrantes\" title=\"Integrantes\">[&#8230;]<\/a><\/p>\n<\/div>","protected":false},"author":5,"featured_media":5302,"parent":0,"menu_order":0,"comment_status":"closed","ping_status":"closed","template":"","meta":{"_acf_changed":false,"_exactmetrics_skip_tracking":false,"_exactmetrics_sitenote_active":false,"_exactmetrics_sitenote_note":"","_exactmetrics_sitenote_category":0,"jetpack_post_was_ever_published":false,"footnotes":""},"class_list":["post-4034","page","type-page","status-publish","has-post-thumbnail"],"acf":[],"yoast_head":"<!-- This site is optimized with the Yoast SEO plugin v25.2 - https:\/\/yoast.com\/wordpress\/plugins\/seo\/ -->\n<title>Integrantes - Lappis 25 anos<\/title>\n<meta name=\"robots\" content=\"index, follow, max-snippet:-1, max-image-preview:large, max-video-preview:-1\" \/>\n<link rel=\"canonical\" href=\"https:\/\/lappis.org.br\/site\/integrantes\" \/>\n<meta property=\"og:locale\" content=\"pt_BR\" \/>\n<meta property=\"og:type\" content=\"article\" \/>\n<meta property=\"og:title\" content=\"Integrantes - Lappis 25 anos\" \/>\n<meta property=\"og:description\" content=\"Listamos aqui os integrantes da Rede Multic\u00eantrica de Pesquisa Incubadora da Integralidade em Sa\u00fade, como resultado de um empreendimento humano e coletivo de incluir participantes das atividades de pesquisa-ensino-extens\u00e3o das institui\u00e7\u00f5es parceiras e genu\u00ednas de [...]\" \/>\n<meta property=\"og:url\" content=\"https:\/\/lappis.org.br\/site\/integrantes\" \/>\n<meta property=\"og:site_name\" content=\"Lappis 25 anos\" \/>\n<meta property=\"article:modified_time\" content=\"2026-02-02T22:42:45+00:00\" \/>\n<meta property=\"og:image\" content=\"https:\/\/lappis.org.br\/site\/wp-content\/uploads\/2018\/01\/logo-branca.png\" \/>\n\t<meta property=\"og:image:width\" content=\"300\" \/>\n\t<meta property=\"og:image:height\" content=\"100\" \/>\n\t<meta property=\"og:image:type\" content=\"image\/png\" \/>\n<meta name=\"twitter:card\" content=\"summary_large_image\" \/>\n<meta name=\"twitter:label1\" content=\"Est. tempo de leitura\" \/>\n\t<meta name=\"twitter:data1\" content=\"39 minutos\" \/>\n<script type=\"application\/ld+json\" class=\"yoast-schema-graph\">{\"@context\":\"https:\/\/schema.org\",\"@graph\":[{\"@type\":\"WebPage\",\"@id\":\"https:\/\/lappis.org.br\/site\/integrantes\",\"url\":\"https:\/\/lappis.org.br\/site\/integrantes\",\"name\":\"Integrantes - Lappis 25 anos\",\"isPartOf\":{\"@id\":\"https:\/\/lappis.org.br\/site\/#website\"},\"primaryImageOfPage\":{\"@id\":\"https:\/\/lappis.org.br\/site\/integrantes#primaryimage\"},\"image\":{\"@id\":\"https:\/\/lappis.org.br\/site\/integrantes#primaryimage\"},\"thumbnailUrl\":\"https:\/\/lappis.org.br\/site\/wp-content\/uploads\/2018\/01\/logo-branca.png\",\"datePublished\":\"2017-10-16T12:58:41+00:00\",\"dateModified\":\"2026-02-02T22:42:45+00:00\",\"breadcrumb\":{\"@id\":\"https:\/\/lappis.org.br\/site\/integrantes#breadcrumb\"},\"inLanguage\":\"pt-BR\",\"potentialAction\":[{\"@type\":\"ReadAction\",\"target\":[\"https:\/\/lappis.org.br\/site\/integrantes\"]}]},{\"@type\":\"ImageObject\",\"inLanguage\":\"pt-BR\",\"@id\":\"https:\/\/lappis.org.br\/site\/integrantes#primaryimage\",\"url\":\"https:\/\/lappis.org.br\/site\/wp-content\/uploads\/2018\/01\/logo-branca.png\",\"contentUrl\":\"https:\/\/lappis.org.br\/site\/wp-content\/uploads\/2018\/01\/logo-branca.png\",\"width\":300,\"height\":100},{\"@type\":\"BreadcrumbList\",\"@id\":\"https:\/\/lappis.org.br\/site\/integrantes#breadcrumb\",\"itemListElement\":[{\"@type\":\"ListItem\",\"position\":1,\"name\":\"In\u00edcio\",\"item\":\"https:\/\/lappis.org.br\/site\/\"},{\"@type\":\"ListItem\",\"position\":2,\"name\":\"Integrantes\"}]},{\"@type\":\"WebSite\",\"@id\":\"https:\/\/lappis.org.br\/site\/#website\",\"url\":\"https:\/\/lappis.org.br\/site\/\",\"name\":\"Lappis 25 anos\",\"description\":\"Labotat\u00f3rio de Pesquisas sobre Pr\u00e1ticas de Integralidade em Sa\u00fade\",\"publisher\":{\"@id\":\"https:\/\/lappis.org.br\/site\/#organization\"},\"potentialAction\":[{\"@type\":\"SearchAction\",\"target\":{\"@type\":\"EntryPoint\",\"urlTemplate\":\"https:\/\/lappis.org.br\/site\/?s={search_term_string}\"},\"query-input\":{\"@type\":\"PropertyValueSpecification\",\"valueRequired\":true,\"valueName\":\"search_term_string\"}}],\"inLanguage\":\"pt-BR\"},{\"@type\":\"Organization\",\"@id\":\"https:\/\/lappis.org.br\/site\/#organization\",\"name\":\"Lappis 25 anos\",\"url\":\"https:\/\/lappis.org.br\/site\/\",\"logo\":{\"@type\":\"ImageObject\",\"inLanguage\":\"pt-BR\",\"@id\":\"https:\/\/lappis.org.br\/site\/#\/schema\/logo\/image\/\",\"url\":\"https:\/\/lappis.org.br\/site\/wp-content\/uploads\/2025\/03\/logo-lappis25anos.png\",\"contentUrl\":\"https:\/\/lappis.org.br\/site\/wp-content\/uploads\/2025\/03\/logo-lappis25anos.png\",\"width\":388,\"height\":146,\"caption\":\"Lappis 25 anos\"},\"image\":{\"@id\":\"https:\/\/lappis.org.br\/site\/#\/schema\/logo\/image\/\"}}]}<\/script>\n<!-- \/ Yoast SEO plugin. -->","yoast_head_json":{"title":"Integrantes - Lappis 25 anos","robots":{"index":"index","follow":"follow","max-snippet":"max-snippet:-1","max-image-preview":"max-image-preview:large","max-video-preview":"max-video-preview:-1"},"canonical":"https:\/\/lappis.org.br\/site\/integrantes","og_locale":"pt_BR","og_type":"article","og_title":"Integrantes - Lappis 25 anos","og_description":"Listamos aqui os integrantes da Rede Multic\u00eantrica de Pesquisa Incubadora da Integralidade em Sa\u00fade, como resultado de um empreendimento humano e coletivo de incluir participantes das atividades de pesquisa-ensino-extens\u00e3o das institui\u00e7\u00f5es parceiras e genu\u00ednas de [...]","og_url":"https:\/\/lappis.org.br\/site\/integrantes","og_site_name":"Lappis 25 anos","article_modified_time":"2026-02-02T22:42:45+00:00","og_image":[{"width":300,"height":100,"url":"https:\/\/lappis.org.br\/site\/wp-content\/uploads\/2018\/01\/logo-branca.png","type":"image\/png"}],"twitter_card":"summary_large_image","twitter_misc":{"Est. tempo de leitura":"39 minutos"},"schema":{"@context":"https:\/\/schema.org","@graph":[{"@type":"WebPage","@id":"https:\/\/lappis.org.br\/site\/integrantes","url":"https:\/\/lappis.org.br\/site\/integrantes","name":"Integrantes - Lappis 25 anos","isPartOf":{"@id":"https:\/\/lappis.org.br\/site\/#website"},"primaryImageOfPage":{"@id":"https:\/\/lappis.org.br\/site\/integrantes#primaryimage"},"image":{"@id":"https:\/\/lappis.org.br\/site\/integrantes#primaryimage"},"thumbnailUrl":"https:\/\/lappis.org.br\/site\/wp-content\/uploads\/2018\/01\/logo-branca.png","datePublished":"2017-10-16T12:58:41+00:00","dateModified":"2026-02-02T22:42:45+00:00","breadcrumb":{"@id":"https:\/\/lappis.org.br\/site\/integrantes#breadcrumb"},"inLanguage":"pt-BR","potentialAction":[{"@type":"ReadAction","target":["https:\/\/lappis.org.br\/site\/integrantes"]}]},{"@type":"ImageObject","inLanguage":"pt-BR","@id":"https:\/\/lappis.org.br\/site\/integrantes#primaryimage","url":"https:\/\/lappis.org.br\/site\/wp-content\/uploads\/2018\/01\/logo-branca.png","contentUrl":"https:\/\/lappis.org.br\/site\/wp-content\/uploads\/2018\/01\/logo-branca.png","width":300,"height":100},{"@type":"BreadcrumbList","@id":"https:\/\/lappis.org.br\/site\/integrantes#breadcrumb","itemListElement":[{"@type":"ListItem","position":1,"name":"In\u00edcio","item":"https:\/\/lappis.org.br\/site\/"},{"@type":"ListItem","position":2,"name":"Integrantes"}]},{"@type":"WebSite","@id":"https:\/\/lappis.org.br\/site\/#website","url":"https:\/\/lappis.org.br\/site\/","name":"Lappis 25 anos","description":"Labotat\u00f3rio de Pesquisas sobre Pr\u00e1ticas de Integralidade em Sa\u00fade","publisher":{"@id":"https:\/\/lappis.org.br\/site\/#organization"},"potentialAction":[{"@type":"SearchAction","target":{"@type":"EntryPoint","urlTemplate":"https:\/\/lappis.org.br\/site\/?s={search_term_string}"},"query-input":{"@type":"PropertyValueSpecification","valueRequired":true,"valueName":"search_term_string"}}],"inLanguage":"pt-BR"},{"@type":"Organization","@id":"https:\/\/lappis.org.br\/site\/#organization","name":"Lappis 25 anos","url":"https:\/\/lappis.org.br\/site\/","logo":{"@type":"ImageObject","inLanguage":"pt-BR","@id":"https:\/\/lappis.org.br\/site\/#\/schema\/logo\/image\/","url":"https:\/\/lappis.org.br\/site\/wp-content\/uploads\/2025\/03\/logo-lappis25anos.png","contentUrl":"https:\/\/lappis.org.br\/site\/wp-content\/uploads\/2025\/03\/logo-lappis25anos.png","width":388,"height":146,"caption":"Lappis 25 anos"},"image":{"@id":"https:\/\/lappis.org.br\/site\/#\/schema\/logo\/image\/"}}]}},"jetpack_shortlink":"https:\/\/wp.me\/P954Nh-134","jetpack_sharing_enabled":true,"_links":{"self":[{"href":"https:\/\/lappis.org.br\/site\/wp-json\/wp\/v2\/pages\/4034"}],"collection":[{"href":"https:\/\/lappis.org.br\/site\/wp-json\/wp\/v2\/pages"}],"about":[{"href":"https:\/\/lappis.org.br\/site\/wp-json\/wp\/v2\/types\/page"}],"author":[{"embeddable":true,"href":"https:\/\/lappis.org.br\/site\/wp-json\/wp\/v2\/users\/5"}],"replies":[{"embeddable":true,"href":"https:\/\/lappis.org.br\/site\/wp-json\/wp\/v2\/comments?post=4034"}],"version-history":[{"count":268,"href":"https:\/\/lappis.org.br\/site\/wp-json\/wp\/v2\/pages\/4034\/revisions"}],"predecessor-version":[{"id":9485,"href":"https:\/\/lappis.org.br\/site\/wp-json\/wp\/v2\/pages\/4034\/revisions\/9485"}],"wp:featuredmedia":[{"embeddable":true,"href":"https:\/\/lappis.org.br\/site\/wp-json\/wp\/v2\/media\/5302"}],"wp:attachment":[{"href":"https:\/\/lappis.org.br\/site\/wp-json\/wp\/v2\/media?parent=4034"}],"curies":[{"name":"wp","href":"https:\/\/api.w.org\/{rel}","templated":true}]}}