{"id":118,"date":"2011-05-20T13:34:01","date_gmt":"2011-05-20T16:34:01","guid":{"rendered":"http:\/\/lappis.org.br\/site\/2011\/05\/20\/equipe-do-boletin\/"},"modified":"2018-01-12T12:24:58","modified_gmt":"2018-01-12T14:24:58","slug":"comunicacao","status":"publish","type":"page","link":"https:\/\/lappis.org.br\/site\/comunicacao","title":{"rendered":"Comunica\u00e7\u00e3o Lappis"},"content":{"rendered":"<p>Repensar a no\u00e7\u00e3o de integralidade a partir da an\u00e1lise, divulga\u00e7\u00e3o e apoio a experi\u00eancias inovadoras, que \u00e9 o objetivo principal do Laborat\u00f3rio de Pesquisas de Pr\u00e1ticas de Integralidade em Sa\u00fade (LAPPIS), \u00e9 uma atividade multidisciplinar que n\u00e3o se pode dissociar da Comunica\u00e7\u00e3o com seu car\u00e1ter amplo, m\u00faltiplo, fortalecido pelas novas tecnologias e pelo composto de media\u00e7\u00f5es que se transformam a cada dia.<\/p>\n<p>Tendo como base os princ\u00edpios da Comunica\u00e7\u00e3o p\u00fablica, compreendida com sentido mais amplo do que oferecer informa\u00e7\u00e3o, possibilitando o cidad\u00e3o ter pleno conhecimento da informa\u00e7\u00e3o que lhe diz respeito, inclusive aquela que n\u00e3o busca por n\u00e3o saber que existe, a possibilidade de expressar suas posi\u00e7\u00f5es com a certeza de que ser\u00e1 ouvido com interesse e a perspectiva de participar ativamente, de obter orienta\u00e7\u00e3o, educa\u00e7\u00e3o e di\u00e1logo.<\/p>\n<p>A proposta da Comunica\u00e7\u00e3o na Integralidade em Sa\u00fade do Lappis tem\u00a0a comunica\u00e7\u00e3o num sentido dial\u00f3gico, percebendo-se seu papel na promo\u00e7\u00e3o da participa\u00e7\u00e3o e do est\u00edmulo \u00e0 pr\u00e1tica da cidadania. A comunica\u00e7\u00e3o p\u00fablica coloca a centralidade do processo de comunica\u00e7\u00e3o no cidad\u00e3o, n\u00e3o apenas por meio da garantia do direito \u00e0 informa\u00e7\u00e3o e \u00e0 express\u00e3o, mas tamb\u00e9m do di\u00e1logo, do respeito \u00e0s suas caracter\u00edsticas e necessidades, do est\u00edmulo \u00e0 participa\u00e7\u00e3o ativa, racional e co-respons\u00e1vel. Nesse sentido, \u00e9 um bem e um direito de natureza coletiva, envolvendo tudo o que diga respeito a aparato estatal, a\u00e7\u00f5es governamentais, partidos pol\u00edticos, movimentos sociais, empresas p\u00fablicas, terceiro setor e, at\u00e9 mesmo, em certas circunst\u00e2ncias, \u00e0s empresas privadas.<\/p>\n<p>A Comunica\u00e7\u00e3o do Lappis atua com esse objetivo: incentivar a a\u00e7\u00e3o social e as intera\u00e7\u00f5es democr\u00e1ticas entre os sujeitos envolvidos nas pr\u00e1ticas do cuidado da sa\u00fade, utilizando v\u00e1rias ferramentas de comunica\u00e7\u00e3o.<\/p>\n<p>&nbsp;<\/p>\n<p><strong>Ferramentas:<\/strong><\/p>\n<p>Portal Lappis<\/p>\n<p>Portal de Cursos\/Forma\u00e7\u00e3o do Lappis<\/p>\n<p>Multiblog<\/p>\n<p>Fanpage<\/p>\n<p>Twitter<\/p>\n<p>Canal Youtube<\/p>\n<p>Marketing Direto<\/p>\n<p>Livros<\/p>\n<p>Eventos<\/p>\n<p>Comunica\u00e7\u00e3o Institucional<\/p>\n<p>&nbsp;<\/p>\n<p>&nbsp;<\/p>\n<h1>Contato<\/h1>\n<p><strong>Equipe respons\u00e1vel:<\/strong><\/p>\n<ul>\n<li>Mauro Correa Filho \u2013 Design gr\u00e1fico e editora\u00e7\u00e3o eletr\u00f4nica dos livros, banners e cartazes<\/li>\n<li>FW2 Ag\u00eancia Digital\u00a0\u2013\u00a0Desenvolvimento do portal<\/li>\n<\/ul>\n","protected":false},"excerpt":{"rendered":"<div class=\"mh-excerpt\"><p>Repensar a no\u00e7\u00e3o de integralidade a partir da an\u00e1lise, divulga\u00e7\u00e3o e apoio a experi\u00eancias inovadoras, que \u00e9 o objetivo principal do Laborat\u00f3rio de Pesquisas de Pr\u00e1ticas de Integralidade em Sa\u00fade (LAPPIS), \u00e9 uma atividade multidisciplinar <a class=\"mh-excerpt-more\" href=\"https:\/\/lappis.org.br\/site\/comunicacao\" title=\"Comunica\u00e7\u00e3o Lappis\">[&#8230;]<\/a><\/p>\n<\/div>","protected":false},"author":1,"featured_media":116,"parent":0,"menu_order":4,"comment_status":"closed","ping_status":"closed","template":"","meta":{"_acf_changed":false,"_exactmetrics_skip_tracking":false,"_exactmetrics_sitenote_active":false,"_exactmetrics_sitenote_note":"","_exactmetrics_sitenote_category":0,"jetpack_post_was_ever_published":false,"footnotes":""},"class_list":["post-118","page","type-page","status-publish","has-post-thumbnail"],"acf":[],"yoast_head":"<!-- This site is optimized with the Yoast SEO plugin v25.2 - https:\/\/yoast.com\/wordpress\/plugins\/seo\/ -->\n<title>Comunica\u00e7\u00e3o Lappis - Lappis 25 anos<\/title>\n<meta name=\"robots\" content=\"index, follow, max-snippet:-1, max-image-preview:large, max-video-preview:-1\" \/>\n<link rel=\"canonical\" href=\"https:\/\/lappis.org.br\/site\/comunicacao\" \/>\n<meta property=\"og:locale\" content=\"pt_BR\" \/>\n<meta property=\"og:type\" content=\"article\" \/>\n<meta property=\"og:title\" content=\"Comunica\u00e7\u00e3o Lappis - Lappis 25 anos\" \/>\n<meta property=\"og:description\" content=\"Repensar a no\u00e7\u00e3o de integralidade a partir da an\u00e1lise, divulga\u00e7\u00e3o e apoio a experi\u00eancias inovadoras, que \u00e9 o objetivo principal do Laborat\u00f3rio de Pesquisas de Pr\u00e1ticas de Integralidade em Sa\u00fade (LAPPIS), \u00e9 uma atividade multidisciplinar [...]\" \/>\n<meta property=\"og:url\" content=\"https:\/\/lappis.org.br\/site\/comunicacao\" \/>\n<meta property=\"og:site_name\" content=\"Lappis 25 anos\" \/>\n<meta property=\"article:modified_time\" content=\"2018-01-12T14:24:58+00:00\" \/>\n<meta property=\"og:image\" content=\"https:\/\/lappis.org.br\/site\/wp-content\/uploads\/2011\/05\/bg_vitruvian_davinci4.jpg\" \/>\n\t<meta property=\"og:image:width\" content=\"599\" \/>\n\t<meta property=\"og:image:height\" content=\"728\" \/>\n\t<meta property=\"og:image:type\" content=\"image\/jpeg\" \/>\n<meta name=\"twitter:card\" content=\"summary_large_image\" \/>\n<meta name=\"twitter:label1\" content=\"Est. tempo de leitura\" \/>\n\t<meta name=\"twitter:data1\" content=\"2 minutos\" \/>\n<script type=\"application\/ld+json\" class=\"yoast-schema-graph\">{\"@context\":\"https:\/\/schema.org\",\"@graph\":[{\"@type\":\"WebPage\",\"@id\":\"https:\/\/lappis.org.br\/site\/comunicacao\",\"url\":\"https:\/\/lappis.org.br\/site\/comunicacao\",\"name\":\"Comunica\u00e7\u00e3o Lappis - Lappis 25 anos\",\"isPartOf\":{\"@id\":\"https:\/\/lappis.org.br\/site\/#website\"},\"primaryImageOfPage\":{\"@id\":\"https:\/\/lappis.org.br\/site\/comunicacao#primaryimage\"},\"image\":{\"@id\":\"https:\/\/lappis.org.br\/site\/comunicacao#primaryimage\"},\"thumbnailUrl\":\"https:\/\/lappis.org.br\/site\/wp-content\/uploads\/2011\/05\/bg_vitruvian_davinci4.jpg\",\"datePublished\":\"2011-05-20T16:34:01+00:00\",\"dateModified\":\"2018-01-12T14:24:58+00:00\",\"breadcrumb\":{\"@id\":\"https:\/\/lappis.org.br\/site\/comunicacao#breadcrumb\"},\"inLanguage\":\"pt-BR\",\"potentialAction\":[{\"@type\":\"ReadAction\",\"target\":[\"https:\/\/lappis.org.br\/site\/comunicacao\"]}]},{\"@type\":\"ImageObject\",\"inLanguage\":\"pt-BR\",\"@id\":\"https:\/\/lappis.org.br\/site\/comunicacao#primaryimage\",\"url\":\"https:\/\/lappis.org.br\/site\/wp-content\/uploads\/2011\/05\/bg_vitruvian_davinci4.jpg\",\"contentUrl\":\"https:\/\/lappis.org.br\/site\/wp-content\/uploads\/2011\/05\/bg_vitruvian_davinci4.jpg\",\"width\":599,\"height\":728,\"caption\":\"alt\"},{\"@type\":\"BreadcrumbList\",\"@id\":\"https:\/\/lappis.org.br\/site\/comunicacao#breadcrumb\",\"itemListElement\":[{\"@type\":\"ListItem\",\"position\":1,\"name\":\"In\u00edcio\",\"item\":\"https:\/\/lappis.org.br\/site\/\"},{\"@type\":\"ListItem\",\"position\":2,\"name\":\"Comunica\u00e7\u00e3o Lappis\"}]},{\"@type\":\"WebSite\",\"@id\":\"https:\/\/lappis.org.br\/site\/#website\",\"url\":\"https:\/\/lappis.org.br\/site\/\",\"name\":\"Lappis 25 anos\",\"description\":\"Labotat\u00f3rio de Pesquisas sobre Pr\u00e1ticas de Integralidade em Sa\u00fade\",\"publisher\":{\"@id\":\"https:\/\/lappis.org.br\/site\/#organization\"},\"potentialAction\":[{\"@type\":\"SearchAction\",\"target\":{\"@type\":\"EntryPoint\",\"urlTemplate\":\"https:\/\/lappis.org.br\/site\/?s={search_term_string}\"},\"query-input\":{\"@type\":\"PropertyValueSpecification\",\"valueRequired\":true,\"valueName\":\"search_term_string\"}}],\"inLanguage\":\"pt-BR\"},{\"@type\":\"Organization\",\"@id\":\"https:\/\/lappis.org.br\/site\/#organization\",\"name\":\"Lappis 25 anos\",\"url\":\"https:\/\/lappis.org.br\/site\/\",\"logo\":{\"@type\":\"ImageObject\",\"inLanguage\":\"pt-BR\",\"@id\":\"https:\/\/lappis.org.br\/site\/#\/schema\/logo\/image\/\",\"url\":\"https:\/\/lappis.org.br\/site\/wp-content\/uploads\/2025\/03\/logo-lappis25anos.png\",\"contentUrl\":\"https:\/\/lappis.org.br\/site\/wp-content\/uploads\/2025\/03\/logo-lappis25anos.png\",\"width\":388,\"height\":146,\"caption\":\"Lappis 25 anos\"},\"image\":{\"@id\":\"https:\/\/lappis.org.br\/site\/#\/schema\/logo\/image\/\"}}]}<\/script>\n<!-- \/ Yoast SEO plugin. -->","yoast_head_json":{"title":"Comunica\u00e7\u00e3o Lappis - Lappis 25 anos","robots":{"index":"index","follow":"follow","max-snippet":"max-snippet:-1","max-image-preview":"max-image-preview:large","max-video-preview":"max-video-preview:-1"},"canonical":"https:\/\/lappis.org.br\/site\/comunicacao","og_locale":"pt_BR","og_type":"article","og_title":"Comunica\u00e7\u00e3o Lappis - Lappis 25 anos","og_description":"Repensar a no\u00e7\u00e3o de integralidade a partir da an\u00e1lise, divulga\u00e7\u00e3o e apoio a experi\u00eancias inovadoras, que \u00e9 o objetivo principal do Laborat\u00f3rio de Pesquisas de Pr\u00e1ticas de Integralidade em Sa\u00fade (LAPPIS), \u00e9 uma atividade multidisciplinar [...]","og_url":"https:\/\/lappis.org.br\/site\/comunicacao","og_site_name":"Lappis 25 anos","article_modified_time":"2018-01-12T14:24:58+00:00","og_image":[{"width":599,"height":728,"url":"https:\/\/lappis.org.br\/site\/wp-content\/uploads\/2011\/05\/bg_vitruvian_davinci4.jpg","type":"image\/jpeg"}],"twitter_card":"summary_large_image","twitter_misc":{"Est. tempo de leitura":"2 minutos"},"schema":{"@context":"https:\/\/schema.org","@graph":[{"@type":"WebPage","@id":"https:\/\/lappis.org.br\/site\/comunicacao","url":"https:\/\/lappis.org.br\/site\/comunicacao","name":"Comunica\u00e7\u00e3o Lappis - Lappis 25 anos","isPartOf":{"@id":"https:\/\/lappis.org.br\/site\/#website"},"primaryImageOfPage":{"@id":"https:\/\/lappis.org.br\/site\/comunicacao#primaryimage"},"image":{"@id":"https:\/\/lappis.org.br\/site\/comunicacao#primaryimage"},"thumbnailUrl":"https:\/\/lappis.org.br\/site\/wp-content\/uploads\/2011\/05\/bg_vitruvian_davinci4.jpg","datePublished":"2011-05-20T16:34:01+00:00","dateModified":"2018-01-12T14:24:58+00:00","breadcrumb":{"@id":"https:\/\/lappis.org.br\/site\/comunicacao#breadcrumb"},"inLanguage":"pt-BR","potentialAction":[{"@type":"ReadAction","target":["https:\/\/lappis.org.br\/site\/comunicacao"]}]},{"@type":"ImageObject","inLanguage":"pt-BR","@id":"https:\/\/lappis.org.br\/site\/comunicacao#primaryimage","url":"https:\/\/lappis.org.br\/site\/wp-content\/uploads\/2011\/05\/bg_vitruvian_davinci4.jpg","contentUrl":"https:\/\/lappis.org.br\/site\/wp-content\/uploads\/2011\/05\/bg_vitruvian_davinci4.jpg","width":599,"height":728,"caption":"alt"},{"@type":"BreadcrumbList","@id":"https:\/\/lappis.org.br\/site\/comunicacao#breadcrumb","itemListElement":[{"@type":"ListItem","position":1,"name":"In\u00edcio","item":"https:\/\/lappis.org.br\/site\/"},{"@type":"ListItem","position":2,"name":"Comunica\u00e7\u00e3o Lappis"}]},{"@type":"WebSite","@id":"https:\/\/lappis.org.br\/site\/#website","url":"https:\/\/lappis.org.br\/site\/","name":"Lappis 25 anos","description":"Labotat\u00f3rio de Pesquisas sobre Pr\u00e1ticas de Integralidade em Sa\u00fade","publisher":{"@id":"https:\/\/lappis.org.br\/site\/#organization"},"potentialAction":[{"@type":"SearchAction","target":{"@type":"EntryPoint","urlTemplate":"https:\/\/lappis.org.br\/site\/?s={search_term_string}"},"query-input":{"@type":"PropertyValueSpecification","valueRequired":true,"valueName":"search_term_string"}}],"inLanguage":"pt-BR"},{"@type":"Organization","@id":"https:\/\/lappis.org.br\/site\/#organization","name":"Lappis 25 anos","url":"https:\/\/lappis.org.br\/site\/","logo":{"@type":"ImageObject","inLanguage":"pt-BR","@id":"https:\/\/lappis.org.br\/site\/#\/schema\/logo\/image\/","url":"https:\/\/lappis.org.br\/site\/wp-content\/uploads\/2025\/03\/logo-lappis25anos.png","contentUrl":"https:\/\/lappis.org.br\/site\/wp-content\/uploads\/2025\/03\/logo-lappis25anos.png","width":388,"height":146,"caption":"Lappis 25 anos"},"image":{"@id":"https:\/\/lappis.org.br\/site\/#\/schema\/logo\/image\/"}}]}},"jetpack_shortlink":"https:\/\/wp.me\/P954Nh-1U","jetpack_sharing_enabled":true,"_links":{"self":[{"href":"https:\/\/lappis.org.br\/site\/wp-json\/wp\/v2\/pages\/118"}],"collection":[{"href":"https:\/\/lappis.org.br\/site\/wp-json\/wp\/v2\/pages"}],"about":[{"href":"https:\/\/lappis.org.br\/site\/wp-json\/wp\/v2\/types\/page"}],"author":[{"embeddable":true,"href":"https:\/\/lappis.org.br\/site\/wp-json\/wp\/v2\/users\/1"}],"replies":[{"embeddable":true,"href":"https:\/\/lappis.org.br\/site\/wp-json\/wp\/v2\/comments?post=118"}],"version-history":[{"count":5,"href":"https:\/\/lappis.org.br\/site\/wp-json\/wp\/v2\/pages\/118\/revisions"}],"predecessor-version":[{"id":5391,"href":"https:\/\/lappis.org.br\/site\/wp-json\/wp\/v2\/pages\/118\/revisions\/5391"}],"wp:featuredmedia":[{"embeddable":true,"href":"https:\/\/lappis.org.br\/site\/wp-json\/wp\/v2\/media\/116"}],"wp:attachment":[{"href":"https:\/\/lappis.org.br\/site\/wp-json\/wp\/v2\/media?parent=118"}],"curies":[{"name":"wp","href":"https:\/\/api.w.org\/{rel}","templated":true}]}}